{"id":1206,"date":"2017-08-04T09:11:26","date_gmt":"2017-08-04T09:11:26","guid":{"rendered":"http:\/\/feriadeteatro.es\/webmovil\/?page_id=8"},"modified":"2021-12-14T18:29:51","modified_gmt":"2021-12-14T18:29:51","slug":"descripcion-y-objetivos","status":"publish","type":"page","link":"https:\/\/www.feriadeteatro.com\/feria2022\/descripcion-y-objetivos\/","title":{"rendered":"Descripci\u00f3n y objetivos"},"content":{"rendered":"<p><div class=\"fusion-fullwidth fullwidth-box fusion-builder-row-1 fusion-flex-container nonhundred-percent-fullwidth non-hundred-percent-height-scrolling\" style=\"background-color: #dddddd;background-position: center center;background-repeat: no-repeat;border-width: 0px 0px 0px 0px;border-color:#eae9e9;border-style:solid;\" ><div class=\"fusion-builder-row fusion-row fusion-flex-align-items-flex-start\" style=\"max-width:1216.8px;margin-left: calc(-4% \/ 2 );margin-right: calc(-4% \/ 2 );\"><div class=\"fusion-layout-column fusion_builder_column fusion-builder-column-0 fusion_builder_column_1_1 1_1 fusion-flex-column\"><div class=\"fusion-column-wrapper fusion-flex-justify-content-center fusion-content-layout-column\" style=\"background-position:left top;background-repeat:no-repeat;-webkit-background-size:cover;-moz-background-size:cover;-o-background-size:cover;background-size:cover;padding: 0px 0px 0px 0px;\"><style type=\"text\/css\">@media only screen and (max-width:1024px) {.fusion-title.fusion-title-1{margin-top:0px!important;margin-bottom:0px!important;}}<\/style><div class=\"fusion-title title fusion-title-1 fusion-title-text fusion-title-size-three\" style=\"margin-top:0px;margin-bottom:0px;\"><div class=\"title-sep-container title-sep-container-left fusion-no-large-visibility fusion-no-medium-visibility fusion-no-small-visibility\"><div class=\"title-sep sep-single sep-dashed\" style=\"border-color:#f46f72;\"><\/div><\/div><h3 class=\"title-heading-left\" style=\"margin:0;\"><h3>La Feria<\/h3><\/h3><div class=\"title-sep-container title-sep-container-right\"><div class=\"title-sep sep-single sep-dashed\" style=\"border-color:#f46f72;\"><\/div><\/div><\/div><\/div><\/div><style type=\"text\/css\">.fusion-body .fusion-builder-column-0{width:100% !important;margin-top : 0px;margin-bottom : 0px;}.fusion-builder-column-0 > .fusion-column-wrapper {padding-top : 0px !important;padding-right : 0px !important;margin-right : 1.92%;padding-bottom : 0px !important;padding-left : 0px !important;margin-left : 1.92%;}@media only screen and (max-width:1024px) {.fusion-body .fusion-builder-column-0{width:100% !important;}.fusion-builder-column-0 > .fusion-column-wrapper {margin-right : 1.92%;margin-left : 1.92%;}}@media only screen and (max-width:640px) {.fusion-body .fusion-builder-column-0{width:100% !important;}.fusion-builder-column-0 > .fusion-column-wrapper {margin-right : 1.92%;margin-left : 1.92%;}}<\/style><div class=\"fusion-layout-column fusion_builder_column fusion-builder-column-1 fusion_builder_column_1_6 1_6 fusion-flex-column\"><div class=\"fusion-column-wrapper fusion-flex-justify-content-center fusion-content-layout-column\" style=\"background-position:left top;background-repeat:no-repeat;-webkit-background-size:cover;-moz-background-size:cover;-o-background-size:cover;background-size:cover;padding: 0px 0px 0px 0px;\"><div style=\"text-align:center;\"><span class=\" fusion-imageframe imageframe-none imageframe-1 hover-type-none\"><a class=\"fusion-no-lightbox\" href=\"https:\/\/feriadeteatro.com\/feria2022\/descripcion-y-objetivos\/\" target=\"_self\" aria-label=\"botonLaFeriadescripcion\"><img decoding=\"async\" width=\"141\" height=\"141\" src=\"https:\/\/feriadeteatro.com\/feria2019\/wp-content\/uploads\/2019\/07\/botonLaFeriadescripcion.jpg\" class=\"img-responsive wp-image-2199\" srcset=\"https:\/\/www.feriadeteatro.com\/feria2022\/wp-content\/uploads\/2019\/07\/botonLaFeriadescripcion-66x66.jpg 66w, https:\/\/www.feriadeteatro.com\/feria2022\/wp-content\/uploads\/2019\/07\/botonLaFeriadescripcion.jpg 141w\" sizes=\"(max-width: 141px) 100vw, 141px\" \/><\/a><\/span><\/div><\/div><\/div><style type=\"text\/css\">.fusion-body .fusion-builder-column-1{width:16.666666666667% !important;margin-top : 0px;margin-bottom : 0px;}.fusion-builder-column-1 > .fusion-column-wrapper {padding-top : 0px !important;padding-right : 0px !important;margin-right : 11.52%;padding-bottom : 0px !important;padding-left : 0px !important;margin-left : 11.52%;}@media only screen and (max-width:1024px) {.fusion-body .fusion-builder-column-1{width:100% !important;}.fusion-builder-column-1 > .fusion-column-wrapper {margin-right : 1.92%;margin-left : 1.92%;}}@media only screen and (max-width:640px) {.fusion-body .fusion-builder-column-1{width:100% !important;}.fusion-builder-column-1 > .fusion-column-wrapper {margin-right : 1.92%;margin-left : 1.92%;}}<\/style><div class=\"fusion-layout-column fusion_builder_column fusion-builder-column-2 fusion_builder_column_1_6 1_6 fusion-flex-column\"><div class=\"fusion-column-wrapper fusion-flex-justify-content-flex-start fusion-content-layout-column\" style=\"background-position:left top;background-repeat:no-repeat;-webkit-background-size:cover;-moz-background-size:cover;-o-background-size:cover;background-size:cover;padding: 0px 0px 0px 0px;\"><div style=\"text-align:center;\"><span class=\" fusion-imageframe imageframe-none imageframe-2 hover-type-none\"><a class=\"fusion-no-lightbox\" href=\"https:\/\/feriadeteatro.com\/feria2022\/espacios-de-feria\/\" target=\"_self\" aria-label=\"botonLaFeriaespacios\"><img decoding=\"async\" width=\"141\" height=\"141\" src=\"https:\/\/feriadeteatro.com\/feria2019\/wp-content\/uploads\/2019\/07\/botonLaFeriaespacios.jpg\" class=\"img-responsive wp-image-2202\" srcset=\"https:\/\/www.feriadeteatro.com\/feria2022\/wp-content\/uploads\/2019\/07\/botonLaFeriaespacios-66x66.jpg 66w, https:\/\/www.feriadeteatro.com\/feria2022\/wp-content\/uploads\/2019\/07\/botonLaFeriaespacios.jpg 141w\" sizes=\"(max-width: 141px) 100vw, 141px\" \/><\/a><\/span><\/div><\/div><\/div><style type=\"text\/css\">.fusion-body .fusion-builder-column-2{width:16.666666666667% !important;margin-top : 0px;margin-bottom : 0px;}.fusion-builder-column-2 > .fusion-column-wrapper {padding-top : 0px !important;padding-right : 0px !important;margin-right : 11.52%;padding-bottom : 0px !important;padding-left : 0px !important;margin-left : 11.52%;}@media only screen and (max-width:1024px) {.fusion-body .fusion-builder-column-2{width:100% !important;}.fusion-builder-column-2 > .fusion-column-wrapper {margin-right : 1.92%;margin-left : 1.92%;}}@media only screen and (max-width:640px) {.fusion-body .fusion-builder-column-2{width:100% !important;}.fusion-builder-column-2 > .fusion-column-wrapper {margin-right : 1.92%;margin-left : 1.92%;}}<\/style><div class=\"fusion-layout-column fusion_builder_column fusion-builder-column-3 fusion_builder_column_1_6 1_6 fusion-flex-column\"><div class=\"fusion-column-wrapper fusion-flex-justify-content-flex-start fusion-content-layout-column\" style=\"background-position:left top;background-repeat:no-repeat;-webkit-background-size:cover;-moz-background-size:cover;-o-background-size:cover;background-size:cover;padding: 0px 0px 0px 0px;\"><div style=\"text-align:center;\"><span class=\" fusion-imageframe imageframe-none imageframe-3 hover-type-none\"><a class=\"fusion-no-lightbox\" href=\"https:\/\/feriadeteatro.com\/feria2022\/organizacion\/\" target=\"_self\" aria-label=\"botonLaFeriaorganizacion\"><img decoding=\"async\" width=\"141\" height=\"141\" src=\"https:\/\/feriadeteatro.com\/feria2019\/wp-content\/uploads\/2019\/07\/botonLaFeriaorganizacion.jpg\" class=\"img-responsive wp-image-2204\" srcset=\"https:\/\/www.feriadeteatro.com\/feria2022\/wp-content\/uploads\/2019\/07\/botonLaFeriaorganizacion-66x66.jpg 66w, https:\/\/www.feriadeteatro.com\/feria2022\/wp-content\/uploads\/2019\/07\/botonLaFeriaorganizacion.jpg 141w\" sizes=\"(max-width: 141px) 100vw, 141px\" \/><\/a><\/span><\/div><\/div><\/div><style type=\"text\/css\">.fusion-body .fusion-builder-column-3{width:16.666666666667% !important;margin-top : 0px;margin-bottom : 0px;}.fusion-builder-column-3 > .fusion-column-wrapper {padding-top : 0px !important;padding-right : 0px !important;margin-right : 11.52%;padding-bottom : 0px !important;padding-left : 0px !important;margin-left : 11.52%;}@media only screen and (max-width:1024px) {.fusion-body .fusion-builder-column-3{width:100% !important;}.fusion-builder-column-3 > .fusion-column-wrapper {margin-right : 1.92%;margin-left : 1.92%;}}@media only screen and (max-width:640px) {.fusion-body .fusion-builder-column-3{width:100% !important;}.fusion-builder-column-3 > .fusion-column-wrapper {margin-right : 1.92%;margin-left : 1.92%;}}<\/style><div class=\"fusion-layout-column fusion_builder_column fusion-builder-column-4 fusion_builder_column_1_6 1_6 fusion-flex-column\"><div class=\"fusion-column-wrapper fusion-flex-justify-content-flex-start fusion-content-layout-column\" style=\"background-position:left top;background-repeat:no-repeat;-webkit-background-size:cover;-moz-background-size:cover;-o-background-size:cover;background-size:cover;padding: 0px 0px 0px 0px;\"><div style=\"text-align:center;\"><span class=\" fusion-imageframe imageframe-none imageframe-4 hover-type-none\"><a class=\"fusion-no-lightbox\" href=\"https:\/\/feriadeteatro.com\/feria2022\/equipo-de-gestion\/\" target=\"_self\" aria-label=\"botonLaFeriaequipo\"><img decoding=\"async\" width=\"141\" height=\"141\" src=\"https:\/\/feriadeteatro.com\/feria2019\/wp-content\/uploads\/2019\/07\/botonLaFeriaequipo.jpg\" class=\"img-responsive wp-image-2201\" srcset=\"https:\/\/www.feriadeteatro.com\/feria2022\/wp-content\/uploads\/2019\/07\/botonLaFeriaequipo-66x66.jpg 66w, https:\/\/www.feriadeteatro.com\/feria2022\/wp-content\/uploads\/2019\/07\/botonLaFeriaequipo.jpg 141w\" sizes=\"(max-width: 141px) 100vw, 141px\" \/><\/a><\/span><\/div><\/div><\/div><style type=\"text\/css\">.fusion-body .fusion-builder-column-4{width:16.666666666667% !important;margin-top : 0px;margin-bottom : 0px;}.fusion-builder-column-4 > .fusion-column-wrapper {padding-top : 0px !important;padding-right : 0px !important;margin-right : 11.52%;padding-bottom : 0px !important;padding-left : 0px !important;margin-left : 11.52%;}@media only screen and (max-width:1024px) {.fusion-body .fusion-builder-column-4{width:100% !important;}.fusion-builder-column-4 > .fusion-column-wrapper {margin-right : 1.92%;margin-left : 1.92%;}}@media only screen and (max-width:640px) {.fusion-body .fusion-builder-column-4{width:100% !important;}.fusion-builder-column-4 > .fusion-column-wrapper {margin-right : 1.92%;margin-left : 1.92%;}}<\/style><div class=\"fusion-layout-column fusion_builder_column fusion-builder-column-5 fusion_builder_column_1_6 1_6 fusion-flex-column\"><div class=\"fusion-column-wrapper fusion-flex-justify-content-flex-start fusion-content-layout-column\" style=\"background-position:left top;background-repeat:no-repeat;-webkit-background-size:cover;-moz-background-size:cover;-o-background-size:cover;background-size:cover;padding: 0px 0px 0px 0px;\"><div style=\"text-align:center;\"><span class=\" fusion-imageframe imageframe-none imageframe-5 hover-type-none\"><a class=\"fusion-no-lightbox\" href=\"https:\/\/feriadeteatro.com\/feria2022\/fundadores\/\" target=\"_self\" aria-label=\"botonLaFeriaFundadores\"><img decoding=\"async\" width=\"141\" height=\"141\" src=\"https:\/\/feriadeteatro.com\/feria2019\/wp-content\/uploads\/2019\/07\/botonLaFeriaFundadores.jpg\" class=\"img-responsive wp-image-2203\" srcset=\"https:\/\/www.feriadeteatro.com\/feria2022\/wp-content\/uploads\/2019\/07\/botonLaFeriaFundadores-66x66.jpg 66w, https:\/\/www.feriadeteatro.com\/feria2022\/wp-content\/uploads\/2019\/07\/botonLaFeriaFundadores.jpg 141w\" sizes=\"(max-width: 141px) 100vw, 141px\" \/><\/a><\/span><\/div><\/div><\/div><style type=\"text\/css\">.fusion-body .fusion-builder-column-5{width:16.666666666667% !important;margin-top : 0px;margin-bottom : 0px;}.fusion-builder-column-5 > .fusion-column-wrapper {padding-top : 0px !important;padding-right : 0px !important;margin-right : 11.52%;padding-bottom : 0px !important;padding-left : 0px !important;margin-left : 11.52%;}@media only screen and (max-width:1024px) {.fusion-body .fusion-builder-column-5{width:100% !important;}.fusion-builder-column-5 > .fusion-column-wrapper {margin-right : 1.92%;margin-left : 1.92%;}}@media only screen and (max-width:640px) {.fusion-body .fusion-builder-column-5{width:100% !important;}.fusion-builder-column-5 > .fusion-column-wrapper {margin-right : 1.92%;margin-left : 1.92%;}}<\/style><div class=\"fusion-layout-column fusion_builder_column fusion-builder-column-6 fusion_builder_column_1_6 1_6 fusion-flex-column\"><div class=\"fusion-column-wrapper fusion-flex-justify-content-flex-start fusion-content-layout-column\" style=\"background-position:left top;background-repeat:no-repeat;-webkit-background-size:cover;-moz-background-size:cover;-o-background-size:cover;background-size:cover;padding: 0px 0px 0px 0px;\"><div style=\"text-align:center;\"><span class=\" fusion-imageframe imageframe-none imageframe-6 hover-type-none\"><a class=\"fusion-no-lightbox\" href=\"https:\/\/feriadeteatro.com\/feria2022\/ediciones-anteriores\/\" target=\"_self\" aria-label=\"botonLaFeriaedicionesanteriores\"><img decoding=\"async\" width=\"141\" height=\"141\" src=\"https:\/\/feriadeteatro.com\/feria2019\/wp-content\/uploads\/2019\/07\/botonLaFeriaedicionesanteriores.jpg\" class=\"img-responsive wp-image-2200\" srcset=\"https:\/\/www.feriadeteatro.com\/feria2022\/wp-content\/uploads\/2019\/07\/botonLaFeriaedicionesanteriores-66x66.jpg 66w, https:\/\/www.feriadeteatro.com\/feria2022\/wp-content\/uploads\/2019\/07\/botonLaFeriaedicionesanteriores.jpg 141w\" sizes=\"(max-width: 141px) 100vw, 141px\" \/><\/a><\/span><\/div><\/div><\/div><style type=\"text\/css\">.fusion-body .fusion-builder-column-6{width:16.666666666667% !important;margin-top : 0px;margin-bottom : 0px;}.fusion-builder-column-6 > .fusion-column-wrapper {padding-top : 0px !important;padding-right : 0px !important;margin-right : 11.52%;padding-bottom : 0px !important;padding-left : 0px !important;margin-left : 11.52%;}@media only screen and (max-width:1024px) {.fusion-body .fusion-builder-column-6{width:100% !important;}.fusion-builder-column-6 > .fusion-column-wrapper {margin-right : 1.92%;margin-left : 1.92%;}}@media only screen and (max-width:640px) {.fusion-body .fusion-builder-column-6{width:100% !important;}.fusion-builder-column-6 > .fusion-column-wrapper {margin-right : 1.92%;margin-left : 1.92%;}}<\/style><\/div><style type=\"text\/css\">.fusion-body .fusion-flex-container.fusion-builder-row-1{ padding-top : 20px;margin-top : -20;padding-right : 10px;padding-bottom : 20px;margin-bottom : 0;padding-left : 10px;}<\/style><\/div>\n<div class=\"fusion-fullwidth fullwidth-box fusion-builder-row-2 nonhundred-percent-fullwidth non-hundred-percent-height-scrolling\" style=\"background-color: rgba(255,255,255,0);background-position: center center;background-repeat: no-repeat;padding-top:0px;padding-right:0px;padding-bottom:0px;padding-left:0px;margin-bottom: 0px;margin-top: 0px;border-width: 0px 0px 0px 0px;border-color:#eae9e9;border-style:solid;\" ><div class=\"fusion-builder-row fusion-row\"><div class=\"fusion-layout-column fusion_builder_column fusion-builder-column-7 fusion_builder_column_1_1 1_1 fusion-one-full fusion-column-first fusion-column-last\" style=\"margin-top:0px;margin-bottom:0px;\"><div class=\"fusion-column-wrapper fusion-flex-column-wrapper-legacy\" style=\"background-position:left top;background-repeat:no-repeat;-webkit-background-size:cover;-moz-background-size:cover;-o-background-size:cover;background-size:cover;padding: 0px 0px 0px 0px;\"><div class=\"fusion-sep-clear\"><\/div><div class=\"fusion-separator fusion-full-width-sep\" style=\"margin-left: auto;margin-right: auto;margin-top:10px;margin-bottom:10px;width:100%;\"><div class=\"fusion-separator-border sep-double\" style=\"border-color:#ffffff;border-top-width:0px;border-bottom-width:0px;\"><\/div><\/div><div class=\"fusion-sep-clear\"><\/div><div class=\"fusion-text fusion-text-1\" style=\"transform:translate3d(0,0,0);\"><h2><span style=\"color: #808080;\">Descripci\u00f3n y Objetivos<\/span><\/h2>\n<\/div><div class=\"fusion-sep-clear\"><\/div><div class=\"fusion-separator fusion-full-width-sep\" style=\"margin-left: auto;margin-right: auto;width:100%;\"><div class=\"fusion-separator-border sep-single sep-solid\" style=\"border-color:#c1c1bf;border-top-width:1px;\"><\/div><\/div><div class=\"fusion-sep-clear\"><\/div><div class=\"fusion-clearfix\"><\/div><\/div><\/div><div class=\"fusion-layout-column fusion_builder_column fusion-builder-column-8 fusion_builder_column_1_3 1_3 fusion-one-third fusion-column-first\" style=\"width:30.6666%; margin-right: 4%;margin-top:0px;margin-bottom:0px;\"><div class=\"fusion-column-wrapper fusion-flex-column-wrapper-legacy\" style=\"background-position:left top;background-repeat:no-repeat;-webkit-background-size:cover;-moz-background-size:cover;-o-background-size:cover;background-size:cover;padding: 0px 0px 0px 0px;\"><div class=\"fusion-text fusion-text-2\" style=\"transform:translate3d(0,0,0);\"><p style=\"text-align: justify;\">La Feria de Teatro de Castilla y Le\u00f3n-Ciudad Rodrigo es un evento cultural que se desarrolla a lo largo de cinco d\u00edas durante la \u00faltima semana de agosto, dise\u00f1ando una programaci\u00f3n diversificada y novedosa, destinada a profesionales de las artes esc\u00e9nicas y a todos los segmentos de p\u00fablico. Es un mercado en el que se facilita el encuentro entre compradores (programadores culturales, agentes, gestores\u2026) y vendedores (distribuidores, compa\u00f1\u00edas,\u2026) que se desarrolla en un territorio particular, el suroeste de Castilla y Le\u00f3n.<\/p>\n<p style=\"text-align: justify;\">En Ciudad Rodrigo se programan de treinta a treinta y cinco compa\u00f1\u00edas que muestran sus espect\u00e1culos en vivo; para que de forma concentrada los programadores y agentes culturales puedan conocer una selecci\u00f3n de las propuestas esc\u00e9nicas m\u00e1s recientes y que generalmente no hayan sido vistas en otras ferias, festivales o circuitos de programaci\u00f3n. El p\u00fablico viene respaldando las acciones de la Feria de Teatro desde la primera edici\u00f3n, y se convierte en una herramienta m\u00e1s para los profesionales que pueden comprobar la aceptaci\u00f3n de los espect\u00e1culos por parte de los espectadores.<\/p>\n<p style=\"text-align: justify;\">La Feria acoge g\u00e9neros esc\u00e9nicos y formatos de todo tipo, programando casi un tercio de los espect\u00e1culos de artes de calle y el resto en espacios cerrados. Adem\u00e1s las franjas de programaci\u00f3n de las ma\u00f1anas est\u00e1n destinadas a espect\u00e1culos para p\u00fablico infantil y familiar, y a programas de animaci\u00f3n teatral infantil y juvenil; complementando toda la programaci\u00f3n una completa propuesta de actividades paralelas.<\/p>\n<\/div><div class=\"fusion-clearfix\"><\/div><\/div><\/div><div class=\"fusion-layout-column fusion_builder_column fusion-builder-column-9 fusion_builder_column_2_3 2_3 fusion-two-third fusion-column-last\" style=\"width:65.3333%;margin-top:0px;margin-bottom:0px;\"><div class=\"fusion-column-wrapper fusion-flex-column-wrapper-legacy\" style=\"background-position:left top;background-repeat:no-repeat;-webkit-background-size:cover;-moz-background-size:cover;-o-background-size:cover;background-size:cover;padding: 0px 0px 0px 0px;\"><div class=\"fusion-text fusion-text-3\" style=\"transform:translate3d(0,0,0);\"><h3 style=\"text-align: justify;\"><strong>Las principales finalidades y objetivos de esta iniciativa<\/strong><\/h3>\n<p style=\"text-align: justify;\">La Feria de Teatro de Castilla y Le\u00f3n es una iniciativa consolidada que pretende:<\/p>\n<ul>\n<li style=\"text-align: justify;\">Polarizar iniciativas de mercado en el sector profesional de las artes esc\u00e9nicas de forma prioritaria en el occidente peninsular.<\/li>\n<li style=\"text-align: justify;\">Ofrecer una programaci\u00f3n variada, de calidad, multidisciplinar y reciente; que dinamice la promoci\u00f3n de las artes esc\u00e9nicas en todos los sentidos, tanto en el \u00e1mbito profesional como en el ciudadano.<\/li>\n<li style=\"text-align: justify;\">Crear un espacio, un escaparate, para que las compa\u00f1\u00edas profesionales puedan mostrar sus trabajos y dotarlos de visibilidad en el mercado.<\/li>\n<li style=\"text-align: justify;\">Facilitar la comunicaci\u00f3n, intercambio y la creaci\u00f3n de oportunidades de comercializaci\u00f3n entre los diferentes agentes del sector.<\/li>\n<li style=\"text-align: justify;\">Poner en valor las \u00faltimas producciones esc\u00e9nicas de empresas de los territorios prioritarios, y de forma expresa las de Castilla y Le\u00f3n.<\/li>\n<li style=\"text-align: justify;\">Generar un escaparate concentrado en el tiempo, pero amplio en las propuestas esc\u00e9nicas, formatos, g\u00e9neros y p\u00fablicos que se convierta en herramienta de conocimiento de mercado y selecci\u00f3n para los profesionales inscritos.<\/li>\n<li style=\"text-align: justify;\">Dinamizar la poblaci\u00f3n desde una iniciativa ligada a las industrias culturales y creativas, generando sinergias de promoci\u00f3n educativa, cultural, econ\u00f3mica y tur\u00edstica.<\/li>\n<li style=\"text-align: justify;\">Estimular iniciativas de cooperaci\u00f3n e intercambio entre los profesionales asistentes, tanto en el marco de la creaci\u00f3n, como en el de la distribuci\u00f3n y la comercializaci\u00f3n.<\/li>\n<li style=\"text-align: justify;\">Favorecer acciones que contribuyan a la internacionalizaci\u00f3n de las artes esc\u00e9nicas del occidente peninsular.<\/li>\n<li style=\"text-align: justify;\">Reivindicar el papel de las creaciones art\u00edsticas en nuestra sociedad contempor\u00e1nea, su influencia sociocultural y su importancia socioecon\u00f3mica.<\/li>\n<li style=\"text-align: justify;\">Motivar la creaci\u00f3n de nuevos p\u00fablicos.<\/li>\n<li style=\"text-align: justify;\">Generar un marco de encuentro profesional que facilite el an\u00e1lisis, la reflexi\u00f3n, la formaci\u00f3n y la comunicaci\u00f3n de forma conjunta y estable.<\/li>\n<li style=\"text-align: justify;\">Contribuir a la promoci\u00f3n exterior de Ciudad Rodrigo y su \u00e1mbito de influencia.<\/li>\n<\/ul>\n<\/div><div class=\"fusion-clearfix\"><\/div><\/div><\/div><\/div><\/div><\/p>\n","protected":false},"excerpt":{"rendered":"","protected":false},"author":1,"featured_media":0,"parent":0,"menu_order":0,"comment_status":"closed","ping_status":"closed","template":"","meta":{"footnotes":""},"class_list":["post-1206","page","type-page","status-publish","hentry"],"_links":{"self":[{"href":"https:\/\/www.feriadeteatro.com\/feria2022\/wp-json\/wp\/v2\/pages\/1206","targetHints":{"allow":["GET"]}}],"collection":[{"href":"https:\/\/www.feriadeteatro.com\/feria2022\/wp-json\/wp\/v2\/pages"}],"about":[{"href":"https:\/\/www.feriadeteatro.com\/feria2022\/wp-json\/wp\/v2\/types\/page"}],"author":[{"embeddable":true,"href":"https:\/\/www.feriadeteatro.com\/feria2022\/wp-json\/wp\/v2\/users\/1"}],"replies":[{"embeddable":true,"href":"https:\/\/www.feriadeteatro.com\/feria2022\/wp-json\/wp\/v2\/comments?post=1206"}],"version-history":[{"count":2,"href":"https:\/\/www.feriadeteatro.com\/feria2022\/wp-json\/wp\/v2\/pages\/1206\/revisions"}],"predecessor-version":[{"id":6943,"href":"https:\/\/www.feriadeteatro.com\/feria2022\/wp-json\/wp\/v2\/pages\/1206\/revisions\/6943"}],"wp:attachment":[{"href":"https:\/\/www.feriadeteatro.com\/feria2022\/wp-json\/wp\/v2\/media?parent=1206"}],"curies":[{"name":"wp","href":"https:\/\/api.w.org\/{rel}","templated":true}]}}