{"id":2465,"date":"2019-07-30T16:41:00","date_gmt":"2019-07-30T16:41:00","guid":{"rendered":"https:\/\/feriadeteatro.com\/feria2019\/?page_id=2465"},"modified":"2022-08-13T10:43:06","modified_gmt":"2022-08-13T10:43:06","slug":"descargas","status":"publish","type":"page","link":"https:\/\/www.feriadeteatro.com\/feria2022\/descargas\/","title":{"rendered":"Descargas"},"content":{"rendered":"<p><div class=\"fusion-fullwidth fullwidth-box fusion-builder-row-1 fusion-flex-container nonhundred-percent-fullwidth non-hundred-percent-height-scrolling\" style=\"background-color: rgba(255,255,255,0);background-position: center center;background-repeat: no-repeat;border-width: 0px 0px 0px 0px;border-color:#eae9e9;border-style:solid;\" ><div class=\"fusion-builder-row fusion-row fusion-flex-align-items-flex-start\" style=\"max-width:1216.8px;margin-left: calc(-4% \/ 2 );margin-right: calc(-4% \/ 2 );\"><div class=\"fusion-layout-column fusion_builder_column fusion-builder-column-0 fusion_builder_column_1_1 1_1 fusion-flex-column\"><div class=\"fusion-column-wrapper fusion-flex-justify-content-flex-start fusion-content-layout-column\" style=\"background-position:left top;background-repeat:no-repeat;-webkit-background-size:cover;-moz-background-size:cover;-o-background-size:cover;background-size:cover;padding: 0px 0px 0px 0px;\"><style type=\"text\/css\">@media only screen and (max-width:1024px) {.fusion-title.fusion-title-1{margin-top:0px!important;margin-bottom:30px!important;}}<\/style><div class=\"fusion-title title fusion-title-1 fusion-title-text fusion-title-size-two\" style=\"margin-top:0px;margin-bottom:30px;\"><div class=\"title-sep-container title-sep-container-left fusion-no-large-visibility fusion-no-medium-visibility fusion-no-small-visibility\"><div class=\"title-sep sep-single sep-dashed\" style=\"border-color:#f46f72;\"><\/div><\/div><h2 class=\"title-heading-left\" style=\"margin:0;\">Descargas<\/h2><div class=\"title-sep-container title-sep-container-right\"><div class=\"title-sep sep-single sep-dashed\" style=\"border-color:#f46f72;\"><\/div><\/div><\/div><\/div><\/div><style type=\"text\/css\">.fusion-body .fusion-builder-column-0{width:100% !important;margin-top : 0px;margin-bottom : 0px;}.fusion-builder-column-0 > .fusion-column-wrapper {padding-top : 0px !important;padding-right : 0px !important;margin-right : 1.92%;padding-bottom : 0px !important;padding-left : 0px !important;margin-left : 1.92%;}@media only screen and (max-width:1024px) {.fusion-body .fusion-builder-column-0{width:100% !important;}.fusion-builder-column-0 > .fusion-column-wrapper {margin-right : 1.92%;margin-left : 1.92%;}}@media only screen and (max-width:640px) {.fusion-body .fusion-builder-column-0{width:100% !important;}.fusion-builder-column-0 > .fusion-column-wrapper {margin-right : 1.92%;margin-left : 1.92%;}}<\/style><\/div><style type=\"text\/css\">.fusion-body .fusion-flex-container.fusion-builder-row-1{ padding-top : 50px;margin-top : 0px;padding-right : 0px;padding-bottom : 0px;margin-bottom : 0px;padding-left : 0px;}<\/style><\/div><div class=\"fusion-fullwidth fullwidth-box fusion-builder-row-2 fusion-flex-container nonhundred-percent-fullwidth non-hundred-percent-height-scrolling\" style=\"background-color: rgba(255,255,255,0);background-position: center center;background-repeat: no-repeat;border-width: 0px 0px 0px 0px;border-color:#eae9e9;border-style:solid;\" ><div class=\"fusion-builder-row fusion-row fusion-flex-align-items-flex-start\" style=\"max-width:1216.8px;margin-left: calc(-4% \/ 2 );margin-right: calc(-4% \/ 2 );\"><div class=\"fusion-layout-column fusion_builder_column fusion-builder-column-1 fusion_builder_column_1_1 1_1 fusion-flex-column\"><div class=\"fusion-column-wrapper fusion-flex-justify-content-flex-start fusion-content-layout-column\" style=\"background-position:left top;background-repeat:no-repeat;-webkit-background-size:cover;-moz-background-size:cover;-o-background-size:cover;background-size:cover;padding: 0px 0px 0px 0px;\">\n<div class=\"table-1\">\n<table style=\"height: 364px;\" width=\"100%\">\n<tbody>\n<tr>\n<td style=\"width: 2.20848%;\"><img decoding=\"async\" class=\"size-full wp-image-2501 alignleft\" src=\"https:\/\/www.feriadeteatro.com\/feria2020\/wp-content\/uploads\/2019\/07\/flecharoja.jpg\" alt=\"\" width=\"11\" height=\"11\" \/><\/td>\n<td style=\"width: 97.0848%;\">\u00a0<a href=\"https:\/\/www.feriadeteatro.com\/feria2022\/wp-content\/uploads\/2022\/08\/libro-feria-25-2022.pdf\" target=\"_blank\" rel=\"noopener\">LIBRO DE LA 25 Feria &#8211; 2022<\/a><\/td>\n<\/tr>\n<tr>\n<td style=\"width: 2.20848%;\"><img decoding=\"async\" class=\"size-full wp-image-2501 alignleft\" src=\"https:\/\/www.feriadeteatro.com\/feria2020\/wp-content\/uploads\/2019\/07\/flecharoja.jpg\" alt=\"\" width=\"11\" height=\"11\" \/><\/td>\n<td style=\"width: 97.0848%;\">\u00a0<a href=\"https:\/\/www.feriadeteatro.com\/feria2022\/wp-content\/uploads\/2022\/07\/25edicionFTCYLciudadrodrigo34x70.pdf\" target=\"_blank\" rel=\"noopener\">CARTEL 25 Feria &#8211; 2022<\/a><\/td>\n<\/tr>\n<tr>\n<td style=\"width: 2.20848%;\"><img decoding=\"async\" class=\"size-full wp-image-2501 alignleft\" src=\"https:\/\/www.feriadeteatro.com\/feria2020\/wp-content\/uploads\/2019\/07\/flecharoja.jpg\" alt=\"\" width=\"11\" height=\"11\" \/><\/td>\n<td style=\"width: 97.0848%;\">\u00a0<a href=\"https:\/\/www.feriadeteatro.com\/feria2022\/wp-content\/uploads\/2022\/08\/actividades-complementarias.pdf\" target=\"_blank\" rel=\"noopener\">Actividades complementarias de la 25 Feria &#8211; 2022<\/a><\/td>\n<\/tr>\n<tr>\n<td style=\"width: 2.20848%;\"><img decoding=\"async\" class=\"size-full wp-image-2501 alignleft\" src=\"https:\/\/www.feriadeteatro.com\/feria2020\/wp-content\/uploads\/2019\/07\/flecharoja.jpg\" alt=\"\" width=\"11\" height=\"11\" \/><\/td>\n<td style=\"width: 97.0848%;\">\u00a0<a href=\"https:\/\/www.feriadeteatro.com\/feria2022\/wp-content\/uploads\/2022\/07\/desplegableprogramacion.pdf\" target=\"_blank\" rel=\"noopener\">Cuadrante Programaci\u00f3n \u2013 25 Feria de Teatro de Castilla y Le\u00f3n \u2013 Ciudad Rodrigo 2022<\/a><\/td>\n<\/tr>\n<tr>\n<td style=\"width: 2.20848%;\"><img decoding=\"async\" class=\"size-full wp-image-2501 alignleft\" src=\"https:\/\/www.feriadeteatro.com\/feria2020\/wp-content\/uploads\/2019\/07\/flecharoja.jpg\" alt=\"\" width=\"11\" height=\"11\" \/><\/td>\n<td style=\"width: 97.0848%;\">\u00a0<a href=\"https:\/\/www.feriadeteatro.com\/feria2022\/wp-content\/uploads\/2021\/12\/anexotecnico2022.pdf\" target=\"_blank\" rel=\"noopener\">Modelo Ficha T\u00e9cnica &#8211; Inscripci\u00f3n compa\u00f1\u00edas 2022.<\/a><\/td>\n<\/tr>\n<tr style=\"height: 27px;\">\n<td style=\"width: 2.20848%; height: 27px;\"><img decoding=\"async\" class=\"size-full wp-image-2501 alignleft\" src=\"https:\/\/www.feriadeteatro.com\/feria2020\/wp-content\/uploads\/2019\/07\/flecharoja.jpg\" alt=\"\" width=\"11\" height=\"11\" \/><\/td>\n<td style=\"width: 97.0848%; height: 27px;\">\u00a0<a href=\"https:\/\/www.feriadeteatro.com\/feria2022\/wp-content\/uploads\/2021\/12\/bases-premio-rosa-maria-garcia-cano-2021.pdf\" target=\"_blank\" rel=\"noopener\">Bases convocatoria X Premios Rosa Mar\u00eda Garc\u00eda Cano de Artes Esc\u00e9nicas<\/a><\/td>\n<\/tr>\n<tr style=\"height: 20px;\">\n<td style=\"width: 2.20848%; height: 20px;\" align=\"left\"><img decoding=\"async\" class=\"size-full wp-image-2501 alignleft\" src=\"https:\/\/www.feriadeteatro.com\/feria2020\/wp-content\/uploads\/2019\/07\/flecharoja.jpg\" alt=\"\" width=\"11\" height=\"11\" \/><\/td>\n<td style=\"height: 20px; width: 97.0848%;\" align=\"left\">\u00a0<a href=\"https:\/\/www.feriadeteatro.com\/feria2020\/wp-content\/uploads\/2020\/03\/nota-informativa-la-feria-de-teatro-entre-los-eventos-mas-importatnes-observatorio-de-la-cultura-2019.pdf\" target=\"_blank\" rel=\"noopener\">El Bar\u00f3metro de 2019 del observatorio de la cultura, incluye La Feria de Teatro entre los acontecimientos m\u00e1s importantes.<\/a><\/td>\n<\/tr>\n<tr style=\"height: 20px;\">\n<td style=\"width: 2.20848%; height: 20px;\" align=\"left\"><img decoding=\"async\" class=\"size-full wp-image-2501 alignleft\" src=\"https:\/\/www.feriadeteatro.com\/feria2020\/wp-content\/uploads\/2019\/07\/flecharoja.jpg\" alt=\"\" width=\"11\" height=\"11\" \/><\/td>\n<td style=\"height: 20px; width: 97.0848%;\" align=\"left\">\u00a0<a href=\"https:\/\/www.feriadeteatro.com\/feria2020\/wp-content\/uploads\/2020\/03\/Observatorio-de-la-Cultura_Lo-Mejor-de-la-Cultura-en-Espania-2019.pdf\" target=\"_blank\" rel=\"noopener\">Observatorio de la cultura &#8211; Lo mejor de la cultura 2019<\/a><\/td>\n<\/tr>\n<tr style=\"height: 27px;\">\n<td style=\"height: 27px; width: 2.20848%;\" align=\"left\"><img decoding=\"async\" class=\"size-full wp-image-2501 alignleft\" src=\"https:\/\/www.feriadeteatro.com\/feria2020\/wp-content\/uploads\/2019\/07\/flecharoja.jpg\" alt=\"\" width=\"11\" height=\"11\" \/><\/td>\n<td style=\"height: 27px; width: 97.0848%;\">\u00a0<a href=\"https:\/\/feriadeteatro.com\/feria2019\/wp-content\/uploads\/2019\/07\/45informe-y-datos-de-analisis-de-impacto-de-mercado-de-la-21-feria-de-teatro-de-castilla-y-leon.pdf\" target=\"_blank\" rel=\"noopener\">Informe de impacto de la 21\u00aa Feria de Teatro para las compa\u00f1\u00edas programadas<\/a>.<\/td>\n<\/tr>\n<tr style=\"height: 27px;\">\n<td style=\"height: 27px; width: 2.20848%;\" align=\"left\"><img decoding=\"async\" class=\"size-full wp-image-2501 alignleft\" src=\"https:\/\/www.feriadeteatro.com\/feria2020\/wp-content\/uploads\/2019\/07\/flecharoja.jpg\" alt=\"\" width=\"11\" height=\"11\" \/><\/td>\n<td style=\"height: 27px; width: 97.0848%;\">\u00a0<a href=\"https:\/\/feriadeteatro.com\/feria2019\/wp-content\/uploads\/2019\/07\/34Noticiaobservatoriocultura.pdf\" target=\"_blank\" rel=\"noopener\">El Bar\u00f3metro de 2016 del observatorio de la cultura, incluye La Feria de Teatro entro los acontecimientos m\u00e1s importantes.<\/a><\/td>\n<\/tr>\n<tr style=\"height: 27px;\">\n<td style=\"height: 27px; width: 2.20848%;\" align=\"left\"><img decoding=\"async\" class=\"size-full wp-image-2501 alignleft\" src=\"https:\/\/www.feriadeteatro.com\/feria2020\/wp-content\/uploads\/2019\/07\/flecharoja.jpg\" alt=\"\" width=\"11\" height=\"11\" \/><\/td>\n<td style=\"height: 27px; width: 97.0848%;\">\u00a0<a href=\"https:\/\/feriadeteatro.com\/feria2019\/wp-content\/uploads\/2019\/07\/6descargasCOFAE.pdf\" target=\"_blank\" rel=\"noopener\">Estudio de COFAE: Las Ferias generadoras de negocio.<\/a><\/td>\n<\/tr>\n<tr style=\"height: 27px;\">\n<td style=\"height: 27px; width: 2.20848%;\" align=\"left\"><img decoding=\"async\" class=\"size-full wp-image-2501 alignleft\" src=\"https:\/\/www.feriadeteatro.com\/feria2020\/wp-content\/uploads\/2019\/07\/flecharoja.jpg\" alt=\"\" width=\"11\" height=\"11\" \/><\/td>\n<td style=\"height: 27px; width: 97.0848%;\">\u00a0<a href=\"https:\/\/feriadeteatro.com\/feria2019\/wp-content\/uploads\/2019\/07\/7descargas-conclusiones-encuentro-ideas-sector.pdf\" target=\"_blank\" rel=\"noopener\">Conclusiones encuentro Ideas-Sector.<\/a><\/td>\n<\/tr>\n<tr style=\"height: 27px;\">\n<td style=\"height: 27px; width: 2.20848%;\" align=\"left\"><img decoding=\"async\" class=\"size-full wp-image-2501 alignleft\" src=\"https:\/\/www.feriadeteatro.com\/feria2020\/wp-content\/uploads\/2019\/07\/flecharoja.jpg\" alt=\"\" width=\"11\" height=\"11\" \/><\/td>\n<td style=\"height: 27px; width: 97.0848%;\">\u00a0<a href=\"https:\/\/feriadeteatro.com\/feria2019\/wp-content\/uploads\/2019\/07\/9resumen-del-equipo-de-gestion.pdf\" target=\"_blank\" rel=\"noopener\">Resumen desde el equipo de gesti\u00f3n sobre el estudio sobre la Feria de Teatro de Castilla y Le\u00f3n y su impacto en la Ciudadan\u00eda.<\/a><\/td>\n<\/tr>\n<tr style=\"height: 27px;\">\n<td style=\"height: 27px; width: 2.20848%;\" align=\"left\"><img decoding=\"async\" class=\"size-full wp-image-2501 alignleft\" src=\"https:\/\/www.feriadeteatro.com\/feria2020\/wp-content\/uploads\/2019\/07\/flecharoja.jpg\" alt=\"\" width=\"11\" height=\"11\" \/><\/td>\n<td style=\"height: 27px; width: 97.0848%;\">\u00a0<a href=\"https:\/\/feriadeteatro.com\/feria2019\/wp-content\/uploads\/2019\/07\/8investigacion-sobre-la-feria-dr-galos.pdf\" target=\"_blank\" rel=\"noopener\">Investigaci\u00f3n sobre la Feria de Teatro de Castilla y Le\u00f3n y su impacto en la Ciudadan\u00eda. Dirigido por Dr.Galo S\u00e1nchez.<\/a><\/td>\n<\/tr>\n<tr style=\"height: 27px;\">\n<td style=\"height: 27px; width: 2.20848%;\" align=\"left\"><img decoding=\"async\" class=\"size-full wp-image-2501 alignleft\" src=\"https:\/\/www.feriadeteatro.com\/feria2020\/wp-content\/uploads\/2019\/07\/flecharoja.jpg\" alt=\"\" width=\"11\" height=\"11\" \/><\/td>\n<td style=\"height: 27px; width: 97.0848%;\">\u00a0<a href=\"https:\/\/feriadeteatro.com\/feria2019\/wp-content\/uploads\/2019\/07\/11logoFeria.jpg\" target=\"_blank\" rel=\"noopener\">Logotipo Feria de Teatro de Castilla y Le\u00f3n &#8211; Ciudad Rodrigo.<\/a><\/td>\n<\/tr>\n<\/tbody>\n<\/table>\n<\/div>\n<\/div><\/div><style type=\"text\/css\">.fusion-body .fusion-builder-column-1{width:100% !important;margin-top : 0px;margin-bottom : 0px;}.fusion-builder-column-1 > .fusion-column-wrapper {padding-top : 0px !important;padding-right : 0px !important;margin-right : 1.92%;padding-bottom : 0px !important;padding-left : 0px !important;margin-left : 1.92%;}@media only screen and (max-width:1024px) {.fusion-body .fusion-builder-column-1{width:100% !important;}.fusion-builder-column-1 > .fusion-column-wrapper {margin-right : 1.92%;margin-left : 1.92%;}}@media only screen and (max-width:640px) {.fusion-body .fusion-builder-column-1{width:100% !important;}.fusion-builder-column-1 > .fusion-column-wrapper {margin-right : 1.92%;margin-left : 1.92%;}}<\/style><\/div><style type=\"text\/css\">.fusion-body .fusion-flex-container.fusion-builder-row-2{ padding-top : 0px;margin-top : 0px;padding-right : 0px;padding-bottom : 0px;margin-bottom : 0px;padding-left : 0px;}<\/style><\/div><\/p>\n","protected":false},"excerpt":{"rendered":"","protected":false},"author":1,"featured_media":0,"parent":0,"menu_order":0,"comment_status":"closed","ping_status":"closed","template":"","meta":{"footnotes":""},"class_list":["post-2465","page","type-page","status-publish","hentry"],"_links":{"self":[{"href":"https:\/\/www.feriadeteatro.com\/feria2022\/wp-json\/wp\/v2\/pages\/2465","targetHints":{"allow":["GET"]}}],"collection":[{"href":"https:\/\/www.feriadeteatro.com\/feria2022\/wp-json\/wp\/v2\/pages"}],"about":[{"href":"https:\/\/www.feriadeteatro.com\/feria2022\/wp-json\/wp\/v2\/types\/page"}],"author":[{"embeddable":true,"href":"https:\/\/www.feriadeteatro.com\/feria2022\/wp-json\/wp\/v2\/users\/1"}],"replies":[{"embeddable":true,"href":"https:\/\/www.feriadeteatro.com\/feria2022\/wp-json\/wp\/v2\/comments?post=2465"}],"version-history":[{"count":7,"href":"https:\/\/www.feriadeteatro.com\/feria2022\/wp-json\/wp\/v2\/pages\/2465\/revisions"}],"predecessor-version":[{"id":7640,"href":"https:\/\/www.feriadeteatro.com\/feria2022\/wp-json\/wp\/v2\/pages\/2465\/revisions\/7640"}],"wp:attachment":[{"href":"https:\/\/www.feriadeteatro.com\/feria2022\/wp-json\/wp\/v2\/media?parent=2465"}],"curies":[{"name":"wp","href":"https:\/\/api.w.org\/{rel}","templated":true}]}}