{"id":2622,"date":"2019-08-01T11:21:02","date_gmt":"2019-08-01T11:21:02","guid":{"rendered":"https:\/\/feriadeteatro.com\/feria2019\/?page_id=2622"},"modified":"2021-12-15T09:29:21","modified_gmt":"2021-12-15T09:29:21","slug":"exposicion-20-anos-de-divierteatro","status":"publish","type":"page","link":"https:\/\/www.feriadeteatro.com\/feria2022\/exposicion-20-anos-de-divierteatro\/","title":{"rendered":"M\u00e1s Feria: EXPOSICI\u00d3N: \u00ab20 a\u00f1os de Divierteatro\u00bb"},"content":{"rendered":"<p><div class=\"fusion-fullwidth fullwidth-box fusion-builder-row-1 fusion-flex-container nonhundred-percent-fullwidth non-hundred-percent-height-scrolling\" style=\"background-color: rgba(255,255,255,0);background-position: center center;background-repeat: no-repeat;border-width: 0px 0px 0px 0px;border-color:#eae9e9;border-style:solid;\" ><div class=\"fusion-builder-row fusion-row fusion-flex-align-items-flex-start\" style=\"max-width:1216.8px;margin-left: calc(-4% \/ 2 );margin-right: calc(-4% \/ 2 );\"><div class=\"fusion-layout-column fusion_builder_column fusion-builder-column-0 fusion_builder_column_1_1 1_1 fusion-flex-column\"><div class=\"fusion-column-wrapper fusion-flex-justify-content-center fusion-content-layout-column\" style=\"background-position:left top;background-repeat:no-repeat;-webkit-background-size:cover;-moz-background-size:cover;-o-background-size:cover;background-size:cover;padding: 0px 0px 0px 0px;\"><style type=\"text\/css\">@media only screen and (max-width:1024px) {.fusion-title.fusion-title-1{margin-top:0px!important;margin-bottom:0px!important;}}<\/style><div class=\"fusion-title title fusion-title-1 fusion-title-text fusion-title-size-three\" style=\"margin-top:0px;margin-bottom:0px;\"><div class=\"title-sep-container title-sep-container-left fusion-no-large-visibility fusion-no-medium-visibility fusion-no-small-visibility\"><div class=\"title-sep sep-single sep-dashed\" style=\"border-color:#f46f72;\"><\/div><\/div><h3 class=\"title-heading-left\" style=\"margin:0;\"><h3>M\u00e1s Feria<\/h3><\/h3><div class=\"title-sep-container title-sep-container-right\"><div class=\"title-sep sep-single sep-dashed\" style=\"border-color:#f46f72;\"><\/div><\/div><\/div><\/div><\/div><style type=\"text\/css\">.fusion-body .fusion-builder-column-0{width:100% !important;margin-top : 0px;margin-bottom : 0px;}.fusion-builder-column-0 > .fusion-column-wrapper {padding-top : 0px !important;padding-right : 0px !important;margin-right : 1.92%;padding-bottom : 0px !important;padding-left : 0px !important;margin-left : 1.92%;}@media only screen and (max-width:1024px) {.fusion-body .fusion-builder-column-0{width:100% !important;}.fusion-builder-column-0 > .fusion-column-wrapper {margin-right : 1.92%;margin-left : 1.92%;}}@media only screen and (max-width:640px) {.fusion-body .fusion-builder-column-0{width:100% !important;}.fusion-builder-column-0 > .fusion-column-wrapper {margin-right : 1.92%;margin-left : 1.92%;}}<\/style><div class=\"fusion-layout-column fusion_builder_column fusion-builder-column-1 fusion_builder_column_1_5 1_5 fusion-flex-column\"><div class=\"fusion-column-wrapper fusion-flex-justify-content-flex-start fusion-content-layout-column\" style=\"background-position:left top;background-repeat:no-repeat;-webkit-background-size:cover;-moz-background-size:cover;-o-background-size:cover;background-size:cover;padding: 0px 0px 0px 0px;\"><div ><span class=\" fusion-imageframe imageframe-none imageframe-1 hover-type-none\"><a class=\"fusion-no-lightbox\" href=\"https:\/\/www.feriadeteatro.com\/feria2022\/mas-feria-area-de-fomento-formacion-y-educacion-de-nuevos-publicos\/\" target=\"_self\" aria-label=\"botonMasFeriaformacion\"><img decoding=\"async\" width=\"246\" height=\"246\" src=\"https:\/\/www.feriadeteatro.com\/feria2022\/wp-content\/uploads\/2021\/12\/botonMasFeriaformacion.jpg\" class=\"img-responsive wp-image-6995\" srcset=\"https:\/\/www.feriadeteatro.com\/feria2022\/wp-content\/uploads\/2021\/12\/botonMasFeriaformacion-200x200.jpg 200w, https:\/\/www.feriadeteatro.com\/feria2022\/wp-content\/uploads\/2021\/12\/botonMasFeriaformacion.jpg 246w\" sizes=\"(max-width: 1024px) 100vw, (max-width: 640px) 100vw, 200px\" \/><\/a><\/span><\/div><\/div><\/div><style type=\"text\/css\">.fusion-body .fusion-builder-column-1{width:20% !important;margin-top : 0px;margin-bottom : 0px;}.fusion-builder-column-1 > .fusion-column-wrapper {padding-top : 0px !important;padding-right : 0px !important;margin-right : 9.6%;padding-bottom : 0px !important;padding-left : 0px !important;margin-left : 9.6%;}@media only screen and (max-width:1024px) {.fusion-body .fusion-builder-column-1{width:100% !important;order : 0;}.fusion-builder-column-1 > .fusion-column-wrapper {margin-right : 1.92%;margin-left : 1.92%;}}@media only screen and (max-width:640px) {.fusion-body .fusion-builder-column-1{width:100% !important;order : 0;}.fusion-builder-column-1 > .fusion-column-wrapper {margin-right : 1.92%;margin-left : 1.92%;}}<\/style><div class=\"fusion-layout-column fusion_builder_column fusion-builder-column-2 fusion_builder_column_1_5 1_5 fusion-flex-column\"><div class=\"fusion-column-wrapper fusion-flex-justify-content-flex-start fusion-content-layout-column\" style=\"background-position:left top;background-repeat:no-repeat;-webkit-background-size:cover;-moz-background-size:cover;-o-background-size:cover;background-size:cover;padding: 0px 0px 0px 0px;\"><div ><span class=\" fusion-imageframe imageframe-none imageframe-2 hover-type-none\"><a class=\"fusion-no-lightbox\" href=\"https:\/\/www.feriadeteatro.com\/feria2022\/mas-feria-escuela-de-espectadores\/\" target=\"_self\" aria-label=\"botonMasFeriaescuela\"><img decoding=\"async\" width=\"246\" height=\"246\" src=\"https:\/\/www.feriadeteatro.com\/feria2022\/wp-content\/uploads\/2021\/12\/botonMasFeriaescuela.jpg\" class=\"img-responsive wp-image-6997\" srcset=\"https:\/\/www.feriadeteatro.com\/feria2022\/wp-content\/uploads\/2021\/12\/botonMasFeriaescuela-200x200.jpg 200w, https:\/\/www.feriadeteatro.com\/feria2022\/wp-content\/uploads\/2021\/12\/botonMasFeriaescuela.jpg 246w\" sizes=\"(max-width: 1024px) 100vw, (max-width: 640px) 100vw, 200px\" \/><\/a><\/span><\/div><\/div><\/div><style type=\"text\/css\">.fusion-body .fusion-builder-column-2{width:20% !important;margin-top : 0px;margin-bottom : 0px;}.fusion-builder-column-2 > .fusion-column-wrapper {padding-top : 0px !important;padding-right : 0px !important;margin-right : 9.6%;padding-bottom : 0px !important;padding-left : 0px !important;margin-left : 9.6%;}@media only screen and (max-width:1024px) {.fusion-body .fusion-builder-column-2{width:100% !important;order : 0;}.fusion-builder-column-2 > .fusion-column-wrapper {margin-right : 1.92%;margin-left : 1.92%;}}@media only screen and (max-width:640px) {.fusion-body .fusion-builder-column-2{width:100% !important;order : 0;}.fusion-builder-column-2 > .fusion-column-wrapper {margin-right : 1.92%;margin-left : 1.92%;}}<\/style><div class=\"fusion-layout-column fusion_builder_column fusion-builder-column-3 fusion_builder_column_1_5 1_5 fusion-flex-column\"><div class=\"fusion-column-wrapper fusion-flex-justify-content-flex-start fusion-content-layout-column\" style=\"background-position:left top;background-repeat:no-repeat;-webkit-background-size:cover;-moz-background-size:cover;-o-background-size:cover;background-size:cover;padding: 0px 0px 0px 0px;\"><div ><span class=\" fusion-imageframe imageframe-none imageframe-3 hover-type-none\"><a class=\"fusion-no-lightbox\" href=\"https:\/\/www.feriadeteatro.com\/feria2022\/mas-feria-divierteatro\/\" target=\"_self\" aria-label=\"botonMasFeriadivierteatro\"><img decoding=\"async\" width=\"246\" height=\"246\" src=\"https:\/\/www.feriadeteatro.com\/feria2022\/wp-content\/uploads\/2021\/12\/botonMasFeriadivierteatro.jpg\" class=\"img-responsive wp-image-6998\" srcset=\"https:\/\/www.feriadeteatro.com\/feria2022\/wp-content\/uploads\/2021\/12\/botonMasFeriadivierteatro-200x200.jpg 200w, https:\/\/www.feriadeteatro.com\/feria2022\/wp-content\/uploads\/2021\/12\/botonMasFeriadivierteatro.jpg 246w\" sizes=\"(max-width: 1024px) 100vw, (max-width: 640px) 100vw, 200px\" \/><\/a><\/span><\/div><\/div><\/div><style type=\"text\/css\">.fusion-body .fusion-builder-column-3{width:20% !important;margin-top : 0px;margin-bottom : 0px;}.fusion-builder-column-3 > .fusion-column-wrapper {padding-top : 0px !important;padding-right : 0px !important;margin-right : 9.6%;padding-bottom : 0px !important;padding-left : 0px !important;margin-left : 9.6%;}@media only screen and (max-width:1024px) {.fusion-body .fusion-builder-column-3{width:100% !important;order : 0;}.fusion-builder-column-3 > .fusion-column-wrapper {margin-right : 1.92%;margin-left : 1.92%;}}@media only screen and (max-width:640px) {.fusion-body .fusion-builder-column-3{width:100% !important;order : 0;}.fusion-builder-column-3 > .fusion-column-wrapper {margin-right : 1.92%;margin-left : 1.92%;}}<\/style><div class=\"fusion-layout-column fusion_builder_column fusion-builder-column-4 fusion_builder_column_1_5 1_5 fusion-flex-column\"><div class=\"fusion-column-wrapper fusion-flex-justify-content-flex-start fusion-content-layout-column\" style=\"background-position:left top;background-repeat:no-repeat;-webkit-background-size:cover;-moz-background-size:cover;-o-background-size:cover;background-size:cover;padding: 0px 0px 0px 0px;\"><div ><span class=\" fusion-imageframe imageframe-none imageframe-4 hover-type-none\"><a class=\"fusion-no-lightbox\" href=\"https:\/\/www.feriadeteatro.com\/feria2022\/exposicion-20-anos-de-divierteatro\/\" target=\"_self\" aria-label=\"botonMasFeriaExpoDivier\"><img decoding=\"async\" width=\"246\" height=\"246\" src=\"https:\/\/www.feriadeteatro.com\/feria2022\/wp-content\/uploads\/2021\/12\/botonMasFeriaExpoDivier.jpg\" class=\"img-responsive wp-image-6996\" srcset=\"https:\/\/www.feriadeteatro.com\/feria2022\/wp-content\/uploads\/2021\/12\/botonMasFeriaExpoDivier-200x200.jpg 200w, https:\/\/www.feriadeteatro.com\/feria2022\/wp-content\/uploads\/2021\/12\/botonMasFeriaExpoDivier.jpg 246w\" sizes=\"(max-width: 1024px) 100vw, (max-width: 640px) 100vw, 200px\" \/><\/a><\/span><\/div><\/div><\/div><style type=\"text\/css\">.fusion-body .fusion-builder-column-4{width:20% !important;margin-top : 0px;margin-bottom : 0px;}.fusion-builder-column-4 > .fusion-column-wrapper {padding-top : 0px !important;padding-right : 0px !important;margin-right : 9.6%;padding-bottom : 0px !important;padding-left : 0px !important;margin-left : 9.6%;}@media only screen and (max-width:1024px) {.fusion-body .fusion-builder-column-4{width:100% !important;order : 0;}.fusion-builder-column-4 > .fusion-column-wrapper {margin-right : 1.92%;margin-left : 1.92%;}}@media only screen and (max-width:640px) {.fusion-body .fusion-builder-column-4{width:100% !important;order : 0;}.fusion-builder-column-4 > .fusion-column-wrapper {margin-right : 1.92%;margin-left : 1.92%;}}<\/style><div class=\"fusion-layout-column fusion_builder_column fusion-builder-column-5 fusion_builder_column_1_5 1_5 fusion-flex-column\"><div class=\"fusion-column-wrapper fusion-flex-justify-content-flex-start fusion-content-layout-column\" style=\"background-position:left top;background-repeat:no-repeat;-webkit-background-size:cover;-moz-background-size:cover;-o-background-size:cover;background-size:cover;padding: 0px 0px 0px 0px;\"><div ><span class=\" fusion-imageframe imageframe-none imageframe-5 hover-type-none\"><a class=\"fusion-no-lightbox\" href=\"https:\/\/www.feriadeteatro.com\/feria2022\/exposicion-carteles\/\" target=\"_self\" aria-label=\"botonMasFeriaExpoCarteles\"><img decoding=\"async\" width=\"246\" height=\"246\" src=\"https:\/\/www.feriadeteatro.com\/feria2022\/wp-content\/uploads\/2021\/12\/botonMasFeriaExpoCarteles.jpg\" class=\"img-responsive wp-image-6999\" srcset=\"https:\/\/www.feriadeteatro.com\/feria2022\/wp-content\/uploads\/2021\/12\/botonMasFeriaExpoCarteles-200x200.jpg 200w, https:\/\/www.feriadeteatro.com\/feria2022\/wp-content\/uploads\/2021\/12\/botonMasFeriaExpoCarteles.jpg 246w\" sizes=\"(max-width: 1024px) 100vw, (max-width: 640px) 100vw, 200px\" \/><\/a><\/span><\/div><\/div><\/div><style type=\"text\/css\">.fusion-body .fusion-builder-column-5{width:20% !important;margin-top : 0px;margin-bottom : 0px;}.fusion-builder-column-5 > .fusion-column-wrapper {padding-top : 0px !important;padding-right : 0px !important;margin-right : 9.6%;padding-bottom : 0px !important;padding-left : 0px !important;margin-left : 9.6%;}@media only screen and (max-width:1024px) {.fusion-body .fusion-builder-column-5{width:100% !important;order : 0;}.fusion-builder-column-5 > .fusion-column-wrapper {margin-right : 1.92%;margin-left : 1.92%;}}@media only screen and (max-width:640px) {.fusion-body .fusion-builder-column-5{width:100% !important;order : 0;}.fusion-builder-column-5 > .fusion-column-wrapper {margin-right : 1.92%;margin-left : 1.92%;}}<\/style><\/div><style type=\"text\/css\">.fusion-body .fusion-flex-container.fusion-builder-row-1{ padding-top : 0px;margin-top : 0px;padding-right : 0px;padding-bottom : 0px;margin-bottom : 0px;padding-left : 0px;}<\/style><\/div>\n<div class=\"fusion-fullwidth fullwidth-box fusion-builder-row-2 nonhundred-percent-fullwidth non-hundred-percent-height-scrolling\" style=\"background-color: rgba(255,255,255,0);background-position: center center;background-repeat: no-repeat;padding-top:0px;padding-right:0px;padding-bottom:0px;padding-left:0px;margin-bottom: 0px;margin-top: 0px;border-width: 0px 0px 0px 0px;border-color:#eae9e9;border-style:solid;\" ><div class=\"fusion-builder-row fusion-row\"><div class=\"fusion-layout-column fusion_builder_column fusion-builder-column-6 fusion_builder_column_1_1 1_1 fusion-one-full fusion-column-first fusion-column-last\" style=\"margin-top:0px;margin-bottom:0px;\"><div class=\"fusion-column-wrapper fusion-flex-column-wrapper-legacy\" style=\"background-position:left top;background-repeat:no-repeat;-webkit-background-size:cover;-moz-background-size:cover;-o-background-size:cover;background-size:cover;padding: 0px 0px 0px 0px;\"><div class=\"fusion-sep-clear\"><\/div><div class=\"fusion-separator fusion-full-width-sep\" style=\"margin-left: auto;margin-right: auto;margin-top:20px;margin-bottom:20px;width:100%;\"><\/div><div class=\"fusion-sep-clear\"><\/div><div class=\"fusion-clearfix\"><\/div><\/div><\/div><\/div><\/div><div class=\"fusion-fullwidth fullwidth-box fusion-builder-row-3 nonhundred-percent-fullwidth non-hundred-percent-height-scrolling\" style=\"background-color: rgba(255,255,255,0);background-position: center center;background-repeat: no-repeat;padding-top:0px;padding-right:0px;padding-bottom:0px;padding-left:0px;margin-bottom: 0px;margin-top: 0px;border-width: 0px 0px 0px 0px;border-color:#eae9e9;border-style:solid;\" ><div class=\"fusion-builder-row fusion-row\"><div class=\"fusion-layout-column fusion_builder_column fusion-builder-column-7 fusion_builder_column_1_1 1_1 fusion-one-full fusion-column-first fusion-column-last\" style=\"margin-top:0px;margin-bottom:0px;\"><div class=\"fusion-column-wrapper fusion-flex-column-wrapper-legacy\" style=\"background-position:left top;background-repeat:no-repeat;-webkit-background-size:cover;-moz-background-size:cover;-o-background-size:cover;background-size:cover;padding: 0px 0px 0px 0px;\"><div class=\"fusion-text fusion-text-1\" style=\"transform:translate3d(0,0,0);\"><h2 align=\"justify\"><span style=\"color: #808080;\">EXPOSICI\u00d3N: \u00ab20 a\u00f1os de Divierteatro\u00bb<\/span><\/h2>\n<p align=\"justify\"><span style=\"color: #000000;\"><b>Del 21 al 26 de agosto<\/b>, en la Sala de exposiciones de la\u00a0<b>Casa Municipal de Cultura<\/b>, 1\u00ba planta.<\/span><\/p>\n<p align=\"justify\"><span style=\"color: #000000;\">Horario:\u00a0<b>de 10:00 a 14:00 h. y de 17:00 a 19:00 h.<\/b><br \/>\nEntrada libre.<\/span><\/p>\n<p align=\"justify\"><b>Exposici\u00f3n retrospectiva sobre el Divierteatro<\/b><br \/>\n<img decoding=\"async\" src=\"https:\/\/www.feriadeteatro.es\/feria2019\/parrafoGris.png\" width=\"11\" height=\"11\" border=\"0\" \/>Los d\u00edas 28 y 29 de agosto de 1998 se desarrollaron en la Plaza del Buen Alcalde nueve talleres de animaci\u00f3n teatral para ni\u00f1os de 4 a 14 a\u00f1os, con el objetivo de contribuir a la dinamizaci\u00f3n de las ma\u00f1anas de la Feria de Teatro y estimular la participaci\u00f3n en actividades l\u00fadicas y educativas. Esta actividad supuso el inicio del Programa de Animaci\u00f3n Infantil que cada a\u00f1o acoge la Feria de Teatro de Castilla y Le\u00f3n\/Ciudad Rodrigo dentro del marco de actividades complementarias, configur\u00e1ndose como una de las actividades educativas m\u00e1s arraigadas para la poblaci\u00f3n infantil y juvenil desde los 3 a los 16 a\u00f1os y que desde el a\u00f1o 2000 adquiri\u00f3 el nombre de DIVIERTEATRO.<\/p>\n<p align=\"justify\"><img decoding=\"async\" class=\"alignnone size-full wp-image-2623\" src=\"https:\/\/feriadeteatro.com\/feria2019\/wp-content\/uploads\/2019\/08\/Panel-Expo-Divierteatro.jpg\" alt=\"\" width=\"800\" height=\"1120\" srcset=\"https:\/\/www.feriadeteatro.com\/feria2022\/wp-content\/uploads\/2019\/08\/Panel-Expo-Divierteatro-200x280.jpg 200w, https:\/\/www.feriadeteatro.com\/feria2022\/wp-content\/uploads\/2019\/08\/Panel-Expo-Divierteatro-214x300.jpg 214w, https:\/\/www.feriadeteatro.com\/feria2022\/wp-content\/uploads\/2019\/08\/Panel-Expo-Divierteatro-400x560.jpg 400w, https:\/\/www.feriadeteatro.com\/feria2022\/wp-content\/uploads\/2019\/08\/Panel-Expo-Divierteatro-600x840.jpg 600w, https:\/\/www.feriadeteatro.com\/feria2022\/wp-content\/uploads\/2019\/08\/Panel-Expo-Divierteatro-731x1024.jpg 731w, https:\/\/www.feriadeteatro.com\/feria2022\/wp-content\/uploads\/2019\/08\/Panel-Expo-Divierteatro-768x1075.jpg 768w, https:\/\/www.feriadeteatro.com\/feria2022\/wp-content\/uploads\/2019\/08\/Panel-Expo-Divierteatro.jpg 800w\" sizes=\"(max-width: 800px) 100vw, 800px\" \/><\/p>\n<p align=\"justify\"><img decoding=\"async\" class=\"alignnone size-full wp-image-2624\" src=\"https:\/\/feriadeteatro.com\/feria2019\/wp-content\/uploads\/2019\/08\/Pane-lQue-es-el-Divierteatro.jpg\" alt=\"\" width=\"800\" height=\"1120\" srcset=\"https:\/\/www.feriadeteatro.com\/feria2022\/wp-content\/uploads\/2019\/08\/Pane-lQue-es-el-Divierteatro-200x280.jpg 200w, https:\/\/www.feriadeteatro.com\/feria2022\/wp-content\/uploads\/2019\/08\/Pane-lQue-es-el-Divierteatro-214x300.jpg 214w, https:\/\/www.feriadeteatro.com\/feria2022\/wp-content\/uploads\/2019\/08\/Pane-lQue-es-el-Divierteatro-400x560.jpg 400w, https:\/\/www.feriadeteatro.com\/feria2022\/wp-content\/uploads\/2019\/08\/Pane-lQue-es-el-Divierteatro-600x840.jpg 600w, https:\/\/www.feriadeteatro.com\/feria2022\/wp-content\/uploads\/2019\/08\/Pane-lQue-es-el-Divierteatro-731x1024.jpg 731w, https:\/\/www.feriadeteatro.com\/feria2022\/wp-content\/uploads\/2019\/08\/Pane-lQue-es-el-Divierteatro-768x1075.jpg 768w, https:\/\/www.feriadeteatro.com\/feria2022\/wp-content\/uploads\/2019\/08\/Pane-lQue-es-el-Divierteatro.jpg 800w\" sizes=\"(max-width: 800px) 100vw, 800px\" \/><\/p>\n<p align=\"justify\"><img decoding=\"async\" class=\"alignnone size-full wp-image-2625\" src=\"https:\/\/feriadeteatro.com\/feria2019\/wp-content\/uploads\/2019\/08\/Panel1-Expo-20Divierteatro.jpg\" alt=\"\" width=\"800\" height=\"1120\" srcset=\"https:\/\/www.feriadeteatro.com\/feria2022\/wp-content\/uploads\/2019\/08\/Panel1-Expo-20Divierteatro-200x280.jpg 200w, https:\/\/www.feriadeteatro.com\/feria2022\/wp-content\/uploads\/2019\/08\/Panel1-Expo-20Divierteatro-214x300.jpg 214w, https:\/\/www.feriadeteatro.com\/feria2022\/wp-content\/uploads\/2019\/08\/Panel1-Expo-20Divierteatro-400x560.jpg 400w, https:\/\/www.feriadeteatro.com\/feria2022\/wp-content\/uploads\/2019\/08\/Panel1-Expo-20Divierteatro-600x840.jpg 600w, https:\/\/www.feriadeteatro.com\/feria2022\/wp-content\/uploads\/2019\/08\/Panel1-Expo-20Divierteatro-731x1024.jpg 731w, https:\/\/www.feriadeteatro.com\/feria2022\/wp-content\/uploads\/2019\/08\/Panel1-Expo-20Divierteatro-768x1075.jpg 768w, https:\/\/www.feriadeteatro.com\/feria2022\/wp-content\/uploads\/2019\/08\/Panel1-Expo-20Divierteatro.jpg 800w\" sizes=\"(max-width: 800px) 100vw, 800px\" \/><\/p>\n<p align=\"justify\"><img decoding=\"async\" class=\"alignnone size-full wp-image-2626\" src=\"https:\/\/feriadeteatro.com\/feria2019\/wp-content\/uploads\/2019\/08\/Panel2-Expo-20Divierteatro.jpg\" alt=\"\" width=\"800\" height=\"1120\" srcset=\"https:\/\/www.feriadeteatro.com\/feria2022\/wp-content\/uploads\/2019\/08\/Panel2-Expo-20Divierteatro-200x280.jpg 200w, https:\/\/www.feriadeteatro.com\/feria2022\/wp-content\/uploads\/2019\/08\/Panel2-Expo-20Divierteatro-214x300.jpg 214w, https:\/\/www.feriadeteatro.com\/feria2022\/wp-content\/uploads\/2019\/08\/Panel2-Expo-20Divierteatro-400x560.jpg 400w, https:\/\/www.feriadeteatro.com\/feria2022\/wp-content\/uploads\/2019\/08\/Panel2-Expo-20Divierteatro-600x840.jpg 600w, https:\/\/www.feriadeteatro.com\/feria2022\/wp-content\/uploads\/2019\/08\/Panel2-Expo-20Divierteatro-731x1024.jpg 731w, https:\/\/www.feriadeteatro.com\/feria2022\/wp-content\/uploads\/2019\/08\/Panel2-Expo-20Divierteatro-768x1075.jpg 768w, https:\/\/www.feriadeteatro.com\/feria2022\/wp-content\/uploads\/2019\/08\/Panel2-Expo-20Divierteatro.jpg 800w\" sizes=\"(max-width: 800px) 100vw, 800px\" \/><\/p>\n<p align=\"justify\"><img decoding=\"async\" class=\"alignnone size-full wp-image-2627\" src=\"https:\/\/feriadeteatro.com\/feria2019\/wp-content\/uploads\/2019\/08\/Panel3-Expo-20Divierteatro.jpg\" alt=\"\" width=\"800\" height=\"1120\" srcset=\"https:\/\/www.feriadeteatro.com\/feria2022\/wp-content\/uploads\/2019\/08\/Panel3-Expo-20Divierteatro-200x280.jpg 200w, https:\/\/www.feriadeteatro.com\/feria2022\/wp-content\/uploads\/2019\/08\/Panel3-Expo-20Divierteatro-214x300.jpg 214w, https:\/\/www.feriadeteatro.com\/feria2022\/wp-content\/uploads\/2019\/08\/Panel3-Expo-20Divierteatro-400x560.jpg 400w, https:\/\/www.feriadeteatro.com\/feria2022\/wp-content\/uploads\/2019\/08\/Panel3-Expo-20Divierteatro-600x840.jpg 600w, https:\/\/www.feriadeteatro.com\/feria2022\/wp-content\/uploads\/2019\/08\/Panel3-Expo-20Divierteatro-731x1024.jpg 731w, https:\/\/www.feriadeteatro.com\/feria2022\/wp-content\/uploads\/2019\/08\/Panel3-Expo-20Divierteatro-768x1075.jpg 768w, https:\/\/www.feriadeteatro.com\/feria2022\/wp-content\/uploads\/2019\/08\/Panel3-Expo-20Divierteatro.jpg 800w\" sizes=\"(max-width: 800px) 100vw, 800px\" \/><\/p>\n<p align=\"justify\"><img decoding=\"async\" class=\"alignnone size-full wp-image-2628\" src=\"https:\/\/feriadeteatro.com\/feria2019\/wp-content\/uploads\/2019\/08\/Panel4-Expo-20Divierteatro.jpg\" alt=\"\" width=\"800\" height=\"1120\" srcset=\"https:\/\/www.feriadeteatro.com\/feria2022\/wp-content\/uploads\/2019\/08\/Panel4-Expo-20Divierteatro-200x280.jpg 200w, https:\/\/www.feriadeteatro.com\/feria2022\/wp-content\/uploads\/2019\/08\/Panel4-Expo-20Divierteatro-214x300.jpg 214w, https:\/\/www.feriadeteatro.com\/feria2022\/wp-content\/uploads\/2019\/08\/Panel4-Expo-20Divierteatro-400x560.jpg 400w, https:\/\/www.feriadeteatro.com\/feria2022\/wp-content\/uploads\/2019\/08\/Panel4-Expo-20Divierteatro-600x840.jpg 600w, https:\/\/www.feriadeteatro.com\/feria2022\/wp-content\/uploads\/2019\/08\/Panel4-Expo-20Divierteatro-731x1024.jpg 731w, https:\/\/www.feriadeteatro.com\/feria2022\/wp-content\/uploads\/2019\/08\/Panel4-Expo-20Divierteatro-768x1075.jpg 768w, https:\/\/www.feriadeteatro.com\/feria2022\/wp-content\/uploads\/2019\/08\/Panel4-Expo-20Divierteatro.jpg 800w\" sizes=\"(max-width: 800px) 100vw, 800px\" \/><\/p>\n<p align=\"justify\"><img decoding=\"async\" class=\"alignnone size-full wp-image-2629\" src=\"https:\/\/feriadeteatro.com\/feria2019\/wp-content\/uploads\/2019\/08\/Panel5-Expo-20Divierteatro.jpg\" alt=\"\" width=\"800\" height=\"1120\" srcset=\"https:\/\/www.feriadeteatro.com\/feria2022\/wp-content\/uploads\/2019\/08\/Panel5-Expo-20Divierteatro-200x280.jpg 200w, https:\/\/www.feriadeteatro.com\/feria2022\/wp-content\/uploads\/2019\/08\/Panel5-Expo-20Divierteatro-214x300.jpg 214w, https:\/\/www.feriadeteatro.com\/feria2022\/wp-content\/uploads\/2019\/08\/Panel5-Expo-20Divierteatro-400x560.jpg 400w, https:\/\/www.feriadeteatro.com\/feria2022\/wp-content\/uploads\/2019\/08\/Panel5-Expo-20Divierteatro-600x840.jpg 600w, https:\/\/www.feriadeteatro.com\/feria2022\/wp-content\/uploads\/2019\/08\/Panel5-Expo-20Divierteatro-731x1024.jpg 731w, https:\/\/www.feriadeteatro.com\/feria2022\/wp-content\/uploads\/2019\/08\/Panel5-Expo-20Divierteatro-768x1075.jpg 768w, https:\/\/www.feriadeteatro.com\/feria2022\/wp-content\/uploads\/2019\/08\/Panel5-Expo-20Divierteatro.jpg 800w\" sizes=\"(max-width: 800px) 100vw, 800px\" \/><\/p>\n<p align=\"justify\"><img decoding=\"async\" class=\"alignnone size-full wp-image-2630\" src=\"https:\/\/feriadeteatro.com\/feria2019\/wp-content\/uploads\/2019\/08\/Panel6-Expo-20Divierteatro.jpg\" alt=\"\" width=\"800\" height=\"1120\" srcset=\"https:\/\/www.feriadeteatro.com\/feria2022\/wp-content\/uploads\/2019\/08\/Panel6-Expo-20Divierteatro-200x280.jpg 200w, https:\/\/www.feriadeteatro.com\/feria2022\/wp-content\/uploads\/2019\/08\/Panel6-Expo-20Divierteatro-214x300.jpg 214w, https:\/\/www.feriadeteatro.com\/feria2022\/wp-content\/uploads\/2019\/08\/Panel6-Expo-20Divierteatro-400x560.jpg 400w, https:\/\/www.feriadeteatro.com\/feria2022\/wp-content\/uploads\/2019\/08\/Panel6-Expo-20Divierteatro-600x840.jpg 600w, https:\/\/www.feriadeteatro.com\/feria2022\/wp-content\/uploads\/2019\/08\/Panel6-Expo-20Divierteatro-731x1024.jpg 731w, https:\/\/www.feriadeteatro.com\/feria2022\/wp-content\/uploads\/2019\/08\/Panel6-Expo-20Divierteatro-768x1075.jpg 768w, https:\/\/www.feriadeteatro.com\/feria2022\/wp-content\/uploads\/2019\/08\/Panel6-Expo-20Divierteatro.jpg 800w\" sizes=\"(max-width: 800px) 100vw, 800px\" \/><\/p>\n<p align=\"justify\"><img decoding=\"async\" class=\"alignnone size-full wp-image-2631\" src=\"https:\/\/feriadeteatro.com\/feria2019\/wp-content\/uploads\/2019\/08\/Panel7-Expo-20Divierteatro.jpg\" alt=\"\" width=\"800\" height=\"1120\" srcset=\"https:\/\/www.feriadeteatro.com\/feria2022\/wp-content\/uploads\/2019\/08\/Panel7-Expo-20Divierteatro-200x280.jpg 200w, https:\/\/www.feriadeteatro.com\/feria2022\/wp-content\/uploads\/2019\/08\/Panel7-Expo-20Divierteatro-214x300.jpg 214w, https:\/\/www.feriadeteatro.com\/feria2022\/wp-content\/uploads\/2019\/08\/Panel7-Expo-20Divierteatro-400x560.jpg 400w, https:\/\/www.feriadeteatro.com\/feria2022\/wp-content\/uploads\/2019\/08\/Panel7-Expo-20Divierteatro-600x840.jpg 600w, https:\/\/www.feriadeteatro.com\/feria2022\/wp-content\/uploads\/2019\/08\/Panel7-Expo-20Divierteatro-731x1024.jpg 731w, https:\/\/www.feriadeteatro.com\/feria2022\/wp-content\/uploads\/2019\/08\/Panel7-Expo-20Divierteatro-768x1075.jpg 768w, https:\/\/www.feriadeteatro.com\/feria2022\/wp-content\/uploads\/2019\/08\/Panel7-Expo-20Divierteatro.jpg 800w\" sizes=\"(max-width: 800px) 100vw, 800px\" \/><\/p>\n<p align=\"justify\"><img decoding=\"async\" class=\"alignnone size-full wp-image-2632\" src=\"https:\/\/feriadeteatro.com\/feria2019\/wp-content\/uploads\/2019\/08\/Panel8-Expo-20Divierteatro.jpg\" alt=\"\" width=\"800\" height=\"1120\" srcset=\"https:\/\/www.feriadeteatro.com\/feria2022\/wp-content\/uploads\/2019\/08\/Panel8-Expo-20Divierteatro-200x280.jpg 200w, https:\/\/www.feriadeteatro.com\/feria2022\/wp-content\/uploads\/2019\/08\/Panel8-Expo-20Divierteatro-214x300.jpg 214w, https:\/\/www.feriadeteatro.com\/feria2022\/wp-content\/uploads\/2019\/08\/Panel8-Expo-20Divierteatro-400x560.jpg 400w, https:\/\/www.feriadeteatro.com\/feria2022\/wp-content\/uploads\/2019\/08\/Panel8-Expo-20Divierteatro-600x840.jpg 600w, https:\/\/www.feriadeteatro.com\/feria2022\/wp-content\/uploads\/2019\/08\/Panel8-Expo-20Divierteatro-731x1024.jpg 731w, https:\/\/www.feriadeteatro.com\/feria2022\/wp-content\/uploads\/2019\/08\/Panel8-Expo-20Divierteatro-768x1075.jpg 768w, https:\/\/www.feriadeteatro.com\/feria2022\/wp-content\/uploads\/2019\/08\/Panel8-Expo-20Divierteatro.jpg 800w\" sizes=\"(max-width: 800px) 100vw, 800px\" \/><\/p>\n<p align=\"justify\"><img decoding=\"async\" class=\"alignnone size-full wp-image-2633\" src=\"https:\/\/feriadeteatro.com\/feria2019\/wp-content\/uploads\/2019\/08\/Panel9-Expo-20Divierteatro.jpg\" alt=\"\" width=\"800\" height=\"1120\" srcset=\"https:\/\/www.feriadeteatro.com\/feria2022\/wp-content\/uploads\/2019\/08\/Panel9-Expo-20Divierteatro-200x280.jpg 200w, https:\/\/www.feriadeteatro.com\/feria2022\/wp-content\/uploads\/2019\/08\/Panel9-Expo-20Divierteatro-214x300.jpg 214w, https:\/\/www.feriadeteatro.com\/feria2022\/wp-content\/uploads\/2019\/08\/Panel9-Expo-20Divierteatro-400x560.jpg 400w, https:\/\/www.feriadeteatro.com\/feria2022\/wp-content\/uploads\/2019\/08\/Panel9-Expo-20Divierteatro-600x840.jpg 600w, https:\/\/www.feriadeteatro.com\/feria2022\/wp-content\/uploads\/2019\/08\/Panel9-Expo-20Divierteatro-731x1024.jpg 731w, https:\/\/www.feriadeteatro.com\/feria2022\/wp-content\/uploads\/2019\/08\/Panel9-Expo-20Divierteatro-768x1075.jpg 768w, https:\/\/www.feriadeteatro.com\/feria2022\/wp-content\/uploads\/2019\/08\/Panel9-Expo-20Divierteatro.jpg 800w\" sizes=\"(max-width: 800px) 100vw, 800px\" \/><\/p>\n<p align=\"justify\"><img decoding=\"async\" class=\"alignnone size-full wp-image-2634\" src=\"https:\/\/feriadeteatro.com\/feria2019\/wp-content\/uploads\/2019\/08\/Panel10-Expo-20Divierteatro.jpg\" alt=\"\" width=\"800\" height=\"1120\" srcset=\"https:\/\/www.feriadeteatro.com\/feria2022\/wp-content\/uploads\/2019\/08\/Panel10-Expo-20Divierteatro-200x280.jpg 200w, https:\/\/www.feriadeteatro.com\/feria2022\/wp-content\/uploads\/2019\/08\/Panel10-Expo-20Divierteatro-214x300.jpg 214w, https:\/\/www.feriadeteatro.com\/feria2022\/wp-content\/uploads\/2019\/08\/Panel10-Expo-20Divierteatro-400x560.jpg 400w, https:\/\/www.feriadeteatro.com\/feria2022\/wp-content\/uploads\/2019\/08\/Panel10-Expo-20Divierteatro-600x840.jpg 600w, https:\/\/www.feriadeteatro.com\/feria2022\/wp-content\/uploads\/2019\/08\/Panel10-Expo-20Divierteatro-731x1024.jpg 731w, https:\/\/www.feriadeteatro.com\/feria2022\/wp-content\/uploads\/2019\/08\/Panel10-Expo-20Divierteatro-768x1075.jpg 768w, https:\/\/www.feriadeteatro.com\/feria2022\/wp-content\/uploads\/2019\/08\/Panel10-Expo-20Divierteatro.jpg 800w\" sizes=\"(max-width: 800px) 100vw, 800px\" \/><\/p>\n<p align=\"justify\"><img decoding=\"async\" class=\"alignnone size-full wp-image-2635\" src=\"https:\/\/feriadeteatro.com\/feria2019\/wp-content\/uploads\/2019\/08\/Panel11-Expo-20Divierteatro.jpg\" alt=\"\" width=\"800\" height=\"1120\" srcset=\"https:\/\/www.feriadeteatro.com\/feria2022\/wp-content\/uploads\/2019\/08\/Panel11-Expo-20Divierteatro-200x280.jpg 200w, https:\/\/www.feriadeteatro.com\/feria2022\/wp-content\/uploads\/2019\/08\/Panel11-Expo-20Divierteatro-214x300.jpg 214w, https:\/\/www.feriadeteatro.com\/feria2022\/wp-content\/uploads\/2019\/08\/Panel11-Expo-20Divierteatro-400x560.jpg 400w, https:\/\/www.feriadeteatro.com\/feria2022\/wp-content\/uploads\/2019\/08\/Panel11-Expo-20Divierteatro-600x840.jpg 600w, https:\/\/www.feriadeteatro.com\/feria2022\/wp-content\/uploads\/2019\/08\/Panel11-Expo-20Divierteatro-731x1024.jpg 731w, https:\/\/www.feriadeteatro.com\/feria2022\/wp-content\/uploads\/2019\/08\/Panel11-Expo-20Divierteatro-768x1075.jpg 768w, https:\/\/www.feriadeteatro.com\/feria2022\/wp-content\/uploads\/2019\/08\/Panel11-Expo-20Divierteatro.jpg 800w\" sizes=\"(max-width: 800px) 100vw, 800px\" \/><\/p>\n<p align=\"justify\"><img decoding=\"async\" class=\"alignnone size-full wp-image-2636\" src=\"https:\/\/feriadeteatro.com\/feria2019\/wp-content\/uploads\/2019\/08\/Panel12-Expo-20Divierteatro.jpg\" alt=\"\" width=\"800\" height=\"1120\" srcset=\"https:\/\/www.feriadeteatro.com\/feria2022\/wp-content\/uploads\/2019\/08\/Panel12-Expo-20Divierteatro-200x280.jpg 200w, https:\/\/www.feriadeteatro.com\/feria2022\/wp-content\/uploads\/2019\/08\/Panel12-Expo-20Divierteatro-214x300.jpg 214w, https:\/\/www.feriadeteatro.com\/feria2022\/wp-content\/uploads\/2019\/08\/Panel12-Expo-20Divierteatro-400x560.jpg 400w, https:\/\/www.feriadeteatro.com\/feria2022\/wp-content\/uploads\/2019\/08\/Panel12-Expo-20Divierteatro-600x840.jpg 600w, https:\/\/www.feriadeteatro.com\/feria2022\/wp-content\/uploads\/2019\/08\/Panel12-Expo-20Divierteatro-731x1024.jpg 731w, https:\/\/www.feriadeteatro.com\/feria2022\/wp-content\/uploads\/2019\/08\/Panel12-Expo-20Divierteatro-768x1075.jpg 768w, https:\/\/www.feriadeteatro.com\/feria2022\/wp-content\/uploads\/2019\/08\/Panel12-Expo-20Divierteatro.jpg 800w\" sizes=\"(max-width: 800px) 100vw, 800px\" \/><\/p>\n<p align=\"justify\"><img decoding=\"async\" class=\"alignnone size-full wp-image-2637\" src=\"https:\/\/feriadeteatro.com\/feria2019\/wp-content\/uploads\/2019\/08\/Panel13-Expo-20Divierteatro.jpg\" alt=\"\" width=\"800\" height=\"1120\" srcset=\"https:\/\/www.feriadeteatro.com\/feria2022\/wp-content\/uploads\/2019\/08\/Panel13-Expo-20Divierteatro-200x280.jpg 200w, https:\/\/www.feriadeteatro.com\/feria2022\/wp-content\/uploads\/2019\/08\/Panel13-Expo-20Divierteatro-214x300.jpg 214w, https:\/\/www.feriadeteatro.com\/feria2022\/wp-content\/uploads\/2019\/08\/Panel13-Expo-20Divierteatro-400x560.jpg 400w, https:\/\/www.feriadeteatro.com\/feria2022\/wp-content\/uploads\/2019\/08\/Panel13-Expo-20Divierteatro-600x840.jpg 600w, https:\/\/www.feriadeteatro.com\/feria2022\/wp-content\/uploads\/2019\/08\/Panel13-Expo-20Divierteatro-731x1024.jpg 731w, https:\/\/www.feriadeteatro.com\/feria2022\/wp-content\/uploads\/2019\/08\/Panel13-Expo-20Divierteatro-768x1075.jpg 768w, https:\/\/www.feriadeteatro.com\/feria2022\/wp-content\/uploads\/2019\/08\/Panel13-Expo-20Divierteatro.jpg 800w\" sizes=\"(max-width: 800px) 100vw, 800px\" \/><\/p>\n<p align=\"justify\"><img decoding=\"async\" class=\"alignnone size-full wp-image-2638\" src=\"https:\/\/feriadeteatro.com\/feria2019\/wp-content\/uploads\/2019\/08\/Panel14-Expo-20Divierteatro.jpg\" alt=\"\" width=\"800\" height=\"1120\" srcset=\"https:\/\/www.feriadeteatro.com\/feria2022\/wp-content\/uploads\/2019\/08\/Panel14-Expo-20Divierteatro-200x280.jpg 200w, https:\/\/www.feriadeteatro.com\/feria2022\/wp-content\/uploads\/2019\/08\/Panel14-Expo-20Divierteatro-214x300.jpg 214w, https:\/\/www.feriadeteatro.com\/feria2022\/wp-content\/uploads\/2019\/08\/Panel14-Expo-20Divierteatro-400x560.jpg 400w, https:\/\/www.feriadeteatro.com\/feria2022\/wp-content\/uploads\/2019\/08\/Panel14-Expo-20Divierteatro-600x840.jpg 600w, https:\/\/www.feriadeteatro.com\/feria2022\/wp-content\/uploads\/2019\/08\/Panel14-Expo-20Divierteatro-731x1024.jpg 731w, https:\/\/www.feriadeteatro.com\/feria2022\/wp-content\/uploads\/2019\/08\/Panel14-Expo-20Divierteatro-768x1075.jpg 768w, https:\/\/www.feriadeteatro.com\/feria2022\/wp-content\/uploads\/2019\/08\/Panel14-Expo-20Divierteatro.jpg 800w\" sizes=\"(max-width: 800px) 100vw, 800px\" \/><\/p>\n<p align=\"justify\"><img decoding=\"async\" class=\"alignnone size-full wp-image-2639\" src=\"https:\/\/feriadeteatro.com\/feria2019\/wp-content\/uploads\/2019\/08\/Panel15-Expo-20Divierteatro.jpg\" alt=\"\" width=\"800\" height=\"1120\" srcset=\"https:\/\/www.feriadeteatro.com\/feria2022\/wp-content\/uploads\/2019\/08\/Panel15-Expo-20Divierteatro-200x280.jpg 200w, https:\/\/www.feriadeteatro.com\/feria2022\/wp-content\/uploads\/2019\/08\/Panel15-Expo-20Divierteatro-214x300.jpg 214w, https:\/\/www.feriadeteatro.com\/feria2022\/wp-content\/uploads\/2019\/08\/Panel15-Expo-20Divierteatro-400x560.jpg 400w, https:\/\/www.feriadeteatro.com\/feria2022\/wp-content\/uploads\/2019\/08\/Panel15-Expo-20Divierteatro-600x840.jpg 600w, https:\/\/www.feriadeteatro.com\/feria2022\/wp-content\/uploads\/2019\/08\/Panel15-Expo-20Divierteatro-731x1024.jpg 731w, https:\/\/www.feriadeteatro.com\/feria2022\/wp-content\/uploads\/2019\/08\/Panel15-Expo-20Divierteatro-768x1075.jpg 768w, https:\/\/www.feriadeteatro.com\/feria2022\/wp-content\/uploads\/2019\/08\/Panel15-Expo-20Divierteatro.jpg 800w\" sizes=\"(max-width: 800px) 100vw, 800px\" \/><\/p>\n<p align=\"justify\"><img decoding=\"async\" class=\"alignnone size-full wp-image-2640\" src=\"https:\/\/feriadeteatro.com\/feria2019\/wp-content\/uploads\/2019\/08\/Panel16-Expo-20Divierteatro.jpg\" alt=\"\" width=\"800\" height=\"1120\" srcset=\"https:\/\/www.feriadeteatro.com\/feria2022\/wp-content\/uploads\/2019\/08\/Panel16-Expo-20Divierteatro-200x280.jpg 200w, https:\/\/www.feriadeteatro.com\/feria2022\/wp-content\/uploads\/2019\/08\/Panel16-Expo-20Divierteatro-214x300.jpg 214w, https:\/\/www.feriadeteatro.com\/feria2022\/wp-content\/uploads\/2019\/08\/Panel16-Expo-20Divierteatro-400x560.jpg 400w, https:\/\/www.feriadeteatro.com\/feria2022\/wp-content\/uploads\/2019\/08\/Panel16-Expo-20Divierteatro-600x840.jpg 600w, https:\/\/www.feriadeteatro.com\/feria2022\/wp-content\/uploads\/2019\/08\/Panel16-Expo-20Divierteatro-731x1024.jpg 731w, https:\/\/www.feriadeteatro.com\/feria2022\/wp-content\/uploads\/2019\/08\/Panel16-Expo-20Divierteatro-768x1075.jpg 768w, https:\/\/www.feriadeteatro.com\/feria2022\/wp-content\/uploads\/2019\/08\/Panel16-Expo-20Divierteatro.jpg 800w\" sizes=\"(max-width: 800px) 100vw, 800px\" \/><\/p>\n<p align=\"justify\"><img decoding=\"async\" class=\"alignnone size-full wp-image-2641\" src=\"https:\/\/feriadeteatro.com\/feria2019\/wp-content\/uploads\/2019\/08\/Panel17-Expo-20Divierteatro.jpg\" alt=\"\" width=\"800\" height=\"1120\" srcset=\"https:\/\/www.feriadeteatro.com\/feria2022\/wp-content\/uploads\/2019\/08\/Panel17-Expo-20Divierteatro-200x280.jpg 200w, https:\/\/www.feriadeteatro.com\/feria2022\/wp-content\/uploads\/2019\/08\/Panel17-Expo-20Divierteatro-214x300.jpg 214w, https:\/\/www.feriadeteatro.com\/feria2022\/wp-content\/uploads\/2019\/08\/Panel17-Expo-20Divierteatro-400x560.jpg 400w, https:\/\/www.feriadeteatro.com\/feria2022\/wp-content\/uploads\/2019\/08\/Panel17-Expo-20Divierteatro-600x840.jpg 600w, https:\/\/www.feriadeteatro.com\/feria2022\/wp-content\/uploads\/2019\/08\/Panel17-Expo-20Divierteatro-731x1024.jpg 731w, https:\/\/www.feriadeteatro.com\/feria2022\/wp-content\/uploads\/2019\/08\/Panel17-Expo-20Divierteatro-768x1075.jpg 768w, https:\/\/www.feriadeteatro.com\/feria2022\/wp-content\/uploads\/2019\/08\/Panel17-Expo-20Divierteatro.jpg 800w\" sizes=\"(max-width: 800px) 100vw, 800px\" \/><\/p>\n<p align=\"justify\"><img decoding=\"async\" class=\"alignnone size-full wp-image-2642\" src=\"https:\/\/feriadeteatro.com\/feria2019\/wp-content\/uploads\/2019\/08\/Panel18-Expo-20Divierteatro.jpg\" alt=\"\" width=\"800\" height=\"1120\" srcset=\"https:\/\/www.feriadeteatro.com\/feria2022\/wp-content\/uploads\/2019\/08\/Panel18-Expo-20Divierteatro-200x280.jpg 200w, https:\/\/www.feriadeteatro.com\/feria2022\/wp-content\/uploads\/2019\/08\/Panel18-Expo-20Divierteatro-214x300.jpg 214w, https:\/\/www.feriadeteatro.com\/feria2022\/wp-content\/uploads\/2019\/08\/Panel18-Expo-20Divierteatro-400x560.jpg 400w, https:\/\/www.feriadeteatro.com\/feria2022\/wp-content\/uploads\/2019\/08\/Panel18-Expo-20Divierteatro-600x840.jpg 600w, https:\/\/www.feriadeteatro.com\/feria2022\/wp-content\/uploads\/2019\/08\/Panel18-Expo-20Divierteatro-731x1024.jpg 731w, https:\/\/www.feriadeteatro.com\/feria2022\/wp-content\/uploads\/2019\/08\/Panel18-Expo-20Divierteatro-768x1075.jpg 768w, https:\/\/www.feriadeteatro.com\/feria2022\/wp-content\/uploads\/2019\/08\/Panel18-Expo-20Divierteatro.jpg 800w\" sizes=\"(max-width: 800px) 100vw, 800px\" \/><\/p>\n<p align=\"justify\"><img decoding=\"async\" class=\"alignnone size-full wp-image-2643\" src=\"https:\/\/feriadeteatro.com\/feria2019\/wp-content\/uploads\/2019\/08\/Panel19-Expo-20Divierteatro.jpg\" alt=\"\" width=\"800\" height=\"1120\" srcset=\"https:\/\/www.feriadeteatro.com\/feria2022\/wp-content\/uploads\/2019\/08\/Panel19-Expo-20Divierteatro-200x280.jpg 200w, https:\/\/www.feriadeteatro.com\/feria2022\/wp-content\/uploads\/2019\/08\/Panel19-Expo-20Divierteatro-214x300.jpg 214w, https:\/\/www.feriadeteatro.com\/feria2022\/wp-content\/uploads\/2019\/08\/Panel19-Expo-20Divierteatro-400x560.jpg 400w, https:\/\/www.feriadeteatro.com\/feria2022\/wp-content\/uploads\/2019\/08\/Panel19-Expo-20Divierteatro-600x840.jpg 600w, https:\/\/www.feriadeteatro.com\/feria2022\/wp-content\/uploads\/2019\/08\/Panel19-Expo-20Divierteatro-731x1024.jpg 731w, https:\/\/www.feriadeteatro.com\/feria2022\/wp-content\/uploads\/2019\/08\/Panel19-Expo-20Divierteatro-768x1075.jpg 768w, https:\/\/www.feriadeteatro.com\/feria2022\/wp-content\/uploads\/2019\/08\/Panel19-Expo-20Divierteatro.jpg 800w\" sizes=\"(max-width: 800px) 100vw, 800px\" \/><\/p>\n<p align=\"justify\"><img decoding=\"async\" class=\"alignnone size-full wp-image-2644\" src=\"https:\/\/feriadeteatro.com\/feria2019\/wp-content\/uploads\/2019\/08\/Panel20-Expo-20Divierteatro.jpg\" alt=\"\" width=\"800\" height=\"1120\" srcset=\"https:\/\/www.feriadeteatro.com\/feria2022\/wp-content\/uploads\/2019\/08\/Panel20-Expo-20Divierteatro-200x280.jpg 200w, https:\/\/www.feriadeteatro.com\/feria2022\/wp-content\/uploads\/2019\/08\/Panel20-Expo-20Divierteatro-214x300.jpg 214w, https:\/\/www.feriadeteatro.com\/feria2022\/wp-content\/uploads\/2019\/08\/Panel20-Expo-20Divierteatro-400x560.jpg 400w, https:\/\/www.feriadeteatro.com\/feria2022\/wp-content\/uploads\/2019\/08\/Panel20-Expo-20Divierteatro-600x840.jpg 600w, https:\/\/www.feriadeteatro.com\/feria2022\/wp-content\/uploads\/2019\/08\/Panel20-Expo-20Divierteatro-731x1024.jpg 731w, https:\/\/www.feriadeteatro.com\/feria2022\/wp-content\/uploads\/2019\/08\/Panel20-Expo-20Divierteatro-768x1075.jpg 768w, https:\/\/www.feriadeteatro.com\/feria2022\/wp-content\/uploads\/2019\/08\/Panel20-Expo-20Divierteatro.jpg 800w\" sizes=\"(max-width: 800px) 100vw, 800px\" \/><\/p>\n<p align=\"justify\"><img decoding=\"async\" class=\"alignnone size-full wp-image-2645\" src=\"https:\/\/feriadeteatro.com\/feria2019\/wp-content\/uploads\/2019\/08\/Panel-Denis-Rafter.jpg\" alt=\"\" width=\"800\" height=\"560\" srcset=\"https:\/\/www.feriadeteatro.com\/feria2022\/wp-content\/uploads\/2019\/08\/Panel-Denis-Rafter-200x140.jpg 200w, https:\/\/www.feriadeteatro.com\/feria2022\/wp-content\/uploads\/2019\/08\/Panel-Denis-Rafter-300x210.jpg 300w, https:\/\/www.feriadeteatro.com\/feria2022\/wp-content\/uploads\/2019\/08\/Panel-Denis-Rafter-400x280.jpg 400w, https:\/\/www.feriadeteatro.com\/feria2022\/wp-content\/uploads\/2019\/08\/Panel-Denis-Rafter-600x420.jpg 600w, https:\/\/www.feriadeteatro.com\/feria2022\/wp-content\/uploads\/2019\/08\/Panel-Denis-Rafter-768x538.jpg 768w, https:\/\/www.feriadeteatro.com\/feria2022\/wp-content\/uploads\/2019\/08\/Panel-Denis-Rafter.jpg 800w\" sizes=\"(max-width: 800px) 100vw, 800px\" \/><\/p>\n<p align=\"justify\"><img decoding=\"async\" class=\"alignnone size-full wp-image-2646\" src=\"https:\/\/feriadeteatro.com\/feria2019\/wp-content\/uploads\/2019\/08\/Panel-monitores.jpg\" alt=\"\" width=\"950\" height=\"665\" srcset=\"https:\/\/www.feriadeteatro.com\/feria2022\/wp-content\/uploads\/2019\/08\/Panel-monitores-200x140.jpg 200w, https:\/\/www.feriadeteatro.com\/feria2022\/wp-content\/uploads\/2019\/08\/Panel-monitores-300x210.jpg 300w, https:\/\/www.feriadeteatro.com\/feria2022\/wp-content\/uploads\/2019\/08\/Panel-monitores-400x280.jpg 400w, https:\/\/www.feriadeteatro.com\/feria2022\/wp-content\/uploads\/2019\/08\/Panel-monitores-600x420.jpg 600w, https:\/\/www.feriadeteatro.com\/feria2022\/wp-content\/uploads\/2019\/08\/Panel-monitores-768x538.jpg 768w, https:\/\/www.feriadeteatro.com\/feria2022\/wp-content\/uploads\/2019\/08\/Panel-monitores-800x560.jpg 800w, https:\/\/www.feriadeteatro.com\/feria2022\/wp-content\/uploads\/2019\/08\/Panel-monitores.jpg 950w\" sizes=\"(max-width: 950px) 100vw, 950px\" \/><\/p>\n<\/div><div class=\"fusion-clearfix\"><\/div><\/div><\/div><\/div><\/div><\/p>\n","protected":false},"excerpt":{"rendered":"","protected":false},"author":1,"featured_media":0,"parent":0,"menu_order":0,"comment_status":"closed","ping_status":"closed","template":"","meta":{"footnotes":""},"class_list":["post-2622","page","type-page","status-publish","hentry"],"_links":{"self":[{"href":"https:\/\/www.feriadeteatro.com\/feria2022\/wp-json\/wp\/v2\/pages\/2622","targetHints":{"allow":["GET"]}}],"collection":[{"href":"https:\/\/www.feriadeteatro.com\/feria2022\/wp-json\/wp\/v2\/pages"}],"about":[{"href":"https:\/\/www.feriadeteatro.com\/feria2022\/wp-json\/wp\/v2\/types\/page"}],"author":[{"embeddable":true,"href":"https:\/\/www.feriadeteatro.com\/feria2022\/wp-json\/wp\/v2\/users\/1"}],"replies":[{"embeddable":true,"href":"https:\/\/www.feriadeteatro.com\/feria2022\/wp-json\/wp\/v2\/comments?post=2622"}],"version-history":[{"count":1,"href":"https:\/\/www.feriadeteatro.com\/feria2022\/wp-json\/wp\/v2\/pages\/2622\/revisions"}],"predecessor-version":[{"id":7012,"href":"https:\/\/www.feriadeteatro.com\/feria2022\/wp-json\/wp\/v2\/pages\/2622\/revisions\/7012"}],"wp:attachment":[{"href":"https:\/\/www.feriadeteatro.com\/feria2022\/wp-json\/wp\/v2\/media?parent=2622"}],"curies":[{"name":"wp","href":"https:\/\/api.w.org\/{rel}","templated":true}]}}