{"id":367,"date":"2017-08-04T09:10:48","date_gmt":"2017-08-04T09:10:48","guid":{"rendered":"http:\/\/feriadeteatro.es\/webmovil\/?page_id=6"},"modified":"2021-12-14T18:27:34","modified_gmt":"2021-12-14T18:27:34","slug":"presentacion","status":"publish","type":"page","link":"https:\/\/www.feriadeteatro.com\/feria2022\/presentacion\/","title":{"rendered":"Presentaci\u00f3n"},"content":{"rendered":"<p><div class=\"fusion-fullwidth fullwidth-box fusion-builder-row-1 fusion-flex-container nonhundred-percent-fullwidth non-hundred-percent-height-scrolling\" style=\"background-color: #dddddd;background-position: center center;background-repeat: no-repeat;border-width: 0px 0px 0px 0px;border-color:#eae9e9;border-style:solid;\" ><div class=\"fusion-builder-row fusion-row fusion-flex-align-items-flex-start\" style=\"max-width:1216.8px;margin-left: calc(-4% \/ 2 );margin-right: calc(-4% \/ 2 );\"><div class=\"fusion-layout-column fusion_builder_column fusion-builder-column-0 fusion_builder_column_1_1 1_1 fusion-flex-column\"><div class=\"fusion-column-wrapper fusion-flex-justify-content-center fusion-content-layout-column\" style=\"background-position:left top;background-repeat:no-repeat;-webkit-background-size:cover;-moz-background-size:cover;-o-background-size:cover;background-size:cover;padding: 0px 0px 0px 0px;\"><style type=\"text\/css\">@media only screen and (max-width:1024px) {.fusion-title.fusion-title-1{margin-top:0px!important;margin-bottom:0px!important;}}<\/style><div class=\"fusion-title title fusion-title-1 fusion-title-text fusion-title-size-three\" style=\"margin-top:0px;margin-bottom:0px;\"><div class=\"title-sep-container title-sep-container-left fusion-no-large-visibility fusion-no-medium-visibility fusion-no-small-visibility\"><div class=\"title-sep sep-single sep-dashed\" style=\"border-color:#f46f72;\"><\/div><\/div><h3 class=\"title-heading-left\" style=\"margin:0;\"><h3>La Feria<\/h3><\/h3><div class=\"title-sep-container title-sep-container-right\"><div class=\"title-sep sep-single sep-dashed\" style=\"border-color:#f46f72;\"><\/div><\/div><\/div><\/div><\/div><style type=\"text\/css\">.fusion-body .fusion-builder-column-0{width:100% !important;margin-top : 0px;margin-bottom : 0px;}.fusion-builder-column-0 > .fusion-column-wrapper {padding-top : 0px !important;padding-right : 0px !important;margin-right : 1.92%;padding-bottom : 0px !important;padding-left : 0px !important;margin-left : 1.92%;}@media only screen and (max-width:1024px) {.fusion-body .fusion-builder-column-0{width:100% !important;}.fusion-builder-column-0 > .fusion-column-wrapper {margin-right : 1.92%;margin-left : 1.92%;}}@media only screen and (max-width:640px) {.fusion-body .fusion-builder-column-0{width:100% !important;}.fusion-builder-column-0 > .fusion-column-wrapper {margin-right : 1.92%;margin-left : 1.92%;}}<\/style><div class=\"fusion-layout-column fusion_builder_column fusion-builder-column-1 fusion_builder_column_1_6 1_6 fusion-flex-column\"><div class=\"fusion-column-wrapper fusion-flex-justify-content-center fusion-content-layout-column\" style=\"background-position:left top;background-repeat:no-repeat;-webkit-background-size:cover;-moz-background-size:cover;-o-background-size:cover;background-size:cover;padding: 0px 0px 0px 0px;\"><div style=\"text-align:center;\"><span class=\" fusion-imageframe imageframe-none imageframe-1 hover-type-none\"><a class=\"fusion-no-lightbox\" href=\"https:\/\/feriadeteatro.com\/feria2022\/descripcion-y-objetivos\/\" target=\"_self\" aria-label=\"botonLaFeriadescripcion\"><img decoding=\"async\" width=\"141\" height=\"141\" src=\"https:\/\/feriadeteatro.com\/feria2019\/wp-content\/uploads\/2019\/07\/botonLaFeriadescripcion.jpg\" class=\"img-responsive wp-image-2199\" srcset=\"https:\/\/www.feriadeteatro.com\/feria2022\/wp-content\/uploads\/2019\/07\/botonLaFeriadescripcion-66x66.jpg 66w, https:\/\/www.feriadeteatro.com\/feria2022\/wp-content\/uploads\/2019\/07\/botonLaFeriadescripcion.jpg 141w\" sizes=\"(max-width: 141px) 100vw, 141px\" \/><\/a><\/span><\/div><\/div><\/div><style type=\"text\/css\">.fusion-body .fusion-builder-column-1{width:16.666666666667% !important;margin-top : 0px;margin-bottom : 0px;}.fusion-builder-column-1 > .fusion-column-wrapper {padding-top : 0px !important;padding-right : 0px !important;margin-right : 11.52%;padding-bottom : 0px !important;padding-left : 0px !important;margin-left : 11.52%;}@media only screen and (max-width:1024px) {.fusion-body .fusion-builder-column-1{width:100% !important;}.fusion-builder-column-1 > .fusion-column-wrapper {margin-right : 1.92%;margin-left : 1.92%;}}@media only screen and (max-width:640px) {.fusion-body .fusion-builder-column-1{width:100% !important;}.fusion-builder-column-1 > .fusion-column-wrapper {margin-right : 1.92%;margin-left : 1.92%;}}<\/style><div class=\"fusion-layout-column fusion_builder_column fusion-builder-column-2 fusion_builder_column_1_6 1_6 fusion-flex-column\"><div class=\"fusion-column-wrapper fusion-flex-justify-content-flex-start fusion-content-layout-column\" style=\"background-position:left top;background-repeat:no-repeat;-webkit-background-size:cover;-moz-background-size:cover;-o-background-size:cover;background-size:cover;padding: 0px 0px 0px 0px;\"><div style=\"text-align:center;\"><span class=\" fusion-imageframe imageframe-none imageframe-2 hover-type-none\"><a class=\"fusion-no-lightbox\" href=\"https:\/\/feriadeteatro.com\/feria2022\/espacios-de-feria\/\" target=\"_self\" aria-label=\"botonLaFeriaespacios\"><img decoding=\"async\" width=\"141\" height=\"141\" src=\"https:\/\/feriadeteatro.com\/feria2019\/wp-content\/uploads\/2019\/07\/botonLaFeriaespacios.jpg\" class=\"img-responsive wp-image-2202\" srcset=\"https:\/\/www.feriadeteatro.com\/feria2022\/wp-content\/uploads\/2019\/07\/botonLaFeriaespacios-66x66.jpg 66w, https:\/\/www.feriadeteatro.com\/feria2022\/wp-content\/uploads\/2019\/07\/botonLaFeriaespacios.jpg 141w\" sizes=\"(max-width: 141px) 100vw, 141px\" \/><\/a><\/span><\/div><\/div><\/div><style type=\"text\/css\">.fusion-body .fusion-builder-column-2{width:16.666666666667% !important;margin-top : 0px;margin-bottom : 0px;}.fusion-builder-column-2 > .fusion-column-wrapper {padding-top : 0px !important;padding-right : 0px !important;margin-right : 11.52%;padding-bottom : 0px !important;padding-left : 0px !important;margin-left : 11.52%;}@media only screen and (max-width:1024px) {.fusion-body .fusion-builder-column-2{width:100% !important;}.fusion-builder-column-2 > .fusion-column-wrapper {margin-right : 1.92%;margin-left : 1.92%;}}@media only screen and (max-width:640px) {.fusion-body .fusion-builder-column-2{width:100% !important;}.fusion-builder-column-2 > .fusion-column-wrapper {margin-right : 1.92%;margin-left : 1.92%;}}<\/style><div class=\"fusion-layout-column fusion_builder_column fusion-builder-column-3 fusion_builder_column_1_6 1_6 fusion-flex-column\"><div class=\"fusion-column-wrapper fusion-flex-justify-content-flex-start fusion-content-layout-column\" style=\"background-position:left top;background-repeat:no-repeat;-webkit-background-size:cover;-moz-background-size:cover;-o-background-size:cover;background-size:cover;padding: 0px 0px 0px 0px;\"><div style=\"text-align:center;\"><span class=\" fusion-imageframe imageframe-none imageframe-3 hover-type-none\"><a class=\"fusion-no-lightbox\" href=\"https:\/\/feriadeteatro.com\/feria2022\/organizacion\/\" target=\"_self\" aria-label=\"botonLaFeriaorganizacion\"><img decoding=\"async\" width=\"141\" height=\"141\" src=\"https:\/\/feriadeteatro.com\/feria2019\/wp-content\/uploads\/2019\/07\/botonLaFeriaorganizacion.jpg\" class=\"img-responsive wp-image-2204\" srcset=\"https:\/\/www.feriadeteatro.com\/feria2022\/wp-content\/uploads\/2019\/07\/botonLaFeriaorganizacion-66x66.jpg 66w, https:\/\/www.feriadeteatro.com\/feria2022\/wp-content\/uploads\/2019\/07\/botonLaFeriaorganizacion.jpg 141w\" sizes=\"(max-width: 141px) 100vw, 141px\" \/><\/a><\/span><\/div><\/div><\/div><style type=\"text\/css\">.fusion-body .fusion-builder-column-3{width:16.666666666667% !important;margin-top : 0px;margin-bottom : 0px;}.fusion-builder-column-3 > .fusion-column-wrapper {padding-top : 0px !important;padding-right : 0px !important;margin-right : 11.52%;padding-bottom : 0px !important;padding-left : 0px !important;margin-left : 11.52%;}@media only screen and (max-width:1024px) {.fusion-body .fusion-builder-column-3{width:100% !important;}.fusion-builder-column-3 > .fusion-column-wrapper {margin-right : 1.92%;margin-left : 1.92%;}}@media only screen and (max-width:640px) {.fusion-body .fusion-builder-column-3{width:100% !important;}.fusion-builder-column-3 > .fusion-column-wrapper {margin-right : 1.92%;margin-left : 1.92%;}}<\/style><div class=\"fusion-layout-column fusion_builder_column fusion-builder-column-4 fusion_builder_column_1_6 1_6 fusion-flex-column\"><div class=\"fusion-column-wrapper fusion-flex-justify-content-flex-start fusion-content-layout-column\" style=\"background-position:left top;background-repeat:no-repeat;-webkit-background-size:cover;-moz-background-size:cover;-o-background-size:cover;background-size:cover;padding: 0px 0px 0px 0px;\"><div style=\"text-align:center;\"><span class=\" fusion-imageframe imageframe-none imageframe-4 hover-type-none\"><a class=\"fusion-no-lightbox\" href=\"https:\/\/feriadeteatro.com\/feria2022\/equipo-de-gestion\/\" target=\"_self\" aria-label=\"botonLaFeriaequipo\"><img decoding=\"async\" width=\"141\" height=\"141\" src=\"https:\/\/feriadeteatro.com\/feria2019\/wp-content\/uploads\/2019\/07\/botonLaFeriaequipo.jpg\" class=\"img-responsive wp-image-2201\" srcset=\"https:\/\/www.feriadeteatro.com\/feria2022\/wp-content\/uploads\/2019\/07\/botonLaFeriaequipo-66x66.jpg 66w, https:\/\/www.feriadeteatro.com\/feria2022\/wp-content\/uploads\/2019\/07\/botonLaFeriaequipo.jpg 141w\" sizes=\"(max-width: 141px) 100vw, 141px\" \/><\/a><\/span><\/div><\/div><\/div><style type=\"text\/css\">.fusion-body .fusion-builder-column-4{width:16.666666666667% !important;margin-top : 0px;margin-bottom : 0px;}.fusion-builder-column-4 > .fusion-column-wrapper {padding-top : 0px !important;padding-right : 0px !important;margin-right : 11.52%;padding-bottom : 0px !important;padding-left : 0px !important;margin-left : 11.52%;}@media only screen and (max-width:1024px) {.fusion-body .fusion-builder-column-4{width:100% !important;}.fusion-builder-column-4 > .fusion-column-wrapper {margin-right : 1.92%;margin-left : 1.92%;}}@media only screen and (max-width:640px) {.fusion-body .fusion-builder-column-4{width:100% !important;}.fusion-builder-column-4 > .fusion-column-wrapper {margin-right : 1.92%;margin-left : 1.92%;}}<\/style><div class=\"fusion-layout-column fusion_builder_column fusion-builder-column-5 fusion_builder_column_1_6 1_6 fusion-flex-column\"><div class=\"fusion-column-wrapper fusion-flex-justify-content-flex-start fusion-content-layout-column\" style=\"background-position:left top;background-repeat:no-repeat;-webkit-background-size:cover;-moz-background-size:cover;-o-background-size:cover;background-size:cover;padding: 0px 0px 0px 0px;\"><div style=\"text-align:center;\"><span class=\" fusion-imageframe imageframe-none imageframe-5 hover-type-none\"><a class=\"fusion-no-lightbox\" href=\"https:\/\/feriadeteatro.com\/feria2022\/fundadores\/\" target=\"_self\" aria-label=\"botonLaFeriaFundadores\"><img decoding=\"async\" width=\"141\" height=\"141\" src=\"https:\/\/feriadeteatro.com\/feria2019\/wp-content\/uploads\/2019\/07\/botonLaFeriaFundadores.jpg\" class=\"img-responsive wp-image-2203\" srcset=\"https:\/\/www.feriadeteatro.com\/feria2022\/wp-content\/uploads\/2019\/07\/botonLaFeriaFundadores-66x66.jpg 66w, https:\/\/www.feriadeteatro.com\/feria2022\/wp-content\/uploads\/2019\/07\/botonLaFeriaFundadores.jpg 141w\" sizes=\"(max-width: 141px) 100vw, 141px\" \/><\/a><\/span><\/div><\/div><\/div><style type=\"text\/css\">.fusion-body .fusion-builder-column-5{width:16.666666666667% !important;margin-top : 0px;margin-bottom : 0px;}.fusion-builder-column-5 > .fusion-column-wrapper {padding-top : 0px !important;padding-right : 0px !important;margin-right : 11.52%;padding-bottom : 0px !important;padding-left : 0px !important;margin-left : 11.52%;}@media only screen and (max-width:1024px) {.fusion-body .fusion-builder-column-5{width:100% !important;}.fusion-builder-column-5 > .fusion-column-wrapper {margin-right : 1.92%;margin-left : 1.92%;}}@media only screen and (max-width:640px) {.fusion-body .fusion-builder-column-5{width:100% !important;}.fusion-builder-column-5 > .fusion-column-wrapper {margin-right : 1.92%;margin-left : 1.92%;}}<\/style><div class=\"fusion-layout-column fusion_builder_column fusion-builder-column-6 fusion_builder_column_1_6 1_6 fusion-flex-column\"><div class=\"fusion-column-wrapper fusion-flex-justify-content-flex-start fusion-content-layout-column\" style=\"background-position:left top;background-repeat:no-repeat;-webkit-background-size:cover;-moz-background-size:cover;-o-background-size:cover;background-size:cover;padding: 0px 0px 0px 0px;\"><div style=\"text-align:center;\"><span class=\" fusion-imageframe imageframe-none imageframe-6 hover-type-none\"><a class=\"fusion-no-lightbox\" href=\"https:\/\/feriadeteatro.com\/feria2022\/ediciones-anteriores\/\" target=\"_self\" aria-label=\"botonLaFeriaedicionesanteriores\"><img decoding=\"async\" width=\"141\" height=\"141\" src=\"https:\/\/feriadeteatro.com\/feria2019\/wp-content\/uploads\/2019\/07\/botonLaFeriaedicionesanteriores.jpg\" class=\"img-responsive wp-image-2200\" srcset=\"https:\/\/www.feriadeteatro.com\/feria2022\/wp-content\/uploads\/2019\/07\/botonLaFeriaedicionesanteriores-66x66.jpg 66w, https:\/\/www.feriadeteatro.com\/feria2022\/wp-content\/uploads\/2019\/07\/botonLaFeriaedicionesanteriores.jpg 141w\" sizes=\"(max-width: 141px) 100vw, 141px\" \/><\/a><\/span><\/div><\/div><\/div><style type=\"text\/css\">.fusion-body .fusion-builder-column-6{width:16.666666666667% !important;margin-top : 0px;margin-bottom : 0px;}.fusion-builder-column-6 > .fusion-column-wrapper {padding-top : 0px !important;padding-right : 0px !important;margin-right : 11.52%;padding-bottom : 0px !important;padding-left : 0px !important;margin-left : 11.52%;}@media only screen and (max-width:1024px) {.fusion-body .fusion-builder-column-6{width:100% !important;}.fusion-builder-column-6 > .fusion-column-wrapper {margin-right : 1.92%;margin-left : 1.92%;}}@media only screen and (max-width:640px) {.fusion-body .fusion-builder-column-6{width:100% !important;}.fusion-builder-column-6 > .fusion-column-wrapper {margin-right : 1.92%;margin-left : 1.92%;}}<\/style><\/div><style type=\"text\/css\">.fusion-body .fusion-flex-container.fusion-builder-row-1{ padding-top : 20px;margin-top : -20;padding-right : 10px;padding-bottom : 20px;margin-bottom : 0;padding-left : 10px;}<\/style><\/div>\n<div class=\"fusion-fullwidth fullwidth-box fusion-builder-row-2 fusion-flex-container nonhundred-percent-fullwidth non-hundred-percent-height-scrolling\" style=\"background-color: rgba(255,255,255,0);background-position: center center;background-repeat: no-repeat;border-width: 0px 0px 0px 0px;border-color:#eae9e9;border-style:solid;\" ><div class=\"fusion-builder-row fusion-row fusion-flex-align-items-flex-start\" style=\"max-width:1216.8px;margin-left: calc(-4% \/ 2 );margin-right: calc(-4% \/ 2 );\"><div class=\"fusion-layout-column fusion_builder_column fusion-builder-column-7 fusion_builder_column_1_1 1_1 fusion-flex-column\"><div class=\"fusion-column-wrapper fusion-flex-justify-content-flex-start fusion-content-layout-column\" style=\"background-position:left top;background-repeat:no-repeat;-webkit-background-size:cover;-moz-background-size:cover;-o-background-size:cover;background-size:cover;padding: 0px 0px 0px 0px;\"><div class=\"fusion-separator fusion-full-width-sep\" style=\"align-self: center;margin-left: auto;margin-right: auto;margin-top:20px;margin-bottom:20px;width:100%;\"><\/div><\/div><\/div><style type=\"text\/css\">.fusion-body .fusion-builder-column-7{width:100% !important;margin-top : 0px;margin-bottom : 0px;}.fusion-builder-column-7 > .fusion-column-wrapper {padding-top : 0px !important;padding-right : 0px !important;margin-right : 1.92%;padding-bottom : 0px !important;padding-left : 0px !important;margin-left : 1.92%;}@media only screen and (max-width:1024px) {.fusion-body .fusion-builder-column-7{width:100% !important;}.fusion-builder-column-7 > .fusion-column-wrapper {margin-right : 1.92%;margin-left : 1.92%;}}@media only screen and (max-width:640px) {.fusion-body .fusion-builder-column-7{width:100% !important;}.fusion-builder-column-7 > .fusion-column-wrapper {margin-right : 1.92%;margin-left : 1.92%;}}<\/style><\/div><style type=\"text\/css\">.fusion-body .fusion-flex-container.fusion-builder-row-2{ padding-top : 0px;margin-top : 0px;padding-right : 0px;padding-bottom : 0px;margin-bottom : 0px;padding-left : 0px;}<\/style><\/div><div class=\"fusion-fullwidth fullwidth-box fusion-builder-row-3 fusion-flex-container nonhundred-percent-fullwidth non-hundred-percent-height-scrolling\" style=\"background-color: rgba(255,255,255,0);background-position: center center;background-repeat: no-repeat;border-width: 0px 0px 0px 0px;border-color:#eae9e9;border-style:solid;\" ><div class=\"fusion-builder-row fusion-row fusion-flex-align-items-flex-start\" style=\"max-width:1216.8px;margin-left: calc(-4% \/ 2 );margin-right: calc(-4% \/ 2 );\"><div class=\"fusion-layout-column fusion_builder_column fusion-builder-column-8 fusion_builder_column_1_1 1_1 fusion-flex-column\"><div class=\"fusion-column-wrapper fusion-flex-justify-content-flex-start fusion-content-layout-column\" style=\"background-position:left top;background-repeat:no-repeat;-webkit-background-size:cover;-moz-background-size:cover;-o-background-size:cover;background-size:cover;padding: 0px 0px 0px 0px;\"><div class=\"fusion-text fusion-text-1\" style=\"transform:translate3d(0,0,0);\"><p><a href=\"https:\/\/feriadeteatro.com\/feria2022\/presentation\/\"><img decoding=\"async\" class=\"alignright wp-image-464 size-full\" src=\"https:\/\/www.feriadeteatro.com\/feria2022\/wp-content\/uploads\/2017\/12\/banderaing.png\" alt=\"\" width=\"38\" height=\"28\" \/><\/a><\/p>\n<h3 style=\"text-align: center;\"><strong>LA FERIA DE TEATRO DE CASTILLA Y LE\u00d3N: HACER GRANDE LO PEQUE\u00d1O<\/strong><\/h3>\n<h4 style=\"text-align: center;\"><strong>\u00a0\u00a0\u00a0\u00a0\u00a0\u00a0\u00a0\u00a0\u00a0\u00a0\u00a0 La Feria de Teatro de Castilla y Le\u00f3n celebra su 25\u00aa edici\u00f3n del 23 al 27 de agosto<br \/>\nbuscando nuevas complicidades y afrontando nuevos retos.<\/strong><\/h4>\n<\/div><div class=\"fusion-separator fusion-full-width-sep\" style=\"align-self: center;margin-left: auto;margin-right: auto;margin-top:20px;margin-bottom:20px;width:100%;\"><\/div><div class=\"fusion-text fusion-text-2\" style=\"transform:translate3d(0,0,0);\"><p style=\"text-align: justify;\">Las Ferias de Teatro en nuestro pa\u00eds, se est\u00e1n convirtiendo cada vez de una forma m\u00e1s acentuada, en puntos de encuentro para la profesi\u00f3n, en momentos imprescindibles donde poder dialogar, conocer, intercambiar, descubrir, promocionar, y por supuesto comercializar espect\u00e1culos de artes esc\u00e9nicas. Ciudad Rodrigo se convierte cada a\u00f1o en un espacio de encuentro imprescindible para compradores y vendedores, ofreciendo la posibilidad de conocer en vivo y de forma presencial cuarenta espect\u00e1culos a lo largo de poco m\u00e1s de cuatro d\u00edas, en un evento comercial en el que cada edici\u00f3n se acreditan m\u00e1s de doscientas entidades profesionales distintas.<\/p>\n<p style=\"text-align: justify;\">La Feria de Teatro de Castilla y Le\u00f3n se ha configurado como un proyecto cultural s\u00f3lido, acreditado y rentable,\u00a0 que atesora una programaci\u00f3n de car\u00e1cter multidisciplinar, en la que tienen cabida todos los formatos y g\u00e9neros esc\u00e9nicos, para todo tipo de p\u00fablicos y en diversos espacios. La programaci\u00f3n, con especial atenci\u00f3n a las producciones del Occidente Peninsular, se desarrolla en una docena de espacios diferentes<\/p>\n<p style=\"text-align: justify;\">Talento creativo, riesgo en la exhibici\u00f3n y mercado profesional esc\u00e9nico conforman una terna fundamental para el sector, realizando una selecci\u00f3n de espect\u00e1culos marcada por la calidad, la novedad y la pertinencia social de los espect\u00e1culos.\u00a0 La variedad y la diversidad por tanto, tanto creativa como de mercado, son una de las principales caracter\u00edsticas de esta Feria de Artes Esc\u00e9nicas.<\/p>\n<p style=\"text-align: justify;\">La Consejer\u00eda de Cultura y Turismo de la Junta de Castilla y Le\u00f3n promueve la organizaci\u00f3n de la Feria de Teatro en alianza con el Ayuntamiento de Ciudad Rodrigo, la Diputaci\u00f3n Provincial de Salamanca y la Asociaci\u00f3n C\u00edvitas; perseverando en las estrategias de promoci\u00f3n de las artes esc\u00e9nicas del Occidente peninsular. A las puertas del veinticinco aniversario, la Feria aporta energ\u00eda a la dinamizaci\u00f3n del tejido esc\u00e9nico de la pen\u00ednsula Ib\u00e9rica y contribuye a revalorizar todo el territorio de Castilla y Le\u00f3n.<\/p>\n<p style=\"text-align: justify;\"><strong>\u00a1La 25\u00aa Feria de Teatro os espera!<\/strong><\/p>\n<h4 style=\"text-align: center;\"><\/h4>\n<\/div><div ><span class=\" fusion-imageframe imageframe-none imageframe-7 hover-type-none\"><img decoding=\"async\" width=\"1600\" height=\"1067\" title=\"NAO-D\u00b4AMORES_02_websize\" src=\"https:\/\/www.feriadeteatro.com\/feria2022\/wp-content\/uploads\/2021\/12\/NAO-D\u00b4AMORES_02_websize.jpg\" class=\"img-responsive wp-image-6930\" srcset=\"https:\/\/www.feriadeteatro.com\/feria2022\/wp-content\/uploads\/2021\/12\/NAO-D\u00b4AMORES_02_websize-200x133.jpg 200w, https:\/\/www.feriadeteatro.com\/feria2022\/wp-content\/uploads\/2021\/12\/NAO-D\u00b4AMORES_02_websize-400x267.jpg 400w, https:\/\/www.feriadeteatro.com\/feria2022\/wp-content\/uploads\/2021\/12\/NAO-D\u00b4AMORES_02_websize-600x400.jpg 600w, https:\/\/www.feriadeteatro.com\/feria2022\/wp-content\/uploads\/2021\/12\/NAO-D\u00b4AMORES_02_websize-800x534.jpg 800w, https:\/\/www.feriadeteatro.com\/feria2022\/wp-content\/uploads\/2021\/12\/NAO-D\u00b4AMORES_02_websize-1200x800.jpg 1200w, https:\/\/www.feriadeteatro.com\/feria2022\/wp-content\/uploads\/2021\/12\/NAO-D\u00b4AMORES_02_websize.jpg 1600w\" sizes=\"(max-width: 1024px) 100vw, (max-width: 640px) 100vw, 1200px\" \/><\/span><\/div><\/div><\/div><style type=\"text\/css\">.fusion-body .fusion-builder-column-8{width:100% !important;margin-top : 0px;margin-bottom : 0px;}.fusion-builder-column-8 > .fusion-column-wrapper {padding-top : 0px !important;padding-right : 0px !important;margin-right : 1.92%;padding-bottom : 0px !important;padding-left : 0px !important;margin-left : 1.92%;}@media only screen and (max-width:1024px) {.fusion-body .fusion-builder-column-8{width:100% !important;}.fusion-builder-column-8 > .fusion-column-wrapper {margin-right : 1.92%;margin-left : 1.92%;}}@media only screen and (max-width:640px) {.fusion-body .fusion-builder-column-8{width:100% !important;}.fusion-builder-column-8 > .fusion-column-wrapper {margin-right : 1.92%;margin-left : 1.92%;}}<\/style><\/div><style type=\"text\/css\">.fusion-body .fusion-flex-container.fusion-builder-row-3{ padding-top : 0px;margin-top : 0px;padding-right : 0px;padding-bottom : 0px;margin-bottom : 0px;padding-left : 0px;}<\/style><\/div><div class=\"fusion-fullwidth fullwidth-box fusion-builder-row-4 fusion-flex-container nonhundred-percent-fullwidth non-hundred-percent-height-scrolling\" style=\"background-color: rgba(255,255,255,0);background-position: center center;background-repeat: no-repeat;border-width: 0px 0px 0px 0px;border-color:#eae9e9;border-style:solid;\" ><div class=\"fusion-builder-row fusion-row fusion-flex-align-items-flex-start\" style=\"max-width:1216.8px;margin-left: calc(-4% \/ 2 );margin-right: calc(-4% \/ 2 );\"><div class=\"fusion-layout-column fusion_builder_column fusion-builder-column-9 fusion_builder_column_1_1 1_1 fusion-flex-column\"><div class=\"fusion-column-wrapper fusion-flex-justify-content-flex-start fusion-content-layout-column\" style=\"background-position:left top;background-repeat:no-repeat;-webkit-background-size:cover;-moz-background-size:cover;-o-background-size:cover;background-size:cover;padding: 0px 0px 0px 0px;\"><\/div><\/div><style type=\"text\/css\">.fusion-body .fusion-builder-column-9{width:100% !important;margin-top : 0px;margin-bottom : 0px;}.fusion-builder-column-9 > .fusion-column-wrapper {padding-top : 0px !important;padding-right : 0px !important;margin-right : 1.92%;padding-bottom : 0px !important;padding-left : 0px !important;margin-left : 1.92%;}@media only screen and (max-width:1024px) {.fusion-body .fusion-builder-column-9{width:100% !important;}.fusion-builder-column-9 > .fusion-column-wrapper {margin-right : 1.92%;margin-left : 1.92%;}}@media only screen and (max-width:640px) {.fusion-body .fusion-builder-column-9{width:100% !important;}.fusion-builder-column-9 > .fusion-column-wrapper {margin-right : 1.92%;margin-left : 1.92%;}}<\/style><\/div><style type=\"text\/css\">.fusion-body .fusion-flex-container.fusion-builder-row-4{ padding-top : 0px;margin-top : 0px;padding-right : 0px;padding-bottom : 0px;margin-bottom : 0px;padding-left : 0px;}<\/style><\/div><\/p>\n","protected":false},"excerpt":{"rendered":"","protected":false},"author":1,"featured_media":0,"parent":0,"menu_order":0,"comment_status":"closed","ping_status":"closed","template":"","meta":{"footnotes":""},"class_list":["post-367","page","type-page","status-publish","hentry"],"_links":{"self":[{"href":"https:\/\/www.feriadeteatro.com\/feria2022\/wp-json\/wp\/v2\/pages\/367","targetHints":{"allow":["GET"]}}],"collection":[{"href":"https:\/\/www.feriadeteatro.com\/feria2022\/wp-json\/wp\/v2\/pages"}],"about":[{"href":"https:\/\/www.feriadeteatro.com\/feria2022\/wp-json\/wp\/v2\/types\/page"}],"author":[{"embeddable":true,"href":"https:\/\/www.feriadeteatro.com\/feria2022\/wp-json\/wp\/v2\/users\/1"}],"replies":[{"embeddable":true,"href":"https:\/\/www.feriadeteatro.com\/feria2022\/wp-json\/wp\/v2\/comments?post=367"}],"version-history":[{"count":9,"href":"https:\/\/www.feriadeteatro.com\/feria2022\/wp-json\/wp\/v2\/pages\/367\/revisions"}],"predecessor-version":[{"id":6940,"href":"https:\/\/www.feriadeteatro.com\/feria2022\/wp-json\/wp\/v2\/pages\/367\/revisions\/6940"}],"wp:attachment":[{"href":"https:\/\/www.feriadeteatro.com\/feria2022\/wp-json\/wp\/v2\/media?parent=367"}],"curies":[{"name":"wp","href":"https:\/\/api.w.org\/{rel}","templated":true}]}}