{"id":59,"date":"2017-08-04T09:25:09","date_gmt":"2017-08-04T09:25:09","guid":{"rendered":"http:\/\/feriadeteatro.es\/webmovil\/?page_id=59"},"modified":"2022-11-07T13:32:59","modified_gmt":"2022-11-07T13:32:59","slug":"datos-promocion-del-teatro","status":"publish","type":"page","link":"https:\/\/www.feriadeteatro.com\/feria2022\/datos-promocion-del-teatro\/","title":{"rendered":"Datos promoci\u00f3n del teatro"},"content":{"rendered":"<p><div class=\"fusion-fullwidth fullwidth-box fusion-builder-row-1 nonhundred-percent-fullwidth non-hundred-percent-height-scrolling\" style=\"background-color: rgba(255,255,255,0);background-position: center center;background-repeat: no-repeat;padding-top:0px;padding-right:0px;padding-bottom:0px;padding-left:0px;margin-bottom: 0px;margin-top: 0px;border-width: 0px 0px 0px 0px;border-color:#eae9e9;border-style:solid;\" ><div class=\"fusion-builder-row fusion-row\"><div class=\"fusion-layout-column fusion_builder_column fusion-builder-column-0 fusion_builder_column_1_1 1_1 fusion-one-full fusion-column-first fusion-column-last\" style=\"margin-top:0px;margin-bottom:0px;\"><div class=\"fusion-column-wrapper fusion-flex-column-wrapper-legacy\" style=\"background-position:left top;background-repeat:no-repeat;-webkit-background-size:cover;-moz-background-size:cover;-o-background-size:cover;background-size:cover;padding: 0px 0px 0px 0px;\"><div class=\"fusion-sep-clear\"><\/div><div class=\"fusion-separator fusion-full-width-sep\" style=\"margin-left: auto;margin-right: auto;margin-top:20px;margin-bottom:20px;width:100%;\"><\/div><div class=\"fusion-sep-clear\"><\/div><div class=\"fusion-clearfix\"><\/div><\/div><\/div><\/div><\/div><div class=\"fusion-fullwidth fullwidth-box fusion-builder-row-2 fusion-flex-container nonhundred-percent-fullwidth non-hundred-percent-height-scrolling\" style=\"background-color: #dddddd;background-position: center center;background-repeat: no-repeat;border-width: 0px 0px 0px 0px;border-color:#eae9e9;border-style:solid;\" ><div class=\"fusion-builder-row fusion-row fusion-flex-align-items-flex-start\" style=\"max-width:1216.8px;margin-left: calc(-4% \/ 2 );margin-right: calc(-4% \/ 2 );\"><div class=\"fusion-layout-column fusion_builder_column fusion-builder-column-1 fusion_builder_column_1_1 1_1 fusion-flex-column\"><div class=\"fusion-column-wrapper fusion-flex-justify-content-center fusion-content-layout-column\" style=\"background-position:left top;background-repeat:no-repeat;-webkit-background-size:cover;-moz-background-size:cover;-o-background-size:cover;background-size:cover;padding: 0px 0px 0px 0px;\"><style type=\"text\/css\">@media only screen and (max-width:1024px) {.fusion-title.fusion-title-1{margin-top:0px!important;margin-bottom:0px!important;}}<\/style><div class=\"fusion-title title fusion-title-1 fusion-title-text fusion-title-size-three\" style=\"margin-top:0px;margin-bottom:0px;\"><div class=\"title-sep-container title-sep-container-left fusion-no-large-visibility fusion-no-medium-visibility fusion-no-small-visibility\"><div class=\"title-sep sep-single sep-dashed\" style=\"border-color:#f46f72;\"><\/div><\/div><h3 class=\"title-heading-left\" style=\"margin:0;\"><h3>La Feria en cifras<\/h3><\/h3><div class=\"title-sep-container title-sep-container-right\"><div class=\"title-sep sep-single sep-dashed\" style=\"border-color:#f46f72;\"><\/div><\/div><\/div><\/div><\/div><style type=\"text\/css\">.fusion-body .fusion-builder-column-1{width:100% !important;margin-top : 0px;margin-bottom : 0px;}.fusion-builder-column-1 > .fusion-column-wrapper {padding-top : 0px !important;padding-right : 0px !important;margin-right : 1.92%;padding-bottom : 0px !important;padding-left : 0px !important;margin-left : 1.92%;}@media only screen and (max-width:1024px) {.fusion-body .fusion-builder-column-1{width:100% !important;}.fusion-builder-column-1 > .fusion-column-wrapper {margin-right : 1.92%;margin-left : 1.92%;}}@media only screen and (max-width:640px) {.fusion-body .fusion-builder-column-1{width:100% !important;}.fusion-builder-column-1 > .fusion-column-wrapper {margin-right : 1.92%;margin-left : 1.92%;}}<\/style><div class=\"fusion-layout-column fusion_builder_column fusion-builder-column-2 fusion_builder_column_1_6 1_6 fusion-flex-column\"><div class=\"fusion-column-wrapper fusion-flex-justify-content-center fusion-content-layout-column\" style=\"background-position:left top;background-repeat:no-repeat;-webkit-background-size:cover;-moz-background-size:cover;-o-background-size:cover;background-size:cover;padding: 0px 0px 0px 0px;\"><div style=\"text-align:center;\"><span class=\" fusion-imageframe imageframe-none imageframe-1 hover-type-none\"><a class=\"fusion-no-lightbox\" href=\"https:\/\/www.feriadeteatro.com\/feria2022\/datos-companias\/\" target=\"_self\" aria-label=\"botonDatosCompanias\"><img decoding=\"async\" width=\"300\" height=\"300\" src=\"https:\/\/www.feriadeteatro.com\/feria2022\/wp-content\/uploads\/2021\/12\/botonDatosCompanias.jpg\" class=\"img-responsive wp-image-6901\" srcset=\"https:\/\/www.feriadeteatro.com\/feria2022\/wp-content\/uploads\/2021\/12\/botonDatosCompanias-200x200.jpg 200w, https:\/\/www.feriadeteatro.com\/feria2022\/wp-content\/uploads\/2021\/12\/botonDatosCompanias.jpg 300w\" sizes=\"(max-width: 1024px) 100vw, (max-width: 640px) 100vw, 200px\" \/><\/a><\/span><\/div><\/div><\/div><style type=\"text\/css\">.fusion-body .fusion-builder-column-2{width:16.666666666667% !important;margin-top : 0px;margin-bottom : 0px;}.fusion-builder-column-2 > .fusion-column-wrapper {padding-top : 0px !important;padding-right : 0px !important;margin-right : 11.52%;padding-bottom : 0px !important;padding-left : 0px !important;margin-left : 11.52%;}@media only screen and (max-width:1024px) {.fusion-body .fusion-builder-column-2{width:100% !important;}.fusion-builder-column-2 > .fusion-column-wrapper {margin-right : 1.92%;margin-left : 1.92%;}}@media only screen and (max-width:640px) {.fusion-body .fusion-builder-column-2{width:100% !important;}.fusion-builder-column-2 > .fusion-column-wrapper {margin-right : 1.92%;margin-left : 1.92%;}}<\/style><div class=\"fusion-layout-column fusion_builder_column fusion-builder-column-3 fusion_builder_column_1_6 1_6 fusion-flex-column\"><div class=\"fusion-column-wrapper fusion-flex-justify-content-center fusion-content-layout-column\" style=\"background-position:left top;background-repeat:no-repeat;-webkit-background-size:cover;-moz-background-size:cover;-o-background-size:cover;background-size:cover;padding: 0px 0px 0px 0px;\"><div style=\"text-align:center;\"><span class=\" fusion-imageframe imageframe-none imageframe-2 hover-type-none\"><a class=\"fusion-no-lightbox\" href=\"https:\/\/www.feriadeteatro.com\/feria2022\/datos-companias-de-castilla-y-leon\/\" target=\"_self\" aria-label=\"botonDatosCompaniasCyL\"><img decoding=\"async\" width=\"300\" height=\"300\" src=\"https:\/\/www.feriadeteatro.com\/feria2022\/wp-content\/uploads\/2021\/12\/botonDatosCompaniasCyL.jpg\" class=\"img-responsive wp-image-6903\" srcset=\"https:\/\/www.feriadeteatro.com\/feria2022\/wp-content\/uploads\/2021\/12\/botonDatosCompaniasCyL-200x200.jpg 200w, https:\/\/www.feriadeteatro.com\/feria2022\/wp-content\/uploads\/2021\/12\/botonDatosCompaniasCyL.jpg 300w\" sizes=\"(max-width: 1024px) 100vw, (max-width: 640px) 100vw, 200px\" \/><\/a><\/span><\/div><\/div><\/div><style type=\"text\/css\">.fusion-body .fusion-builder-column-3{width:16.666666666667% !important;margin-top : 0px;margin-bottom : 0px;}.fusion-builder-column-3 > .fusion-column-wrapper {padding-top : 0px !important;padding-right : 0px !important;margin-right : 11.52%;padding-bottom : 0px !important;padding-left : 0px !important;margin-left : 11.52%;}@media only screen and (max-width:1024px) {.fusion-body .fusion-builder-column-3{width:100% !important;}.fusion-builder-column-3 > .fusion-column-wrapper {margin-right : 1.92%;margin-left : 1.92%;}}@media only screen and (max-width:640px) {.fusion-body .fusion-builder-column-3{width:100% !important;}.fusion-builder-column-3 > .fusion-column-wrapper {margin-right : 1.92%;margin-left : 1.92%;}}<\/style><div class=\"fusion-layout-column fusion_builder_column fusion-builder-column-4 fusion_builder_column_1_6 1_6 fusion-flex-column\"><div class=\"fusion-column-wrapper fusion-flex-justify-content-center fusion-content-layout-column\" style=\"background-position:left top;background-repeat:no-repeat;-webkit-background-size:cover;-moz-background-size:cover;-o-background-size:cover;background-size:cover;padding: 0px 0px 0px 0px;\"><div style=\"text-align:center;\"><span class=\" fusion-imageframe imageframe-none imageframe-3 hover-type-none\"><a class=\"fusion-no-lightbox\" href=\"https:\/\/www.feriadeteatro.com\/feria2022\/datos-espectadores\/\" target=\"_self\" aria-label=\"botonDatosEspectadores\"><img decoding=\"async\" width=\"300\" height=\"300\" src=\"https:\/\/www.feriadeteatro.com\/feria2022\/wp-content\/uploads\/2021\/12\/botonDatosEspectadores.jpg\" class=\"img-responsive wp-image-6902\" srcset=\"https:\/\/www.feriadeteatro.com\/feria2022\/wp-content\/uploads\/2021\/12\/botonDatosEspectadores-200x200.jpg 200w, https:\/\/www.feriadeteatro.com\/feria2022\/wp-content\/uploads\/2021\/12\/botonDatosEspectadores.jpg 300w\" sizes=\"(max-width: 1024px) 100vw, (max-width: 640px) 100vw, 200px\" \/><\/a><\/span><\/div><\/div><\/div><style type=\"text\/css\">.fusion-body .fusion-builder-column-4{width:16.666666666667% !important;margin-top : 0px;margin-bottom : 0px;}.fusion-builder-column-4 > .fusion-column-wrapper {padding-top : 0px !important;padding-right : 0px !important;margin-right : 11.52%;padding-bottom : 0px !important;padding-left : 0px !important;margin-left : 11.52%;}@media only screen and (max-width:1024px) {.fusion-body .fusion-builder-column-4{width:100% !important;}.fusion-builder-column-4 > .fusion-column-wrapper {margin-right : 1.92%;margin-left : 1.92%;}}@media only screen and (max-width:640px) {.fusion-body .fusion-builder-column-4{width:100% !important;}.fusion-builder-column-4 > .fusion-column-wrapper {margin-right : 1.92%;margin-left : 1.92%;}}<\/style><div class=\"fusion-layout-column fusion_builder_column fusion-builder-column-5 fusion_builder_column_1_6 1_6 fusion-flex-column\"><div class=\"fusion-column-wrapper fusion-flex-justify-content-center fusion-content-layout-column\" style=\"background-position:left top;background-repeat:no-repeat;-webkit-background-size:cover;-moz-background-size:cover;-o-background-size:cover;background-size:cover;padding: 0px 0px 0px 0px;\"><div style=\"text-align:center;\"><span class=\" fusion-imageframe imageframe-none imageframe-4 hover-type-none\"><a class=\"fusion-no-lightbox\" href=\"https:\/\/www.feriadeteatro.com\/feria2022\/datos-profesionales\/\" target=\"_self\" aria-label=\"botonDatosProfesionales\"><img decoding=\"async\" width=\"300\" height=\"300\" src=\"https:\/\/www.feriadeteatro.com\/feria2022\/wp-content\/uploads\/2021\/12\/botonDatosProfesionales.jpg\" class=\"img-responsive wp-image-6905\" srcset=\"https:\/\/www.feriadeteatro.com\/feria2022\/wp-content\/uploads\/2021\/12\/botonDatosProfesionales-200x200.jpg 200w, https:\/\/www.feriadeteatro.com\/feria2022\/wp-content\/uploads\/2021\/12\/botonDatosProfesionales.jpg 300w\" sizes=\"(max-width: 1024px) 100vw, (max-width: 640px) 100vw, 200px\" \/><\/a><\/span><\/div><\/div><\/div><style type=\"text\/css\">.fusion-body .fusion-builder-column-5{width:16.666666666667% !important;margin-top : 0px;margin-bottom : 0px;}.fusion-builder-column-5 > .fusion-column-wrapper {padding-top : 0px !important;padding-right : 0px !important;margin-right : 11.52%;padding-bottom : 0px !important;padding-left : 0px !important;margin-left : 11.52%;}@media only screen and (max-width:1024px) {.fusion-body .fusion-builder-column-5{width:100% !important;}.fusion-builder-column-5 > .fusion-column-wrapper {margin-right : 1.92%;margin-left : 1.92%;}}@media only screen and (max-width:640px) {.fusion-body .fusion-builder-column-5{width:100% !important;}.fusion-builder-column-5 > .fusion-column-wrapper {margin-right : 1.92%;margin-left : 1.92%;}}<\/style><div class=\"fusion-layout-column fusion_builder_column fusion-builder-column-6 fusion_builder_column_1_6 1_6 fusion-flex-column\"><div class=\"fusion-column-wrapper fusion-flex-justify-content-center fusion-content-layout-column\" style=\"background-position:left top;background-repeat:no-repeat;-webkit-background-size:cover;-moz-background-size:cover;-o-background-size:cover;background-size:cover;padding: 0px 0px 0px 0px;\"><div style=\"text-align:center;\"><span class=\" fusion-imageframe imageframe-none imageframe-5 hover-type-none\"><a class=\"fusion-no-lightbox\" href=\"https:\/\/www.feriadeteatro.com\/feria2022\/datos-promocion-del-teatro\/\" target=\"_self\" aria-label=\"botonDatosPromocion\"><img decoding=\"async\" width=\"300\" height=\"300\" src=\"https:\/\/www.feriadeteatro.com\/feria2022\/wp-content\/uploads\/2021\/12\/botonDatosPromocion.jpg\" class=\"img-responsive wp-image-6904\" srcset=\"https:\/\/www.feriadeteatro.com\/feria2022\/wp-content\/uploads\/2021\/12\/botonDatosPromocion-200x200.jpg 200w, https:\/\/www.feriadeteatro.com\/feria2022\/wp-content\/uploads\/2021\/12\/botonDatosPromocion.jpg 300w\" sizes=\"(max-width: 1024px) 100vw, (max-width: 640px) 100vw, 200px\" \/><\/a><\/span><\/div><\/div><\/div><style type=\"text\/css\">.fusion-body .fusion-builder-column-6{width:16.666666666667% !important;margin-top : 0px;margin-bottom : 0px;}.fusion-builder-column-6 > .fusion-column-wrapper {padding-top : 0px !important;padding-right : 0px !important;margin-right : 11.52%;padding-bottom : 0px !important;padding-left : 0px !important;margin-left : 11.52%;}@media only screen and (max-width:1024px) {.fusion-body .fusion-builder-column-6{width:100% !important;}.fusion-builder-column-6 > .fusion-column-wrapper {margin-right : 1.92%;margin-left : 1.92%;}}@media only screen and (max-width:640px) {.fusion-body .fusion-builder-column-6{width:100% !important;}.fusion-builder-column-6 > .fusion-column-wrapper {margin-right : 1.92%;margin-left : 1.92%;}}<\/style><div class=\"fusion-layout-column fusion_builder_column fusion-builder-column-7 fusion_builder_column_1_6 1_6 fusion-flex-column\"><div class=\"fusion-column-wrapper fusion-flex-justify-content-center fusion-content-layout-column\" style=\"background-position:left top;background-repeat:no-repeat;-webkit-background-size:cover;-moz-background-size:cover;-o-background-size:cover;background-size:cover;padding: 0px 0px 0px 0px;\"><div style=\"text-align:center;\"><span class=\" fusion-imageframe imageframe-none imageframe-6 hover-type-none\"><a class=\"fusion-no-lightbox\" href=\"https:\/\/www.feriadeteatro.com\/feria2022\/datos-economicos-y-turisticos\/\" target=\"_self\" aria-label=\"botonDatosEconomicos\"><img decoding=\"async\" width=\"300\" height=\"300\" src=\"https:\/\/www.feriadeteatro.com\/feria2022\/wp-content\/uploads\/2021\/12\/botonDatosEconomicos.jpg\" class=\"img-responsive wp-image-6900\" srcset=\"https:\/\/www.feriadeteatro.com\/feria2022\/wp-content\/uploads\/2021\/12\/botonDatosEconomicos-200x200.jpg 200w, https:\/\/www.feriadeteatro.com\/feria2022\/wp-content\/uploads\/2021\/12\/botonDatosEconomicos.jpg 300w\" sizes=\"(max-width: 1024px) 100vw, (max-width: 640px) 100vw, 200px\" \/><\/a><\/span><\/div><\/div><\/div><style type=\"text\/css\">.fusion-body .fusion-builder-column-7{width:16.666666666667% !important;margin-top : 0px;margin-bottom : 0px;}.fusion-builder-column-7 > .fusion-column-wrapper {padding-top : 0px !important;padding-right : 0px !important;margin-right : 11.52%;padding-bottom : 0px !important;padding-left : 0px !important;margin-left : 11.52%;}@media only screen and (max-width:1024px) {.fusion-body .fusion-builder-column-7{width:100% !important;}.fusion-builder-column-7 > .fusion-column-wrapper {margin-right : 1.92%;margin-left : 1.92%;}}@media only screen and (max-width:640px) {.fusion-body .fusion-builder-column-7{width:100% !important;}.fusion-builder-column-7 > .fusion-column-wrapper {margin-right : 1.92%;margin-left : 1.92%;}}<\/style><\/div><style type=\"text\/css\">.fusion-body .fusion-flex-container.fusion-builder-row-2{ padding-top : 20px;margin-top : -20;padding-right : 10px;padding-bottom : 20px;margin-bottom : 0;padding-left : 10px;}<\/style><\/div>\n<div class=\"fusion-fullwidth fullwidth-box fusion-builder-row-3 nonhundred-percent-fullwidth non-hundred-percent-height-scrolling\" style=\"background-color: rgba(255,255,255,0);background-position: center center;background-repeat: no-repeat;padding-top:0px;padding-right:0px;padding-bottom:0px;padding-left:0px;margin-bottom: 0px;margin-top: 0px;border-width: 0px 0px 0px 0px;border-color:#eae9e9;border-style:solid;\" ><div class=\"fusion-builder-row fusion-row\"><div class=\"fusion-layout-column fusion_builder_column fusion-builder-column-8 fusion_builder_column_1_1 1_1 fusion-one-full fusion-column-first fusion-column-last\" style=\"margin-top:0px;margin-bottom:0px;\"><div class=\"fusion-column-wrapper fusion-flex-column-wrapper-legacy\" style=\"background-position:left top;background-repeat:no-repeat;-webkit-background-size:cover;-moz-background-size:cover;-o-background-size:cover;background-size:cover;padding: 0px 0px 0px 0px;\"><div class=\"fusion-text fusion-text-1\" style=\"transform:translate3d(0,0,0);\"><h2><span style=\"color: #808080;\">Datos promoci\u00f3n del teatro<\/span><\/h2>\n<h3>J\u00f3venes y ni\u00f1xs que han participado en la diferentes actividades pedag\u00f3gicas organizadas en la feria<\/h3>\n<p><span style=\"font-family: Verdana; font-size: small;\">Desde la primera a la vig\u00e9simo quinta edici\u00f3n el n\u00famero de ni\u00f1xs que ha participado en el<span style=\"color: #ff0000;\"><b> Divierteatro<\/b><\/span> se ha incrementado en m\u00e1s del <span style=\"color: #333333;\"><b>400%<\/b><\/span> y el n\u00famero de monitorxs formados para atenderlxs en los diferentes talleres de animaci\u00f3n teatral se ha multiplicado por cinco.<\/span><\/p>\n<div align=\"center\">\n<table id=\"table14\" class=\" alignleft\" style=\"width: 100%;\" border=\"0\" width=\"100%\" cellpadding=\"2\">\n<tbody>\n<tr>\n<td align=\"middle\" valign=\"top\" bgcolor=\"#333333\" width=\"30%\"><b><span style=\"color: #ffffff; font-family: Verdana; font-size: xx-small;\">FERIA<\/span><\/b><\/td>\n<td align=\"middle\" valign=\"top\" bgcolor=\"#333333\" width=\"46%\"><b><span style=\"color: #ffffff; font-family: Verdana; font-size: xx-small;\">NI\u00d1AS Y NI\u00d1OS<\/span><\/b><\/td>\n<td align=\"middle\" valign=\"top\" bgcolor=\"#333333\" width=\"22%\"><b><span style=\"color: #ffffff; font-family: Verdana; font-size: xx-small;\">MONITORES\/AS<\/span><\/b><\/td>\n<\/tr>\n<tr>\n<td align=\"middle\"><span style=\"font-family: Verdana; font-size: xx-small;\">I FERIA<\/span><\/td>\n<td align=\"middle\"><span style=\"font-family: Verdana; font-size: xx-small;\">1.112<\/span><\/td>\n<td align=\"middle\"><span style=\"font-family: Verdana; font-size: xx-small;\">16<\/span><\/td>\n<\/tr>\n<tr>\n<td align=\"middle\" bgcolor=\"#C0C0C0\"><span style=\"font-family: Verdana; font-size: xx-small;\">II FERIA<\/span><\/td>\n<td align=\"middle\" bgcolor=\"#C0C0C0\"><span style=\"font-family: Verdana; font-size: xx-small;\">2.400<\/span><\/td>\n<td align=\"middle\" bgcolor=\"#C0C0C0\"><span style=\"font-family: Verdana; font-size: xx-small;\">25<\/span><\/td>\n<\/tr>\n<tr>\n<td align=\"middle\"><span style=\"font-family: Verdana; font-size: xx-small;\">III FERIA<\/span><\/td>\n<td align=\"middle\"><span style=\"font-family: Verdana; font-size: xx-small;\">3.100<\/span><\/td>\n<td align=\"middle\"><span style=\"font-family: Verdana; font-size: xx-small;\">29<\/span><\/td>\n<\/tr>\n<tr>\n<td align=\"middle\" bgcolor=\"#C0C0C0\"><span style=\"font-family: Verdana; font-size: xx-small;\">IV FERIA<\/span><\/td>\n<td align=\"middle\" bgcolor=\"#C0C0C0\"><span style=\"font-family: Verdana; font-size: xx-small;\">4.000<\/span><\/td>\n<td align=\"middle\" bgcolor=\"#C0C0C0\"><span style=\"font-family: Verdana; font-size: xx-small;\">35<\/span><\/td>\n<\/tr>\n<tr>\n<td align=\"middle\"><span style=\"font-family: Verdana; font-size: xx-small;\">V FERIA<\/span><\/td>\n<td align=\"middle\"><span style=\"font-family: Verdana; font-size: xx-small;\">4.060<\/span><\/td>\n<td align=\"middle\"><span style=\"font-family: Verdana; font-size: xx-small;\">38<\/span><\/td>\n<\/tr>\n<tr>\n<td align=\"middle\" bgcolor=\"#C0C0C0\"><span style=\"font-family: Verdana; font-size: xx-small;\">VI FERIA<\/span><\/td>\n<td align=\"middle\" bgcolor=\"#C0C0C0\"><span style=\"font-family: Verdana; font-size: xx-small;\">4.400<\/span><\/td>\n<td align=\"middle\" bgcolor=\"#C0C0C0\"><span style=\"font-family: Verdana; font-size: xx-small;\">40<\/span><\/td>\n<\/tr>\n<tr>\n<td align=\"middle\"><span style=\"font-family: Verdana; font-size: xx-small;\">VII FERIA<\/span><\/td>\n<td align=\"middle\"><span style=\"font-family: Verdana; font-size: xx-small;\">4.650<\/span><\/td>\n<td align=\"middle\"><span style=\"font-family: Verdana; font-size: xx-small;\">45<\/span><\/td>\n<\/tr>\n<tr>\n<td align=\"middle\" bgcolor=\"#C0C0C0\"><span style=\"font-family: Verdana; font-size: xx-small;\">VIII FERIA<\/span><\/td>\n<td align=\"middle\" bgcolor=\"#C0C0C0\"><span style=\"font-family: Verdana; font-size: xx-small;\">4.920<\/span><\/td>\n<td align=\"middle\" bgcolor=\"#C0C0C0\"><span style=\"font-family: Verdana; font-size: xx-small;\">51<\/span><\/td>\n<\/tr>\n<tr>\n<td align=\"middle\"><span style=\"font-family: Verdana; font-size: xx-small;\">IX FERIA<\/span><\/td>\n<td align=\"middle\"><span style=\"font-family: Verdana; font-size: xx-small;\">5.564<\/span><\/td>\n<td align=\"middle\"><span style=\"font-family: Verdana; font-size: xx-small;\">54<\/span><\/td>\n<\/tr>\n<tr>\n<td align=\"middle\" bgcolor=\"#C0C0C0\"><span style=\"font-family: Verdana; font-size: xx-small;\">X FERIA<\/span><\/td>\n<td align=\"middle\" bgcolor=\"#C0C0C0\"><span style=\"font-family: Verdana; font-size: xx-small;\">5.700<\/span><\/td>\n<td align=\"middle\" bgcolor=\"#C0C0C0\"><span style=\"font-family: Verdana; font-size: xx-small;\">61<\/span><\/td>\n<\/tr>\n<tr>\n<td align=\"middle\"><span style=\"font-family: Verdana; font-size: xx-small;\">XI FERIA<\/span><\/td>\n<td align=\"middle\"><span style=\"font-family: Verdana; font-size: xx-small;\">5.380<\/span><\/td>\n<td align=\"middle\"><span style=\"font-family: Verdana; font-size: xx-small;\">64<\/span><\/td>\n<\/tr>\n<tr>\n<td align=\"middle\" bgcolor=\"#C0C0C0\"><span style=\"font-family: Verdana; font-size: xx-small;\">XII FERIA<\/span><\/td>\n<td align=\"middle\" bgcolor=\"#C0C0C0\"><span style=\"font-family: Verdana; font-size: xx-small;\">5.100<\/span><\/td>\n<td align=\"middle\" bgcolor=\"#C0C0C0\"><span style=\"font-family: Verdana; font-size: xx-small;\">57<\/span><\/td>\n<\/tr>\n<tr>\n<td align=\"middle\"><span style=\"font-family: Verdana; font-size: xx-small;\">XIII FERIA<\/span><\/td>\n<td align=\"middle\"><span style=\"font-family: Verdana; font-size: xx-small;\">5.060<\/span><\/td>\n<td align=\"middle\"><span style=\"font-family: Verdana; font-size: xx-small;\">74<\/span><\/td>\n<\/tr>\n<tr>\n<td align=\"middle\" bgcolor=\"#C0C0C0\"><span style=\"font-family: Verdana; font-size: xx-small;\">XIV FERIA<\/span><\/td>\n<td align=\"middle\" bgcolor=\"#C0C0C0\"><span style=\"font-family: Verdana; font-size: xx-small;\">5.140<\/span><\/td>\n<td align=\"middle\" bgcolor=\"#C0C0C0\"><span style=\"font-size: xx-small;\">69<\/span><\/td>\n<\/tr>\n<tr>\n<td align=\"middle\"><span style=\"font-family: Verdana; font-size: xx-small;\">XV FERIA<\/span><\/td>\n<td align=\"middle\"><span style=\"font-family: Verdana; font-size: xx-small;\">5.200<\/span><\/td>\n<td align=\"middle\"><span style=\"font-size: xx-small;\">69<\/span><\/td>\n<\/tr>\n<tr>\n<td align=\"middle\" bgcolor=\"#C0C0C0\"><span style=\"font-family: Verdana; font-size: xx-small;\">XVI FERIA<\/span><\/td>\n<td align=\"middle\" bgcolor=\"#C0C0C0\"><span style=\"font-family: Verdana; font-size: xx-small;\">5.200<\/span><\/td>\n<td align=\"middle\" bgcolor=\"#C0C0C0\"><span style=\"font-size: xx-small;\">70<\/span><\/td>\n<\/tr>\n<tr>\n<td align=\"middle\"><span style=\"font-family: Verdana; font-size: xx-small;\">XVII FERIA<\/span><\/td>\n<td align=\"middle\"><span style=\"font-family: Verdana; font-size: xx-small;\">5.000<\/span><\/td>\n<td align=\"middle\"><span style=\"font-size: xx-small;\">89<\/span><\/td>\n<\/tr>\n<tr>\n<td align=\"middle\" bgcolor=\"#C0C0C0\"><span style=\"font-family: Verdana; font-size: xx-small;\">XVIII FERIA<\/span><\/td>\n<td align=\"middle\" bgcolor=\"#C0C0C0\"><span style=\"font-family: Verdana; font-size: xx-small;\">5.000<\/span><\/td>\n<td align=\"middle\" bgcolor=\"#C0C0C0\"><span style=\"font-size: xx-small;\">98<\/span><\/td>\n<\/tr>\n<tr>\n<td align=\"middle\"><span style=\"font-family: Verdana; font-size: xx-small;\">XIX FERIA<\/span><\/td>\n<td align=\"middle\"><span style=\"font-family: Verdana; font-size: xx-small;\">\u00a0 3.700*<\/span><\/td>\n<td align=\"middle\"><span style=\"font-size: xx-small;\">84<\/span><\/td>\n<\/tr>\n<tr>\n<td align=\"middle\" bgcolor=\"#C0C0C0\"><span style=\"font-family: Verdana; font-size: xx-small;\">XX FERIA<\/span><\/td>\n<td align=\"middle\" bgcolor=\"#C0C0C0\"><span style=\"font-family: Verdana; font-size: xx-small;\">5.200<\/span><\/td>\n<td align=\"middle\" bgcolor=\"#C0C0C0\"><span style=\"font-size: xx-small;\">85<\/span><\/td>\n<\/tr>\n<tr>\n<td align=\"middle\" bgcolor=\"#ffffff\"><span style=\"font-family: Verdana; font-size: xx-small;\">XXI FERIA<\/span><\/td>\n<td align=\"middle\" bgcolor=\"#ffffff\"><span style=\"font-family: Verdana; font-size: xx-small;\">4.800<\/span><\/td>\n<td align=\"middle\" bgcolor=\"#ffffff\"><span style=\"font-size: xx-small;\">101<\/span><\/td>\n<\/tr>\n<tr style=\"background-color: #c0c0c0;\">\n<td style=\"text-align: center;\"><span style=\"font-family: Verdana; font-size: xx-small;\">\u00a0XXII FERIA<\/span><\/td>\n<td style=\"text-align: center;\"><span style=\"font-family: Verdana; font-size: xx-small;\">\u00a04.000<\/span><\/td>\n<td style=\"text-align: center;\"><span style=\"font-size: xx-small;\">\u00a0104<\/span><\/td>\n<\/tr>\n<tr>\n<td style=\"text-align: center;\"><span style=\"font-family: Verdana; font-size: xx-small;\">XXIII FERIA***<\/span><\/td>\n<td style=\"text-align: center;\"><span style=\"font-family: Verdana; font-size: xx-small;\">440<\/span><\/td>\n<td style=\"text-align: center;\"><span style=\"font-size: xx-small;\">76<\/span><\/td>\n<\/tr>\n<tr style=\"background-color: #c0c0c0;\">\n<td style=\"text-align: center;\"><span style=\"font-family: Verdana; font-size: xx-small;\">\u00a0XXIV FERIA***<\/span><\/td>\n<td style=\"text-align: center;\"><span style=\"font-family: Verdana; font-size: xx-small;\">700<\/span><\/td>\n<td style=\"text-align: center;\"><span style=\"font-size: xx-small;\">\u00a072<\/span><\/td>\n<\/tr>\n<tr>\n<td style=\"text-align: center;\"><span style=\"font-family: Verdana; font-size: xx-small;\">XXV FERIA<\/span><\/td>\n<td style=\"text-align: center;\"><span style=\"font-family: Verdana; font-size: xx-small;\">2.000<\/span><\/td>\n<td style=\"text-align: center;\"><span style=\"font-size: xx-small;\">84<\/span><\/td>\n<\/tr>\n<tr>\n<td align=\"middle\" bgcolor=\"#E91027\"><b><span style=\"color: #ffffff; font-family: Verdana; font-size: xx-small;\">TOTAL<\/span><\/b><\/td>\n<td align=\"middle\" bgcolor=\"#E91027\"><span style=\"color: #ffffff; font-size: xx-small;\"><b>100.826<\/b><\/span><\/td>\n<td align=\"middle\" bgcolor=\"#E91027\"><span style=\"color: #ffffff; font-size: xx-small;\"><b>1.590<\/b><\/span><\/td>\n<\/tr>\n<tr>\n<td align=\"middle\" bgcolor=\"#333333\"><span style=\"color: #ffffff; font-family: Verdana; font-size: xx-small;\">Media<\/span><\/td>\n<td align=\"middle\" bgcolor=\"#333333\"><span style=\"color: #ffffff; font-family: Verdana; font-size: xx-small;\">4.033 por edici\u00f3n<\/span><\/td>\n<td align=\"middle\" bgcolor=\"#333333\"><span style=\"color: #ffffff; font-size: xx-small;\">63<\/span><span style=\"color: #ffffff; font-family: Verdana; font-size: xx-small;\">\u00a0por edici\u00f3n<\/span><\/td>\n<\/tr>\n<\/tbody>\n<\/table>\n<\/div>\n<p>*Por primera vez en 22 ediciones se suspendi\u00f3 una de las jornadas del Divierteatro debido a la lluvia y por eso ha disminuido el n\u00famero de participantes en relaci\u00f3n a otros a\u00f1os.<br \/>\n***En la edici\u00f3n n\u00famero 23 (2020) las restricciones sanitarias existentes para la contenci\u00f3n del COVID-19 hicieron limitar dr\u00e1sticamente el n\u00famero de ni\u00f1xs que cada d\u00eda pod\u00edan participar en las actividades; En 2021, a\u00fan con restricciones, se pudo ampliar un poco m\u00e1s la participaci\u00f3n.<br \/>\nEn relaci\u00f3n a los monitorxs se conserv\u00f3 en estas \u00faltimas ediciones el n\u00famero para poder duplicar acciones y tener personal para todas las tareas extra (desinfecciones, control de espacios y aforos, etc\u2026) que se establec\u00eda en el plan de contingencia.<br \/>\nLa demanda de participaci\u00f3n de j\u00f3venes entre 16-18 a\u00f1os tambi\u00e9n tuvo que limitarse al m\u00ednimo posible para poder garantizar la seguridad<\/p>\n<h3>Cursos de formaci\u00f3n<\/h3>\n<p><span style=\"font-family: Verdana; font-size: small;\">A lo largo de las veinticinco ediciones de Feria se han desarrollado<span style=\"color: #7db61a;\"><span style=\"color: #ff0000;\"> <b>49<\/b><\/span>\u00a0<\/span>acciones formativas. El total de personas que han participado en alguna de ellas ha sido de<span style=\"color: #ff0000;\"> <b>2.055<\/b><\/span>\u00a0personas. Una media de<span style=\"color: #ff0000;\"> <b>82<\/b>\u00a0<\/span>personas se han formado cada a\u00f1o en la Feria.<\/span><\/p>\n<\/div><div class=\"fusion-clearfix\"><\/div><\/div><\/div><\/div><\/div><\/p>\n","protected":false},"excerpt":{"rendered":"","protected":false},"author":1,"featured_media":0,"parent":0,"menu_order":0,"comment_status":"closed","ping_status":"closed","template":"","meta":{"footnotes":""},"class_list":["post-59","page","type-page","status-publish","hentry"],"_links":{"self":[{"href":"https:\/\/www.feriadeteatro.com\/feria2022\/wp-json\/wp\/v2\/pages\/59","targetHints":{"allow":["GET"]}}],"collection":[{"href":"https:\/\/www.feriadeteatro.com\/feria2022\/wp-json\/wp\/v2\/pages"}],"about":[{"href":"https:\/\/www.feriadeteatro.com\/feria2022\/wp-json\/wp\/v2\/types\/page"}],"author":[{"embeddable":true,"href":"https:\/\/www.feriadeteatro.com\/feria2022\/wp-json\/wp\/v2\/users\/1"}],"replies":[{"embeddable":true,"href":"https:\/\/www.feriadeteatro.com\/feria2022\/wp-json\/wp\/v2\/comments?post=59"}],"version-history":[{"count":3,"href":"https:\/\/www.feriadeteatro.com\/feria2022\/wp-json\/wp\/v2\/pages\/59\/revisions"}],"predecessor-version":[{"id":8600,"href":"https:\/\/www.feriadeteatro.com\/feria2022\/wp-json\/wp\/v2\/pages\/59\/revisions\/8600"}],"wp:attachment":[{"href":"https:\/\/www.feriadeteatro.com\/feria2022\/wp-json\/wp\/v2\/media?parent=59"}],"curies":[{"name":"wp","href":"https:\/\/api.w.org\/{rel}","templated":true}]}}