{"id":7081,"date":"2022-04-06T08:23:18","date_gmt":"2022-04-06T08:23:18","guid":{"rendered":"https:\/\/www.feriadeteatro.com\/feria2022\/?page_id=7081"},"modified":"2022-04-06T08:27:28","modified_gmt":"2022-04-06T08:27:28","slug":"premios-rosa-maria-garcia-cano-convocatoria-2022","status":"publish","type":"page","link":"https:\/\/www.feriadeteatro.com\/feria2022\/premios-rosa-maria-garcia-cano-convocatoria-2022\/","title":{"rendered":"Premios Rosa Mar\u00eda Garc\u00eda Cano Convocatoria 2022"},"content":{"rendered":"<p><div class=\"fusion-fullwidth fullwidth-box fusion-builder-row-1 fusion-flex-container nonhundred-percent-fullwidth non-hundred-percent-height-scrolling\" style=\"background-color: #dddddd;background-position: center center;background-repeat: no-repeat;border-width: 0px 0px 0px 0px;border-color:#eae9e9;border-style:solid;\" ><div class=\"fusion-builder-row fusion-row fusion-flex-align-items-flex-start\" style=\"max-width:1216.8px;margin-left: calc(-4% \/ 2 );margin-right: calc(-4% \/ 2 );\"><div class=\"fusion-layout-column fusion_builder_column fusion-builder-column-0 fusion_builder_column_1_1 1_1 fusion-flex-column\"><div class=\"fusion-column-wrapper fusion-flex-justify-content-center fusion-content-layout-column\" style=\"background-position:left top;background-repeat:no-repeat;-webkit-background-size:cover;-moz-background-size:cover;-o-background-size:cover;background-size:cover;padding: 0px 0px 0px 0px;\"><style type=\"text\/css\">@media only screen and (max-width:1024px) {.fusion-title.fusion-title-1{margin-top:0px!important;margin-bottom:0px!important;}}<\/style><div class=\"fusion-title title fusion-title-1 fusion-title-text fusion-title-size-three\" style=\"margin-top:0px;margin-bottom:0px;\"><div class=\"title-sep-container title-sep-container-left fusion-no-large-visibility fusion-no-medium-visibility fusion-no-small-visibility\"><div class=\"title-sep sep-single sep-dashed\" style=\"border-color:#f46f72;\"><\/div><\/div><h3 class=\"title-heading-left\" style=\"margin:0;\"><h3>Premios<\/h3><\/h3><div class=\"title-sep-container title-sep-container-right\"><div class=\"title-sep sep-single sep-dashed\" style=\"border-color:#f46f72;\"><\/div><\/div><\/div><\/div><\/div><style type=\"text\/css\">.fusion-body .fusion-builder-column-0{width:100% !important;margin-top : 0px;margin-bottom : 0px;}.fusion-builder-column-0 > .fusion-column-wrapper {padding-top : 0px !important;padding-right : 0px !important;margin-right : 1.92%;padding-bottom : 0px !important;padding-left : 0px !important;margin-left : 1.92%;}@media only screen and (max-width:1024px) {.fusion-body .fusion-builder-column-0{width:100% !important;}.fusion-builder-column-0 > .fusion-column-wrapper {margin-right : 1.92%;margin-left : 1.92%;}}@media only screen and (max-width:640px) {.fusion-body .fusion-builder-column-0{width:100% !important;}.fusion-builder-column-0 > .fusion-column-wrapper {margin-right : 1.92%;margin-left : 1.92%;}}<\/style><div class=\"fusion-layout-column fusion_builder_column fusion-builder-column-1 fusion_builder_column_1_3 1_3 fusion-flex-column\"><div class=\"fusion-column-wrapper fusion-flex-justify-content-center fusion-content-layout-column\" style=\"background-position:left top;background-repeat:no-repeat;-webkit-background-size:cover;-moz-background-size:cover;-o-background-size:cover;background-size:cover;padding: 0px 0px 0px 0px;\"><div style=\"text-align:center;\"><span class=\" fusion-imageframe imageframe-none imageframe-1 hover-type-none\"><a class=\"fusion-no-lightbox\" href=\"https:\/\/www.feriadeteatro.com\/feria2022\/premios-del-publico-de-la-25-feria\/\" target=\"_self\" aria-label=\"botonPremiosPublico\"><img decoding=\"async\" width=\"400\" height=\"400\" src=\"https:\/\/www.feriadeteatro.com\/feria2022\/wp-content\/uploads\/2022\/08\/botonPremiosPublico.jpg\" class=\"img-responsive wp-image-8446\" srcset=\"https:\/\/www.feriadeteatro.com\/feria2022\/wp-content\/uploads\/2022\/08\/botonPremiosPublico-200x200.jpg 200w, https:\/\/www.feriadeteatro.com\/feria2022\/wp-content\/uploads\/2022\/08\/botonPremiosPublico.jpg 400w\" sizes=\"(max-width: 1024px) 100vw, (max-width: 640px) 100vw, 400px\" \/><\/a><\/span><\/div><\/div><\/div><style type=\"text\/css\">.fusion-body .fusion-builder-column-1{width:33.333333333333% !important;margin-top : 0px;margin-bottom : 0px;}.fusion-builder-column-1 > .fusion-column-wrapper {padding-top : 0px !important;padding-right : 0px !important;margin-right : 5.76%;padding-bottom : 0px !important;padding-left : 0px !important;margin-left : 5.76%;}@media only screen and (max-width:1024px) {.fusion-body .fusion-builder-column-1{width:100% !important;}.fusion-builder-column-1 > .fusion-column-wrapper {margin-right : 1.92%;margin-left : 1.92%;}}@media only screen and (max-width:640px) {.fusion-body .fusion-builder-column-1{width:100% !important;}.fusion-builder-column-1 > .fusion-column-wrapper {margin-right : 1.92%;margin-left : 1.92%;}}<\/style><div class=\"fusion-layout-column fusion_builder_column fusion-builder-column-2 fusion_builder_column_1_3 1_3 fusion-flex-column\"><div class=\"fusion-column-wrapper fusion-flex-justify-content-center fusion-content-layout-column\" style=\"background-position:left top;background-repeat:no-repeat;-webkit-background-size:cover;-moz-background-size:cover;-o-background-size:cover;background-size:cover;padding: 0px 0px 0px 0px;\"><div style=\"text-align:center;\"><span class=\" fusion-imageframe imageframe-none imageframe-2 hover-type-none\"><a class=\"fusion-no-lightbox\" href=\"https:\/\/www.feriadeteatro.com\/feria2022\/premios-recibidos-por-la-feria\/\" target=\"_self\" aria-label=\"botonPremiosRecibidos\"><img decoding=\"async\" width=\"400\" height=\"400\" src=\"https:\/\/www.feriadeteatro.com\/feria2022\/wp-content\/uploads\/2021\/12\/botonPremiosRecibidos.jpg\" class=\"img-responsive wp-image-6957\" srcset=\"https:\/\/www.feriadeteatro.com\/feria2022\/wp-content\/uploads\/2021\/12\/botonPremiosRecibidos-200x200.jpg 200w, https:\/\/www.feriadeteatro.com\/feria2022\/wp-content\/uploads\/2021\/12\/botonPremiosRecibidos.jpg 400w\" sizes=\"(max-width: 1024px) 100vw, (max-width: 640px) 100vw, 400px\" \/><\/a><\/span><\/div><\/div><\/div><style type=\"text\/css\">.fusion-body .fusion-builder-column-2{width:33.333333333333% !important;margin-top : 0px;margin-bottom : 0px;}.fusion-builder-column-2 > .fusion-column-wrapper {padding-top : 0px !important;padding-right : 0px !important;margin-right : 5.76%;padding-bottom : 0px !important;padding-left : 0px !important;margin-left : 5.76%;}@media only screen and (max-width:1024px) {.fusion-body .fusion-builder-column-2{width:100% !important;}.fusion-builder-column-2 > .fusion-column-wrapper {margin-right : 1.92%;margin-left : 1.92%;}}@media only screen and (max-width:640px) {.fusion-body .fusion-builder-column-2{width:100% !important;}.fusion-builder-column-2 > .fusion-column-wrapper {margin-right : 1.92%;margin-left : 1.92%;}}<\/style><div class=\"fusion-layout-column fusion_builder_column fusion-builder-column-3 fusion_builder_column_1_3 1_3 fusion-flex-column\"><div class=\"fusion-column-wrapper fusion-flex-justify-content-center fusion-content-layout-column\" style=\"background-position:left top;background-repeat:no-repeat;-webkit-background-size:cover;-moz-background-size:cover;-o-background-size:cover;background-size:cover;padding: 0px 0px 0px 0px;\"><div style=\"text-align:center;\"><span class=\" fusion-imageframe imageframe-none imageframe-3 hover-type-none\"><a class=\"fusion-no-lightbox\" href=\"https:\/\/www.feriadeteatro.com\/feria2022\/premios-rosa-maria-garcia-cano-2022\/\" target=\"_self\" aria-label=\"botonPremiosRosa\"><img decoding=\"async\" width=\"400\" height=\"400\" src=\"https:\/\/www.feriadeteatro.com\/feria2022\/wp-content\/uploads\/2021\/12\/botonPremiosRosa.jpg\" class=\"img-responsive wp-image-6959\" srcset=\"https:\/\/www.feriadeteatro.com\/feria2022\/wp-content\/uploads\/2021\/12\/botonPremiosRosa-200x200.jpg 200w, https:\/\/www.feriadeteatro.com\/feria2022\/wp-content\/uploads\/2021\/12\/botonPremiosRosa.jpg 400w\" sizes=\"(max-width: 1024px) 100vw, (max-width: 640px) 100vw, 400px\" \/><\/a><\/span><\/div><\/div><\/div><style type=\"text\/css\">.fusion-body .fusion-builder-column-3{width:33.333333333333% !important;margin-top : 0px;margin-bottom : 0px;}.fusion-builder-column-3 > .fusion-column-wrapper {padding-top : 0px !important;padding-right : 0px !important;margin-right : 5.76%;padding-bottom : 0px !important;padding-left : 0px !important;margin-left : 5.76%;}@media only screen and (max-width:1024px) {.fusion-body .fusion-builder-column-3{width:100% !important;}.fusion-builder-column-3 > .fusion-column-wrapper {margin-right : 1.92%;margin-left : 1.92%;}}@media only screen and (max-width:640px) {.fusion-body .fusion-builder-column-3{width:100% !important;}.fusion-builder-column-3 > .fusion-column-wrapper {margin-right : 1.92%;margin-left : 1.92%;}}<\/style><\/div><style type=\"text\/css\">.fusion-body .fusion-flex-container.fusion-builder-row-1{ padding-top : 20px;margin-top : -20;padding-right : 10px;padding-bottom : 20px;margin-bottom : 0;padding-left : 10px;}<\/style><\/div>\n<div class=\"fusion-fullwidth fullwidth-box fusion-builder-row-2 fusion-flex-container nonhundred-percent-fullwidth non-hundred-percent-height-scrolling\" style=\"background-color: rgba(255,255,255,0);background-position: center center;background-repeat: no-repeat;border-width: 0px 0px 0px 0px;border-color:#eae9e9;border-style:solid;\" ><div class=\"fusion-builder-row fusion-row fusion-flex-align-items-flex-start\" style=\"max-width:1216.8px;margin-left: calc(-4% \/ 2 );margin-right: calc(-4% \/ 2 );\"><div class=\"fusion-layout-column fusion_builder_column fusion-builder-column-4 fusion_builder_column_1_1 1_1 fusion-flex-column\"><div class=\"fusion-column-wrapper fusion-flex-justify-content-flex-start fusion-content-layout-column\" style=\"background-position:left top;background-repeat:no-repeat;-webkit-background-size:cover;-moz-background-size:cover;-o-background-size:cover;background-size:cover;padding: 0px 0px 0px 0px;\"><div class=\"fusion-separator fusion-full-width-sep\" style=\"align-self: center;margin-left: auto;margin-right: auto;margin-top:20px;margin-bottom:20px;width:100%;\"><\/div><div class=\"fusion-separator fusion-full-width-sep\" style=\"align-self: center;margin-left: auto;margin-right: auto;margin-top:20px;margin-bottom:20px;width:100%;\"><\/div><div class=\"fusion-text fusion-text-1\" style=\"transform:translate3d(0,0,0);\"><h2><span style=\"color: #808080;\">Premios Rosa Mar\u00eda Garc\u00eda Cano<\/span><\/h2>\n<\/div><div class=\"fusion-separator fusion-full-width-sep\" style=\"align-self: center;margin-left: auto;margin-right: auto;margin-top:20px;margin-bottom:20px;width:100%;\"><\/div><\/div><\/div><style type=\"text\/css\">.fusion-body .fusion-builder-column-4{width:100% !important;margin-top : 0px;margin-bottom : 0px;}.fusion-builder-column-4 > .fusion-column-wrapper {padding-top : 0px !important;padding-right : 0px !important;margin-right : 1.92%;padding-bottom : 0px !important;padding-left : 0px !important;margin-left : 1.92%;}@media only screen and (max-width:1024px) {.fusion-body .fusion-builder-column-4{width:100% !important;order : 0;}.fusion-builder-column-4 > .fusion-column-wrapper {margin-right : 1.92%;margin-left : 1.92%;}}@media only screen and (max-width:640px) {.fusion-body .fusion-builder-column-4{width:100% !important;order : 0;}.fusion-builder-column-4 > .fusion-column-wrapper {margin-right : 1.92%;margin-left : 1.92%;}}<\/style><div class=\"fusion-layout-column fusion_builder_column fusion-builder-column-5 fusion_builder_column_1_1 1_1 fusion-flex-column\"><div class=\"fusion-column-wrapper fusion-flex-justify-content-flex-start fusion-content-layout-column\" style=\"background-position:left top;background-repeat:no-repeat;-webkit-background-size:cover;-moz-background-size:cover;-o-background-size:cover;background-size:cover;padding: 0px 0px 0px 0px;\"><div class=\"fusion-text fusion-text-2\" style=\"transform:translate3d(0,0,0);\"><h3 style=\"text-align: center;\">11\u00ba CONVOCATORIA DE LOS PREMIOS ROSA MAR\u00cdA GARC\u00cdA CANO A INICIATIVAS CULTURALES Y DE DESARROLLO SOCIAL Y ART\u00cdSTICO VINCULADAS A LAS ARTES ESC\u00c9NICAS, DIRIGIDOS A PERSONAS, COLECTIVOS E INSTITUCIONES QUE SE HAYAN DISTINGUIDO POR SU TRABAJO CONTINUADO POR EL FOMENTO, PROMOCI\u00d3N Y DESARROLLO CULTURAL EN ESPA\u00d1A Y PORTUGAL.<\/h3>\n<\/div><div class=\"fusion-separator fusion-full-width-sep\" style=\"align-self: center;margin-left: auto;margin-right: auto;margin-top:20px;margin-bottom:20px;width:100%;\"><\/div><div class=\"fusion-text fusion-text-3\" style=\"transform:translate3d(0,0,0);\"><p style=\"text-align: justify;\">\u00a0 \u00a0Con estos premios, se quiere recordar y reconocer la figura de Rosa Mar\u00eda Garc\u00eda Cano, fundadora de la Feria de Teatro de Castilla y Le\u00f3n-Ciudad Rodrigo, y de la Asociaci\u00f3n CIVITAS (entidad que organiza y otorga los premios) y reconociendo su labor y empe\u00f1o por fomentar el desarrollo social, cultural, econ\u00f3mico y educativo de la sociedad desde las artes esc\u00e9nicas.<\/p>\n<h4 style=\"text-align: justify;\">BASE 1\u00aa- OBJETIVO DEL PREMIO<\/h4>\n<p style=\"text-align: justify;\">Hacer un reconocimiento p\u00fablico a la trayectoria de personas, colectivos o instituciones que hayan destacado en su labor profesional por intervenciones e iniciativas significativas vinculadas a las Artes Esc\u00e9nicas, en tres \u00e1mbitos: el de la educaci\u00f3n y promoci\u00f3n para infancia y juventud, en el de la gesti\u00f3n cultural y en el \u00e1mbito de la visibilidad de las artes esc\u00e9nicas, su difusi\u00f3n y promoci\u00f3n ligadas al\u00a0 medio rural.<\/p>\n<h4 style=\"text-align: justify;\">BASE 2\u00aa.- MODALIDADES<\/h4>\n<h5 style=\"text-align: justify;\">1\u00aa MODALIDAD: PREMIO A LA MEJOR INICIATIVA DE PROGRAMAS EDUCATIVOS Y DE PROMOCI\u00d3N DE LAS ARTES ESC\u00c9NICAS PARA INFANCIA Y JUVENTUD.<\/h5>\n<h5>2\u00aa MODALIDAD: PREMIO A LA GESTI\u00d3N CULTURAL EN AA.EE. (GESTI\u00d3N, PROMOCI\u00d3N, VISIBILIDAD Y FOMENTO DE LA CULTURA ESC\u00c9NICA)<\/h5>\n<h5>3\u00aa MODALIDAD: PREMIO A INICIATIVAS Y PROGRAMAS DE ARTES ESC\u00c9NICAS LIGADAS AL MEDIO RURAL (para iniciativas desarrolladas en poblaciones de menos de 10.000 habitantes)<\/h5>\n<h4 style=\"text-align: justify;\">BASE 3\u00aa.- CANDIDATURAS<\/h4>\n<p style=\"text-align: justify;\">A estos premios podr\u00e1n optar personas a t\u00edtulo individual, as\u00ed como entidades, colectivos o instituciones que con su labor hayan contribuido al fomento y estimulaci\u00f3n de las artes esc\u00e9nicas tanto en el territorio del Estado Espa\u00f1ol como en el Portugu\u00e9s.<br \/>\nLas propuestas de candidaturas podr\u00e1n presentarse adscritas a una de las modalidades o de forma gen\u00e9rica, siendo la organizaci\u00f3n del jurado la que determine<br \/>\nseg\u00fan el \u00e1mbito de actuaci\u00f3n y documentaci\u00f3n presentada la concesi\u00f3n de modalidades de los premios.<br \/>\nLas candidaturas podr\u00e1n ser presentadas por los mismos interesados o por cualquier otra persona o entidad que lo considere oportuno, acreditando en todo momento los m\u00e9ritos de la candidatura, y especificando suficientemente si la candidatura es a t\u00edtulo individual o para una entidad.<\/p>\n<p>Los candidatos deber\u00e1n reunir los siguientes requisitos:<br \/>\n&#8211; El \u00e1mbito de actuaci\u00f3n objeto del premio debe estar ligado al \u00e1mbito de, al menos, una de las modalidades y desempe\u00f1ar su labor principalmente en Espa\u00f1a o Portugal.<br \/>\n&#8211; La trayectoria de trabajo en el \u00e1mbito de las artes esc\u00e9nicas debe estar suficientemente demostrada.<br \/>\n&#8211; Las candidaturas que postulen profesionales a t\u00edtulo personal, deben adjuntar un curr\u00edculum o resumen de la trayectoria profesional de la persona propuesta.<br \/>\n&#8211; Las empresas, instituciones o colectivos que opten a estos premios deber\u00e1n promover actitudes de car\u00e1cter participativo y democr\u00e1tico en su organizaci\u00f3n interna.<\/p>\n<h4 style=\"text-align: justify;\">BASE 4\u00aa.- MODO Y PLAZO DE PRESENTACI\u00d3N DE LAS CANDIDATURAS.<\/h4>\n<p style=\"text-align: justify;\">Las candidaturas se pueden presentar bien por correo postal ordinario o bien por correo electr\u00f3nico a la siguiente direcci\u00f3n: civitas@civitasanimacion.com indicando en el asunto PREMIOS ROSA MAR\u00cdA GARC\u00cdA CANO ASOCIACI\u00d3N CULTURAL CIVITAS ANIMACI\u00d3N TEATRAL.<br \/>\nEspacio i (Espacio Municipal para la Igualdad)<br \/>\nC\/ SAN FERNANDO, 9-11, 37500 CIUDAD RODRIGO (Salamanca, Espa\u00f1a)<br \/>\nEn ambos casos ha de indicarse de forma visible \u201c11\u00ba PREMIOS ROSA MAR\u00cdA GARC\u00cdA CANO\u201d<br \/>\nEl plazo de presentaci\u00f3n es desde el 6 de abril al 24 Junio \u2013 M\u00e1gica Noche de San Juan.<br \/>\nUna misma persona o entidad podr\u00e1 presentar hasta un m\u00e1ximo de tres candidaturas.<br \/>\nLa participaci\u00f3n en este premio supone la aceptaci\u00f3n de estas bases.<\/p>\n<h4 style=\"text-align: justify;\">BASE 5\u00aa.- DOCUMENTACI\u00d3N.<\/h4>\n<p style=\"text-align: justify;\">Se deber\u00e1 aportar la siguiente documentaci\u00f3n:<br \/>\n&#8211; Propuesta formal, o trayectoria de trabajo, conteniendo los motivos por los que se presenta la candidatura en la que se incluya:<br \/>\n&#8211; Nombre, apellidos, raz\u00f3n social, domicilio, tel\u00e9fono o e-mail de contacto.<br \/>\n&#8211; Memoria breve de actuaci\u00f3n de los m\u00e9ritos que re\u00fane la entidad o persona para optar al reconocimiento (m\u00e1ximo 5 folios).<br \/>\n&#8211; Se podr\u00e1 completar con cuantos datos y documentaci\u00f3n relevante se considere oportuno.<br \/>\n&#8211; Para los env\u00edos por correo postal el soporte ser\u00e1 papel escrito a una sola cara o memoria USB y en digital, archivos en formato Word y PDF a trav\u00e9s del correo<br \/>\nelectr\u00f3nico facilitado.<\/p>\n<h4 style=\"text-align: justify;\">BASE 6\u00aa.- COMPOSICI\u00d3N Y ATRIBUCIONES DEL JURADO.<\/h4>\n<p style=\"text-align: justify;\">El jurado estar\u00e1 formado por los miembros de la Junta Directiva de la Asociaci\u00f3n CIVITAS, o en personas en quienes deleguen y por personas que representen a<br \/>\ninstituciones o colectivos relacionados con la tem\u00e1tica de las tres modalidades de los premios. El Jurado s\u00f3lo se dar\u00e1 a conocer una vez realizada la entrega de los premios.<br \/>\n&#8211; En la primera reuni\u00f3n el secretario\/a declarar\u00e1 constituido el Jurado asumiendo la presidencia y la secretar\u00eda los mismos miembros de la entidad convocante.<br \/>\n&#8211; Corresponde al presidente\/a dirigir las deliberaciones y votaciones deshaciendo los empates con su voto de calidad.<br \/>\n&#8211; Corresponde al secretario\/a levantar acta de las deliberaciones y acuerdos que se adopten.<br \/>\n&#8211; El Jurado podr\u00e1 solicitar ampliaci\u00f3n de la documentaci\u00f3n o informaci\u00f3n presentada, interpretar\u00e1 las presentes bases y resolver\u00e1 cualquier cuesti\u00f3n relacionada con estos premios. El veredicto del jurado ser\u00e1 inapelable.<\/p>\n<h4 style=\"text-align: justify;\">BASE 7\u00aa.- LAS REUNIONES Y EL VOTO.<\/h4>\n<p style=\"text-align: justify;\">Cada miembro del jurado tiene derecho a emitir un voto de forma p\u00fablica por cada modalidad de premio, no estando permitido el voto secreto. En la medida que sea posible se debatir\u00e1 sobre las candidaturas con el fin de llegar a un consenso previo de los miembros del jurado. En caso de no haber acuerdo el premio se otorgar\u00e1 al candidato con la mayor\u00eda simple de los votos. En caso de empate el presidente del jurado dispondr\u00e1 de voto de calidad.<br \/>\nEl fallo del Jurado puede dejar desierta la concesi\u00f3n de premios en aquella modalidad o modalidades que estime oportuno, por no reunir los candidatos los m\u00e9ritos suficientes. Del mismo modo, queda prohibida la concesi\u00f3n de premios ex aequo.<br \/>\nLas reuniones del jurado ser\u00e1n convocadas por la presidencia de la Asociaci\u00f3n Convocante qui\u00e9n determinar\u00e1 su n\u00famero y periodicidad. Podr\u00e1n ser presenciales o telem\u00e1ticas.<\/p>\n<h4 style=\"text-align: justify;\">BASE 8\u00aa.- FALLO.<\/h4>\n<p style=\"text-align: justify;\">El Jurado emitir\u00e1 su fallo dentro de un plazo m\u00e1ximo de dos meses a partir de la fecha de cierre de presentaci\u00f3n de candidaturas, entreg\u00e1ndose los premios en un acto p\u00fablico que para esta presente edici\u00f3n ser\u00e1 en el marco de la 25\u00aa Feria de Teatro de Castilla y Le\u00f3n.<br \/>\nSolamente ser\u00e1 p\u00fablico el nombre de los premiados, quedando reservado para el \u00e1mbito interno del jurado el nombre del resto de las candidaturas.<\/p>\n<h4 style=\"text-align: justify;\">BASE 9\u00aa.- PREMIO.<\/h4>\n<p style=\"text-align: justify;\">Los Premios Rosa Mar\u00eda Garc\u00eda Cano son de reconocimiento y de honor. Todos los galardonados recibir\u00e1n una pieza art\u00edstica como s\u00edmbolo distintivo y representativo del galard\u00f3n.<br \/>\nAs\u00ed mismo, la Asociaci\u00f3n CIVITAS procurar\u00e1 hacer p\u00fablicos los nombres de los premiados tanto en sus propios medios de internet como en los medios de<br \/>\ncomunicaci\u00f3n social con el prop\u00f3sito de contribuir dar difusi\u00f3n y promoci\u00f3n al trabajo de los premiados en su \u00e1mbito profesional.<\/p>\n<h4 style=\"text-align: justify;\">BASE 10\u00aa.- LOS PREMIADOS.<\/h4>\n<p style=\"text-align: justify;\">La aceptaci\u00f3n de los premios implica el acudir a recogerlo personalmente, salvo causa de fuerza mayor, en la fecha se\u00f1alada por el jurado.<\/p>\n<h4 style=\"text-align: justify;\">BASE 11\u00aa.- ASPECTOS LEGALES.<\/h4>\n<p style=\"text-align: justify;\">La organizaci\u00f3n se reserva el derecho de modificar las bases del premio, parcial o totalmente en cualquier momento previo aviso. As\u00ed mismo se reserva tambi\u00e9n el derecho a anularlo, dejar los premios desiertos o reservarlos en caso de no cumplir con los m\u00ednimos exigidos o detectarse alguna irregularidad.<\/p>\n<p style=\"text-align: justify;\"><img decoding=\"async\" src=\"https:\/\/www.feriadeteatro.es\/feria2017\/cabecerainmemoriam.jpg\" \/><\/p>\n<\/div><\/div><\/div><style type=\"text\/css\">.fusion-body .fusion-builder-column-5{width:100% !important;margin-top : 0px;margin-bottom : 0px;}.fusion-builder-column-5 > .fusion-column-wrapper {padding-top : 0px !important;padding-right : 0px !important;margin-right : 1.92%;padding-bottom : 0px !important;padding-left : 0px !important;margin-left : 1.92%;}@media only screen and (max-width:1024px) {.fusion-body .fusion-builder-column-5{width:100% !important;}.fusion-builder-column-5 > .fusion-column-wrapper {margin-right : 1.92%;margin-left : 1.92%;}}@media only screen and (max-width:640px) {.fusion-body .fusion-builder-column-5{width:100% !important;}.fusion-builder-column-5 > .fusion-column-wrapper {margin-right : 1.92%;margin-left : 1.92%;}}<\/style><\/div><style type=\"text\/css\">.fusion-body .fusion-flex-container.fusion-builder-row-2{ padding-top : 0px;margin-top : 0px;padding-right : 0px;padding-bottom : 0px;margin-bottom : 0px;padding-left : 0px;}<\/style><\/div><div class=\"fusion-fullwidth fullwidth-box fusion-builder-row-3 fusion-flex-container nonhundred-percent-fullwidth non-hundred-percent-height-scrolling\" style=\"background-color: rgba(255,255,255,0);background-position: center center;background-repeat: no-repeat;border-width: 0px 0px 0px 0px;border-color:#eae9e9;border-style:solid;\" ><div class=\"fusion-builder-row fusion-row fusion-flex-align-items-flex-start\" style=\"max-width:1216.8px;margin-left: calc(-4% \/ 2 );margin-right: calc(-4% \/ 2 );\"><div class=\"fusion-layout-column fusion_builder_column fusion-builder-column-6 fusion_builder_column_1_1 1_1 fusion-flex-column\"><div class=\"fusion-column-wrapper fusion-flex-justify-content-flex-start fusion-content-layout-column\" style=\"background-position:left top;background-repeat:no-repeat;-webkit-background-size:cover;-moz-background-size:cover;-o-background-size:cover;background-size:cover;padding: 0px 0px 0px 0px;\"><div class=\"fusion-text fusion-text-4\" style=\"transform:translate3d(0,0,0);\"><p style=\"text-align: center;\"><a href=\"https:\/\/www.feriadeteatro.com\/feria2022\/premios-rosa-maria-garcia-cano-convocatoria-2021\/\" target=\"_blank\" rel=\"noopener\">Premiados 10\u00aa Convocatoria<\/a><\/p>\n<p style=\"text-align: center;\"><a href=\"https:\/\/www.feriadeteatro.com\/feria2021\/premios-rosa-maria-garcia-cano\/\" target=\"_blank\" rel=\"noopener\">Premiados 9\u00aa Convocatoria<\/a><\/p>\n<p style=\"text-align: center;\"><a href=\"https:\/\/feriadeteatro.com\/feria2019\/premios-rosa-maria-garcia-cano\/\" target=\"_blank\" rel=\"noopener\">Premiados 8\u00aa Convocatoria<\/a><\/p>\n<p style=\"text-align: center;\"><a href=\"https:\/\/www.feriadeteatro.es\/feria2018\/premiosRosa.htm\" target=\"_blank\" rel=\"noopener\">Premiados 7\u00aa Convocatoria<\/a><\/p>\n<p style=\"text-align: center;\"><a href=\"https:\/\/www.feriadeteatro.es\/feria2017\/premiosRosa.htm\" target=\"_blank\" rel=\"noopener\">Premiados 6\u00aa Convocatoria<\/a><\/p>\n<p style=\"text-align: center;\"><a href=\"https:\/\/www.feriadeteatro.es\/feria2016\/premiosRosa.htm\" target=\"_blank\" rel=\"noopener\">Premiados 5\u00aa Convocatoria<\/a><\/p>\n<p style=\"text-align: center;\"><a href=\"https:\/\/www.feriadeteatro.es\/feria2015\/premiosRosa.htm\" target=\"_blank\" rel=\"noopener\">Premiados 4\u00aa Convocatoria<\/a><\/p>\n<p style=\"text-align: center;\"><a href=\"https:\/\/www.feriadeteatro.es\/feria2014\/premiosRosa.htm\" target=\"_blank\" rel=\"noopener\">Premiados 3\u00aa Convocatoria<\/a><\/p>\n<p style=\"text-align: center;\"><a href=\"https:\/\/www.feriadeteatro.es\/feria2013\/premiosRosa.htm\" target=\"_blank\" rel=\"noopener\">Premiados 2\u00aa Convocatoria<\/a><\/p>\n<p style=\"text-align: center;\"><a href=\"https:\/\/www.feriadeteatro.es\/feria2012\/premiosRosa.htm\" target=\"_blank\" rel=\"noopener\">Premiados 1\u00aa Convocatoria<\/a><\/p>\n<\/div><\/div><\/div><style type=\"text\/css\">.fusion-body .fusion-builder-column-6{width:100% !important;margin-top : 0px;margin-bottom : 0px;}.fusion-builder-column-6 > .fusion-column-wrapper {padding-top : 0px !important;padding-right : 0px !important;margin-right : 1.92%;padding-bottom : 0px !important;padding-left : 0px !important;margin-left : 1.92%;}@media only screen and (max-width:1024px) {.fusion-body .fusion-builder-column-6{width:100% !important;}.fusion-builder-column-6 > .fusion-column-wrapper {margin-right : 1.92%;margin-left : 1.92%;}}@media only screen and (max-width:640px) {.fusion-body .fusion-builder-column-6{width:100% !important;}.fusion-builder-column-6 > .fusion-column-wrapper {margin-right : 1.92%;margin-left : 1.92%;}}<\/style><\/div><style type=\"text\/css\">.fusion-body .fusion-flex-container.fusion-builder-row-3{ padding-top : 0px;margin-top : 0px;padding-right : 0px;padding-bottom : 0px;margin-bottom : 0px;padding-left : 0px;}<\/style><\/div><\/p>\n","protected":false},"excerpt":{"rendered":"","protected":false},"author":1,"featured_media":0,"parent":0,"menu_order":0,"comment_status":"closed","ping_status":"closed","template":"","meta":{"footnotes":""},"class_list":["post-7081","page","type-page","status-publish","hentry"],"_links":{"self":[{"href":"https:\/\/www.feriadeteatro.com\/feria2022\/wp-json\/wp\/v2\/pages\/7081","targetHints":{"allow":["GET"]}}],"collection":[{"href":"https:\/\/www.feriadeteatro.com\/feria2022\/wp-json\/wp\/v2\/pages"}],"about":[{"href":"https:\/\/www.feriadeteatro.com\/feria2022\/wp-json\/wp\/v2\/types\/page"}],"author":[{"embeddable":true,"href":"https:\/\/www.feriadeteatro.com\/feria2022\/wp-json\/wp\/v2\/users\/1"}],"replies":[{"embeddable":true,"href":"https:\/\/www.feriadeteatro.com\/feria2022\/wp-json\/wp\/v2\/comments?post=7081"}],"version-history":[{"count":2,"href":"https:\/\/www.feriadeteatro.com\/feria2022\/wp-json\/wp\/v2\/pages\/7081\/revisions"}],"predecessor-version":[{"id":7086,"href":"https:\/\/www.feriadeteatro.com\/feria2022\/wp-json\/wp\/v2\/pages\/7081\/revisions\/7086"}],"wp:attachment":[{"href":"https:\/\/www.feriadeteatro.com\/feria2022\/wp-json\/wp\/v2\/media?parent=7081"}],"curies":[{"name":"wp","href":"https:\/\/api.w.org\/{rel}","templated":true}]}}