{"id":7253,"date":"2022-07-18T08:39:54","date_gmt":"2022-07-18T08:39:54","guid":{"rendered":"https:\/\/www.feriadeteatro.com\/feria2022\/?page_id=7253"},"modified":"2022-08-16T17:49:24","modified_gmt":"2022-08-16T17:49:24","slug":"alua-teatro-%c2%b7-el-gran-caliban","status":"publish","type":"page","link":"https:\/\/www.feriadeteatro.com\/feria2022\/alua-teatro-%c2%b7-el-gran-caliban\/","title":{"rendered":"AL\u00daA TEATRO \u00b7 \u00a1El gran C\u00e1liban!"},"content":{"rendered":"<div class=\"fusion-fullwidth fullwidth-box fusion-builder-row-1 fusion-flex-container nonhundred-percent-fullwidth non-hundred-percent-height-scrolling\" style=\"background-color: rgba(255,255,255,0);background-position: center center;background-repeat: no-repeat;border-width: 0px 0px 0px 0px;border-color:#eae9e9;border-style:solid;\" ><div class=\"fusion-builder-row fusion-row fusion-flex-align-items-flex-start\" style=\"max-width:1216.8px;margin-left: calc(-4% \/ 2 );margin-right: calc(-4% \/ 2 );\"><div class=\"fusion-layout-column fusion_builder_column fusion-builder-column-0 fusion_builder_column_1_1 1_1 fusion-flex-column\"><div class=\"fusion-column-wrapper fusion-flex-justify-content-flex-start fusion-content-layout-column\" style=\"background-position:left top;background-repeat:no-repeat;-webkit-background-size:cover;-moz-background-size:cover;-o-background-size:cover;background-size:cover;padding: 0px 0px 0px 0px;\"><div class=\"fusion-text fusion-text-1\" style=\"transform:translate3d(0,0,0);\"><h2 style=\"text-align: center;\">AL\u00daA TEATRO<\/h2>\n<\/div><div class=\"fusion-text fusion-text-2\" style=\"transform:translate3d(0,0,0);\"><h3 style=\"text-align: center;\">\u00a1El gran C\u00e1liban!<br \/>\n(Las locas historias de un circo en miniatura)<\/h3>\n<\/div><div class=\"fusion-separator fusion-full-width-sep\" style=\"align-self: center;margin-left: auto;margin-right: auto;margin-top:15px;margin-bottom:15px;width:100%;\"><div class=\"fusion-separator-border sep-single sep-solid\" style=\"border-color:#e0dede;border-top-width:1px;\"><\/div><\/div><\/div><\/div><style type=\"text\/css\">.fusion-body .fusion-builder-column-0{width:100% !important;margin-top : 0px;margin-bottom : 0px;}.fusion-builder-column-0 > .fusion-column-wrapper {padding-top : 0px !important;padding-right : 0px !important;margin-right : 1.92%;padding-bottom : 0px !important;padding-left : 0px !important;margin-left : 1.92%;}@media only screen and (max-width:1024px) {.fusion-body .fusion-builder-column-0{width:100% !important;}.fusion-builder-column-0 > .fusion-column-wrapper {margin-right : 1.92%;margin-left : 1.92%;}}@media only screen and (max-width:640px) {.fusion-body .fusion-builder-column-0{width:100% !important;}.fusion-builder-column-0 > .fusion-column-wrapper {margin-right : 1.92%;margin-left : 1.92%;}}<\/style><div class=\"fusion-layout-column fusion_builder_column fusion-builder-column-1 fusion_builder_column_1_2 1_2 fusion-flex-column\"><div class=\"fusion-column-wrapper fusion-flex-justify-content-flex-start fusion-content-layout-column\" style=\"background-position:left top;background-repeat:no-repeat;-webkit-background-size:cover;-moz-background-size:cover;-o-background-size:cover;background-size:cover;background-color:#eaeaea;padding: 30px 30px 30px 30px;\"><div class=\"fusion-text fusion-text-3\" style=\"transform:translate3d(0,0,0);\"><p><strong>D\u00eda:<\/strong> S\u00e1bado 27<br \/>\n<strong>Lugar:<\/strong> <a href=\"https:\/\/goo.gl\/maps\/tbDQPhXxtDeksMm1A\" target=\"_blank\" rel=\"noopener\">Sal\u00f3n de Actos Misioneras &#8211; Santa Teresa<\/a><br \/>\n<strong>Hora:<\/strong> 12.30 y 20:30h<\/p>\n<h4>DATOS DE CONTACTO:<\/h4>\n<p><strong>Persona de contacto:<\/strong> Daniel G\u00f3mez Iglesias<br \/>\n<strong>Tel\u00e9fono:<\/strong> <a href=\"tel:+34635593494\">+34 635593494<\/a><br \/>\n<strong>Direcci\u00f3n postal:<\/strong> Calle San Fernando n\u00ba2 1\u00ba2 C.P 37500 Ciudad Rodrigo (Salamanca)<br \/>\n<strong>Email:<\/strong> <a href=\"mailto:aluateatro@gmail.com\">aluateatro@gmail.com<\/a><br \/>\n<strong>P\u00e1gina web:<\/strong> <a href=\"https:\/\/www.aluateatro.com\/\" target=\"_blank\" rel=\"noopener\">www.aluateatro.com<\/a><\/p>\n<\/div><\/div><\/div><style type=\"text\/css\">.fusion-body .fusion-builder-column-1{width:50% !important;margin-top : 0px;margin-bottom : 0px;}.fusion-builder-column-1 > .fusion-column-wrapper {padding-top : 30px !important;padding-right : 30 !important;margin-right : 3.84%;padding-bottom : 30 !important;padding-left : 30 !important;margin-left : 3.84%;}@media only screen and (max-width:1024px) {.fusion-body .fusion-builder-column-1{width:100% !important;}.fusion-builder-column-1 > .fusion-column-wrapper {margin-right : 1.92%;margin-left : 1.92%;}}@media only screen and (max-width:640px) {.fusion-body .fusion-builder-column-1{width:100% !important;}.fusion-builder-column-1 > .fusion-column-wrapper {margin-right : 1.92%;margin-left : 1.92%;}}<\/style><div class=\"fusion-layout-column fusion_builder_column fusion-builder-column-2 fusion_builder_column_1_2 1_2 fusion-flex-column\"><div class=\"fusion-column-wrapper fusion-flex-justify-content-flex-start fusion-content-layout-column\" style=\"background-position:left top;background-repeat:no-repeat;-webkit-background-size:cover;-moz-background-size:cover;-o-background-size:cover;background-size:cover;background-color:#ffffff;padding: 0px 0px 0px 0px;\"><div ><span class=\" fusion-imageframe imageframe-dropshadow imageframe-1 hover-type-zoomin\" style=\"-webkit-box-shadow: 4px 4px 8px rgba(0,0,0,0.3);box-shadow: 4px 4px 8px rgba(0,0,0,0.3);\"><img decoding=\"async\" width=\"400\" height=\"267\" title=\"aluateatro\" src=\"https:\/\/www.feriadeteatro.com\/feria2022\/wp-content\/uploads\/2022\/07\/aluateatro-400x267.jpg\" class=\"img-responsive wp-image-7254\" srcset=\"https:\/\/www.feriadeteatro.com\/feria2022\/wp-content\/uploads\/2022\/07\/aluateatro-200x133.jpg 200w, https:\/\/www.feriadeteatro.com\/feria2022\/wp-content\/uploads\/2022\/07\/aluateatro-400x267.jpg 400w, https:\/\/www.feriadeteatro.com\/feria2022\/wp-content\/uploads\/2022\/07\/aluateatro-600x400.jpg 600w, https:\/\/www.feriadeteatro.com\/feria2022\/wp-content\/uploads\/2022\/07\/aluateatro-800x534.jpg 800w, https:\/\/www.feriadeteatro.com\/feria2022\/wp-content\/uploads\/2022\/07\/aluateatro.jpg 1000w\" sizes=\"(max-width: 1024px) 100vw, (max-width: 640px) 100vw, 600px\" \/><\/span><\/div><\/div><\/div><style type=\"text\/css\">.fusion-body .fusion-builder-column-2{width:50% !important;margin-top : 0px;margin-bottom : 0px;}.fusion-builder-column-2 > .fusion-column-wrapper {padding-top : 0px !important;padding-right : 0px !important;margin-right : 3.84%;padding-bottom : 0px !important;padding-left : 0px !important;margin-left : 3.84%;}@media only screen and (max-width:1024px) {.fusion-body .fusion-builder-column-2{width:100% !important;}.fusion-builder-column-2 > .fusion-column-wrapper {margin-right : 1.92%;margin-left : 1.92%;}}@media only screen and (max-width:640px) {.fusion-body .fusion-builder-column-2{width:100% !important;}.fusion-builder-column-2 > .fusion-column-wrapper {margin-right : 1.92%;margin-left : 1.92%;}}<\/style><div class=\"fusion-layout-column fusion_builder_column fusion-builder-column-3 fusion_builder_column_1_1 1_1 fusion-flex-column\"><div class=\"fusion-column-wrapper fusion-flex-justify-content-flex-start fusion-content-layout-column\" style=\"background-position:left top;background-repeat:no-repeat;-webkit-background-size:cover;-moz-background-size:cover;-o-background-size:cover;background-size:cover;background-color:#ffffff;padding: 30px 30px 30px 30px;\"><div class=\"fusion-text fusion-text-4\" style=\"transform:translate3d(0,0,0);\"><h4>SINOPSIS:<\/h4>\n<p style=\"text-align: justify;\">\u00ab\u00a1Se\u00f1oras y se\u00f1ores, ni\u00f1os y ni\u00f1as, ac\u00e9rquense para contemplar el incre\u00edble Circo de pulgas C\u00e1liban!\u00bb<\/p>\n<p style=\"text-align: justify;\">Un cuentacuentos interactivo donde los m\u00e1s peque\u00f1os podr\u00e1n descubrir la magia del circo.<\/p>\n<p style=\"text-align: justify;\">Sinopsis: C\u00e1liban es el antiguo propietario del mayor circo de todos los tiempos, actualmente arruinado ya que la gente ha dejado de ir al circo. Pero a pesar de tener solo un bot\u00f3n y polvo en el bolsillo, C\u00e1liban no cesar\u00e1 en su empe\u00f1o de llevar la ilusi\u00f3n y la magia del circo a todos los rincones del mundo.<\/p>\n<\/div><\/div><\/div><style type=\"text\/css\">.fusion-body .fusion-builder-column-3{width:100% !important;margin-top : 0px;margin-bottom : 0px;}.fusion-builder-column-3 > .fusion-column-wrapper {padding-top : 30px !important;padding-right : 30 !important;margin-right : 1.92%;padding-bottom : 30 !important;padding-left : 30 !important;margin-left : 1.92%;}@media only screen and (max-width:1024px) {.fusion-body .fusion-builder-column-3{width:100% !important;}.fusion-builder-column-3 > .fusion-column-wrapper {margin-right : 1.92%;margin-left : 1.92%;}}@media only screen and (max-width:640px) {.fusion-body .fusion-builder-column-3{width:100% !important;}.fusion-builder-column-3 > .fusion-column-wrapper {margin-right : 1.92%;margin-left : 1.92%;}}<\/style><div class=\"fusion-layout-column fusion_builder_column fusion-builder-column-4 fusion_builder_column_1_2 1_2 fusion-flex-column\"><div class=\"fusion-column-wrapper fusion-flex-justify-content-flex-start fusion-content-layout-column\" style=\"background-position:left top;background-repeat:no-repeat;-webkit-background-size:cover;-moz-background-size:cover;-o-background-size:cover;background-size:cover;padding: 30px 0px 0px 0px;\"><div class=\"fusion-video fusion-youtube\" style=\"max-width:370px;max-height:280px;\"><div class=\"video-shortcode\"><iframe title=\"YouTube video player\" src=\"https:\/\/www.youtube.com\/embed\/qGyOHaHzUbg?wmode=transparent&autoplay=0\" width=\"370\" height=\"280\" allowfullscreen allow=\"autoplay; fullscreen\"><\/iframe><\/div><\/div><\/div><\/div><style type=\"text\/css\">.fusion-body .fusion-builder-column-4{width:50% !important;margin-top : 0px;margin-bottom : 0px;}.fusion-builder-column-4 > .fusion-column-wrapper {padding-top : 30px !important;padding-right : 0px !important;margin-right : 3.84%;padding-bottom : 0px !important;padding-left : 0px !important;margin-left : 3.84%;}@media only screen and (max-width:1024px) {.fusion-body .fusion-builder-column-4{width:100% !important;}.fusion-builder-column-4 > .fusion-column-wrapper {margin-right : 1.92%;margin-left : 1.92%;}}@media only screen and (max-width:640px) {.fusion-body .fusion-builder-column-4{width:100% !important;}.fusion-builder-column-4 > .fusion-column-wrapper {margin-right : 1.92%;margin-left : 1.92%;}}<\/style><div class=\"fusion-layout-column fusion_builder_column fusion-builder-column-5 fusion_builder_column_1_2 1_2 fusion-flex-column\"><div class=\"fusion-column-wrapper fusion-flex-justify-content-flex-start fusion-content-layout-column\" style=\"background-position:left top;background-repeat:no-repeat;-webkit-background-size:cover;-moz-background-size:cover;-o-background-size:cover;background-size:cover;padding: 0px 0px 0px 0px;\"><div class=\"fusion-text fusion-text-5\" style=\"transform:translate3d(0,0,0);\"><h4>FICHA ART\u00cdSTICA:<\/h4>\n<p><strong>T\u00e9cnica:<\/strong> Teatro de objetos, t\u00edteres y teatro gestual.<br \/>\n<strong>Dramaturgia:<\/strong> Daniel G\u00f3mez Iglesias<br \/>\n<strong>Direcci\u00f3n: <\/strong>Daniel G\u00f3mez Iglesias<br \/>\n<strong>Int\u00e9rprete:<\/strong> Daniel G\u00f3mez Iglesias<br \/>\n<strong>Escenograf\u00eda<\/strong>: \u00c1ngel Toribio Roman, Cristian Malo, MolinoLab y Daniel G\u00f3mez Iglesias<br \/>\n<strong>Ilustraciones: <\/strong>Adelia Vicente Jorge<br \/>\n<strong>T\u00e9cnico:<\/strong> Juan Jos\u00e9 R.Medina y Gonzalo Fern\u00e1ndez Sobreviela<br \/>\n<strong>Videograf\u00eda, fotograf\u00eda y comunicaci\u00f3n:<\/strong> Diana Mart\u00edn<\/p>\n<\/div><\/div><\/div><style type=\"text\/css\">.fusion-body .fusion-builder-column-5{width:50% !important;margin-top : 0px;margin-bottom : 0px;}.fusion-builder-column-5 > .fusion-column-wrapper {padding-top : 0px !important;padding-right : 0px !important;margin-right : 3.84%;padding-bottom : 0px !important;padding-left : 0px !important;margin-left : 3.84%;}@media only screen and (max-width:1024px) {.fusion-body .fusion-builder-column-5{width:100% !important;}.fusion-builder-column-5 > .fusion-column-wrapper {margin-right : 1.92%;margin-left : 1.92%;}}@media only screen and (max-width:640px) {.fusion-body .fusion-builder-column-5{width:100% !important;}.fusion-builder-column-5 > .fusion-column-wrapper {margin-right : 1.92%;margin-left : 1.92%;}}<\/style><div class=\"fusion-layout-column fusion_builder_column fusion-builder-column-6 fusion_builder_column_1_1 1_1 fusion-flex-column\"><div class=\"fusion-column-wrapper fusion-flex-justify-content-flex-start fusion-content-layout-column\" style=\"background-position:left top;background-repeat:no-repeat;-webkit-background-size:cover;-moz-background-size:cover;-o-background-size:cover;background-size:cover;padding: 0px 0px 0px 0px;\"><div class=\"fusion-text fusion-text-6\" style=\"transform:translate3d(0,0,0);\"><h5><a href=\"https:\/\/www.feriadeteatro.es\/feria2022\/cuadrante-programacion-2022.htm\">[volver al cuadrante de programaci\u00f3n]<\/a><\/h5>\n<\/div><\/div><\/div><style type=\"text\/css\">.fusion-body .fusion-builder-column-6{width:100% !important;margin-top : 0px;margin-bottom : 0px;}.fusion-builder-column-6 > .fusion-column-wrapper {padding-top : 0px !important;padding-right : 0px !important;margin-right : 1.92%;padding-bottom : 0px !important;padding-left : 0px !important;margin-left : 1.92%;}@media only screen and (max-width:1024px) {.fusion-body .fusion-builder-column-6{width:100% !important;}.fusion-builder-column-6 > .fusion-column-wrapper {margin-right : 1.92%;margin-left : 1.92%;}}@media only screen and (max-width:640px) {.fusion-body .fusion-builder-column-6{width:100% !important;}.fusion-builder-column-6 > .fusion-column-wrapper {margin-right : 1.92%;margin-left : 1.92%;}}<\/style><\/div><style type=\"text\/css\">.fusion-body .fusion-flex-container.fusion-builder-row-1{ padding-top : 0px;margin-top : 0px;padding-right : 0px;padding-bottom : 0px;margin-bottom : 0px;padding-left : 0px;}<\/style><\/div>\n","protected":false},"excerpt":{"rendered":"","protected":false},"author":1,"featured_media":0,"parent":0,"menu_order":0,"comment_status":"closed","ping_status":"closed","template":"","meta":{"footnotes":""},"class_list":["post-7253","page","type-page","status-publish","hentry"],"_links":{"self":[{"href":"https:\/\/www.feriadeteatro.com\/feria2022\/wp-json\/wp\/v2\/pages\/7253","targetHints":{"allow":["GET"]}}],"collection":[{"href":"https:\/\/www.feriadeteatro.com\/feria2022\/wp-json\/wp\/v2\/pages"}],"about":[{"href":"https:\/\/www.feriadeteatro.com\/feria2022\/wp-json\/wp\/v2\/types\/page"}],"author":[{"embeddable":true,"href":"https:\/\/www.feriadeteatro.com\/feria2022\/wp-json\/wp\/v2\/users\/1"}],"replies":[{"embeddable":true,"href":"https:\/\/www.feriadeteatro.com\/feria2022\/wp-json\/wp\/v2\/comments?post=7253"}],"version-history":[{"count":8,"href":"https:\/\/www.feriadeteatro.com\/feria2022\/wp-json\/wp\/v2\/pages\/7253\/revisions"}],"predecessor-version":[{"id":7747,"href":"https:\/\/www.feriadeteatro.com\/feria2022\/wp-json\/wp\/v2\/pages\/7253\/revisions\/7747"}],"wp:attachment":[{"href":"https:\/\/www.feriadeteatro.com\/feria2022\/wp-json\/wp\/v2\/media?parent=7253"}],"curies":[{"name":"wp","href":"https:\/\/api.w.org\/{rel}","templated":true}]}}