{"id":7322,"date":"2022-07-18T12:05:37","date_gmt":"2022-07-18T12:05:37","guid":{"rendered":"https:\/\/www.feriadeteatro.com\/feria2022\/?page_id=7322"},"modified":"2022-08-16T17:42:57","modified_gmt":"2022-08-16T17:42:57","slug":"esa-gente-blop","status":"publish","type":"page","link":"https:\/\/www.feriadeteatro.com\/feria2022\/esa-gente-blop\/","title":{"rendered":"ESA GENTE \u00b7 Blop"},"content":{"rendered":"<div class=\"fusion-fullwidth fullwidth-box fusion-builder-row-1 fusion-flex-container nonhundred-percent-fullwidth non-hundred-percent-height-scrolling\" style=\"background-color: rgba(255,255,255,0);background-position: center center;background-repeat: no-repeat;border-width: 0px 0px 0px 0px;border-color:#eae9e9;border-style:solid;\" ><div class=\"fusion-builder-row fusion-row fusion-flex-align-items-flex-start\" style=\"max-width:1216.8px;margin-left: calc(-4% \/ 2 );margin-right: calc(-4% \/ 2 );\"><div class=\"fusion-layout-column fusion_builder_column fusion-builder-column-0 fusion_builder_column_1_1 1_1 fusion-flex-column\"><div class=\"fusion-column-wrapper fusion-flex-justify-content-flex-start fusion-content-layout-column\" style=\"background-position:left top;background-repeat:no-repeat;-webkit-background-size:cover;-moz-background-size:cover;-o-background-size:cover;background-size:cover;padding: 0px 0px 0px 0px;\"><div class=\"fusion-text fusion-text-1\" style=\"transform:translate3d(0,0,0);\"><h2 style=\"text-align: center;\">ESA GENTE<\/h2>\n<\/div><div class=\"fusion-text fusion-text-2\" style=\"transform:translate3d(0,0,0);\"><h3 style=\"text-align: center;\"><strong>Blop<\/strong><\/h3>\n<\/div><div class=\"fusion-separator fusion-full-width-sep\" style=\"align-self: center;margin-left: auto;margin-right: auto;margin-top:15px;margin-bottom:15px;width:100%;\"><div class=\"fusion-separator-border sep-single sep-solid\" style=\"border-color:#e0dede;border-top-width:1px;\"><\/div><\/div><\/div><\/div><style type=\"text\/css\">.fusion-body .fusion-builder-column-0{width:100% !important;margin-top : 0px;margin-bottom : 0px;}.fusion-builder-column-0 > .fusion-column-wrapper {padding-top : 0px !important;padding-right : 0px !important;margin-right : 1.92%;padding-bottom : 0px !important;padding-left : 0px !important;margin-left : 1.92%;}@media only screen and (max-width:1024px) {.fusion-body .fusion-builder-column-0{width:100% !important;}.fusion-builder-column-0 > .fusion-column-wrapper {margin-right : 1.92%;margin-left : 1.92%;}}@media only screen and (max-width:640px) {.fusion-body .fusion-builder-column-0{width:100% !important;}.fusion-builder-column-0 > .fusion-column-wrapper {margin-right : 1.92%;margin-left : 1.92%;}}<\/style><div class=\"fusion-layout-column fusion_builder_column fusion-builder-column-1 fusion_builder_column_1_2 1_2 fusion-flex-column\"><div class=\"fusion-column-wrapper fusion-flex-justify-content-flex-start fusion-content-layout-column\" style=\"background-position:left top;background-repeat:no-repeat;-webkit-background-size:cover;-moz-background-size:cover;-o-background-size:cover;background-size:cover;background-color:#eaeaea;padding: 30px 30px 30px 30px;\"><div class=\"fusion-text fusion-text-3\" style=\"transform:translate3d(0,0,0);\"><p><strong>D\u00eda:<\/strong> Viernes 26<br \/>\n<strong>Lugar:<\/strong> <a href=\"https:\/\/goo.gl\/maps\/svqMQdqJPurqctBY8\" target=\"_blank\" rel=\"noopener\">Espacio Afecir<\/a><br \/>\n<strong>Hora:<\/strong> 12:30h<\/p>\n<h4>DATOS DE CONTACTO:<\/h4>\n<p><strong>Persona de contacto:<\/strong> Mar\u00eda Mari\u00f1o &#8211; Kandengue Arts<br \/>\n<strong>Tel\u00e9fono:<\/strong> <a href=\"tel:+34698147660\">+34 698147660<\/a> \/ <a href=\"tel:+34660885438\">+34 660885438<\/a><br \/>\n<strong>Direcci\u00f3n postal:<\/strong> R\u00faa do Buxo 3-2\u00baB, 15895 Milladoiro &#8211; Ames (A Coru\u00f1a)<br \/>\n<strong>Email:<\/strong> <a href=\"mailto:kandenguearts@gmail.com\">kandenguearts@gmail.com<\/a><br \/>\n<strong>P\u00e1gina web:<\/strong> <a href=\"https:\/\/mariacasares.wixsite.com\/web1\/blop\">https:\/\/mariacasares.wixsite.com\/web1\/blop<\/a><\/p>\n<\/div><\/div><\/div><style type=\"text\/css\">.fusion-body .fusion-builder-column-1{width:50% !important;margin-top : 0px;margin-bottom : 0px;}.fusion-builder-column-1 > .fusion-column-wrapper {padding-top : 30px !important;padding-right : 30 !important;margin-right : 3.84%;padding-bottom : 30 !important;padding-left : 30 !important;margin-left : 3.84%;}@media only screen and (max-width:1024px) {.fusion-body .fusion-builder-column-1{width:100% !important;}.fusion-builder-column-1 > .fusion-column-wrapper {margin-right : 1.92%;margin-left : 1.92%;}}@media only screen and (max-width:640px) {.fusion-body .fusion-builder-column-1{width:100% !important;}.fusion-builder-column-1 > .fusion-column-wrapper {margin-right : 1.92%;margin-left : 1.92%;}}<\/style><div class=\"fusion-layout-column fusion_builder_column fusion-builder-column-2 fusion_builder_column_1_2 1_2 fusion-flex-column\"><div class=\"fusion-column-wrapper fusion-flex-justify-content-flex-start fusion-content-layout-column\" style=\"background-position:left top;background-repeat:no-repeat;-webkit-background-size:cover;-moz-background-size:cover;-o-background-size:cover;background-size:cover;background-color:#ffffff;padding: 0px 0px 0px 0px;\"><div ><span class=\" fusion-imageframe imageframe-dropshadow imageframe-1 hover-type-zoomin\" style=\"-webkit-box-shadow: 4px 4px 8px rgba(0,0,0,0.3);box-shadow: 4px 4px 8px rgba(0,0,0,0.3);\"><img decoding=\"async\" width=\"400\" height=\"267\" title=\"ESAGENTE\" src=\"https:\/\/www.feriadeteatro.com\/feria2022\/wp-content\/uploads\/2022\/07\/ESAGENTE-400x267.jpg\" class=\"img-responsive wp-image-7273\" srcset=\"https:\/\/www.feriadeteatro.com\/feria2022\/wp-content\/uploads\/2022\/07\/ESAGENTE-200x133.jpg 200w, https:\/\/www.feriadeteatro.com\/feria2022\/wp-content\/uploads\/2022\/07\/ESAGENTE-400x267.jpg 400w, https:\/\/www.feriadeteatro.com\/feria2022\/wp-content\/uploads\/2022\/07\/ESAGENTE-600x400.jpg 600w, https:\/\/www.feriadeteatro.com\/feria2022\/wp-content\/uploads\/2022\/07\/ESAGENTE-800x534.jpg 800w, https:\/\/www.feriadeteatro.com\/feria2022\/wp-content\/uploads\/2022\/07\/ESAGENTE.jpg 1000w\" sizes=\"(max-width: 1024px) 100vw, (max-width: 640px) 100vw, 600px\" \/><\/span><\/div><\/div><\/div><style type=\"text\/css\">.fusion-body .fusion-builder-column-2{width:50% !important;margin-top : 0px;margin-bottom : 0px;}.fusion-builder-column-2 > .fusion-column-wrapper {padding-top : 0px !important;padding-right : 0px !important;margin-right : 3.84%;padding-bottom : 0px !important;padding-left : 0px !important;margin-left : 3.84%;}@media only screen and (max-width:1024px) {.fusion-body .fusion-builder-column-2{width:100% !important;}.fusion-builder-column-2 > .fusion-column-wrapper {margin-right : 1.92%;margin-left : 1.92%;}}@media only screen and (max-width:640px) {.fusion-body .fusion-builder-column-2{width:100% !important;}.fusion-builder-column-2 > .fusion-column-wrapper {margin-right : 1.92%;margin-left : 1.92%;}}<\/style><div class=\"fusion-layout-column fusion_builder_column fusion-builder-column-3 fusion_builder_column_1_1 1_1 fusion-flex-column\"><div class=\"fusion-column-wrapper fusion-flex-justify-content-flex-start fusion-content-layout-column\" style=\"background-position:left top;background-repeat:no-repeat;-webkit-background-size:cover;-moz-background-size:cover;-o-background-size:cover;background-size:cover;background-color:#ffffff;padding: 30px 30px 30px 30px;\"><div class=\"fusion-text fusion-text-4\" style=\"transform:translate3d(0,0,0);\"><h4>SINOPSIS:<\/h4>\n<p style=\"text-align: justify;\">Mar\u00eda es bastante normal. Le gusta jugar y disfruta del movimiento, pero siempre acaba por suceder alg\u00fan contratiempo. Se r\u00eden de ella, se averg\u00fcenza, se siente insegura y al final no se atreve a hacer nada. Es como si una fuerza invisible mantuviera sus pies firmemente pegados al suelo y su boca cerrada.<\/p>\n<p style=\"text-align: justify;\">\u00bfDe qu\u00e9 nos sentimos avergonzados y de qu\u00e9 tenemos miedo?<\/p>\n<p style=\"text-align: justify;\">Esta es la entra\u00f1able historia de Mar\u00eda, que se entrega ante la derrota con deleite y grandiosidad super\u00e1ndose a s\u00ed misma. De una manera conmovedora, aprendiendo lo que le hace fuerte: ser ella misma, no sobrestimar lo que los dem\u00e1s piensan de ella y por supuesto: poder re\u00edrse de s\u00ed misma.<\/p>\n<p style=\"text-align: justify;\">Una pieza de auto-empoderamiento contra la presi\u00f3n de tener que ser perfecto.<\/p>\n<\/div><\/div><\/div><style type=\"text\/css\">.fusion-body .fusion-builder-column-3{width:100% !important;margin-top : 0px;margin-bottom : 0px;}.fusion-builder-column-3 > .fusion-column-wrapper {padding-top : 30px !important;padding-right : 30 !important;margin-right : 1.92%;padding-bottom : 30 !important;padding-left : 30 !important;margin-left : 1.92%;}@media only screen and (max-width:1024px) {.fusion-body .fusion-builder-column-3{width:100% !important;}.fusion-builder-column-3 > .fusion-column-wrapper {margin-right : 1.92%;margin-left : 1.92%;}}@media only screen and (max-width:640px) {.fusion-body .fusion-builder-column-3{width:100% !important;}.fusion-builder-column-3 > .fusion-column-wrapper {margin-right : 1.92%;margin-left : 1.92%;}}<\/style><div class=\"fusion-layout-column fusion_builder_column fusion-builder-column-4 fusion_builder_column_1_2 1_2 fusion-flex-column\"><div class=\"fusion-column-wrapper fusion-flex-justify-content-flex-start fusion-content-layout-column\" style=\"background-position:left top;background-repeat:no-repeat;-webkit-background-size:cover;-moz-background-size:cover;-o-background-size:cover;background-size:cover;padding: 30px 0px 0px 0px;\"><div class=\"fusion-video fusion-youtube\" style=\"max-width:370px;max-height:280px;\"><div class=\"video-shortcode\"><iframe title=\"YouTube video player\" src=\"https:\/\/www.youtube.com\/embed\/ssJNEnmfiKs?wmode=transparent&autoplay=0\" width=\"370\" height=\"280\" allowfullscreen allow=\"autoplay; fullscreen\"><\/iframe><\/div><\/div><\/div><\/div><style type=\"text\/css\">.fusion-body .fusion-builder-column-4{width:50% !important;margin-top : 0px;margin-bottom : 0px;}.fusion-builder-column-4 > .fusion-column-wrapper {padding-top : 30px !important;padding-right : 0px !important;margin-right : 3.84%;padding-bottom : 0px !important;padding-left : 0px !important;margin-left : 3.84%;}@media only screen and (max-width:1024px) {.fusion-body .fusion-builder-column-4{width:100% !important;}.fusion-builder-column-4 > .fusion-column-wrapper {margin-right : 1.92%;margin-left : 1.92%;}}@media only screen and (max-width:640px) {.fusion-body .fusion-builder-column-4{width:100% !important;}.fusion-builder-column-4 > .fusion-column-wrapper {margin-right : 1.92%;margin-left : 1.92%;}}<\/style><div class=\"fusion-layout-column fusion_builder_column fusion-builder-column-5 fusion_builder_column_1_2 1_2 fusion-flex-column\"><div class=\"fusion-column-wrapper fusion-flex-justify-content-flex-start fusion-content-layout-column\" style=\"background-position:left top;background-repeat:no-repeat;-webkit-background-size:cover;-moz-background-size:cover;-o-background-size:cover;background-size:cover;padding: 0px 0px 0px 0px;\"><div class=\"fusion-text fusion-text-5\" style=\"transform:translate3d(0,0,0);\"><h4>FICHA ART\u00cdSTICA:<\/h4>\n<p><strong>Coreograf\u00eda, Interpretaci\u00f3n: <\/strong>Mar\u00eda Casares<br \/>\n<strong>Dise\u00f1o sonoro:<\/strong> Ivan D\u00edez \u00c1lvarez (Genzo P.), David Tornadijo<br \/>\n<strong>Dise\u00f1o de vestuario:<\/strong> Alexandra Surugiu, Escuela de Moda Lipper, Francisco Javier Llorente Su\u00e1rez, Beatriz Salvador Mercedes.<br \/>\n<strong>Acompa\u00f1amiento:<\/strong> David Tornadijo, Lucio A. Baglivo, Javier Bermejo<br \/>\n<strong>Con el apoyo de<\/strong> Encuentros de Creaci\u00f3n Magalia 2020, TRY OUT Dschungel Wien 2021, Le\u00f3nJoven, PICE Acci\u00f3n Cultural Espa\u00f1ola<\/p>\n<\/div><\/div><\/div><style type=\"text\/css\">.fusion-body .fusion-builder-column-5{width:50% !important;margin-top : 0px;margin-bottom : 0px;}.fusion-builder-column-5 > .fusion-column-wrapper {padding-top : 0px !important;padding-right : 0px !important;margin-right : 3.84%;padding-bottom : 0px !important;padding-left : 0px !important;margin-left : 3.84%;}@media only screen and (max-width:1024px) {.fusion-body .fusion-builder-column-5{width:100% !important;}.fusion-builder-column-5 > .fusion-column-wrapper {margin-right : 1.92%;margin-left : 1.92%;}}@media only screen and (max-width:640px) {.fusion-body .fusion-builder-column-5{width:100% !important;}.fusion-builder-column-5 > .fusion-column-wrapper {margin-right : 1.92%;margin-left : 1.92%;}}<\/style><div class=\"fusion-layout-column fusion_builder_column fusion-builder-column-6 fusion_builder_column_1_1 1_1 fusion-flex-column\"><div class=\"fusion-column-wrapper fusion-flex-justify-content-flex-start fusion-content-layout-column\" style=\"background-position:left top;background-repeat:no-repeat;-webkit-background-size:cover;-moz-background-size:cover;-o-background-size:cover;background-size:cover;padding: 0px 0px 0px 0px;\"><div class=\"fusion-text fusion-text-6\" style=\"transform:translate3d(0,0,0);\"><h5><a href=\"https:\/\/www.feriadeteatro.es\/feria2022\/cuadrante-programacion-2022.htm\">[volver al cuadrante de programaci\u00f3n]<\/a><\/h5>\n<\/div><\/div><\/div><style type=\"text\/css\">.fusion-body .fusion-builder-column-6{width:100% !important;margin-top : 0px;margin-bottom : 0px;}.fusion-builder-column-6 > .fusion-column-wrapper {padding-top : 0px !important;padding-right : 0px !important;margin-right : 1.92%;padding-bottom : 0px !important;padding-left : 0px !important;margin-left : 1.92%;}@media only screen and (max-width:1024px) {.fusion-body .fusion-builder-column-6{width:100% !important;}.fusion-builder-column-6 > .fusion-column-wrapper {margin-right : 1.92%;margin-left : 1.92%;}}@media only screen and (max-width:640px) {.fusion-body .fusion-builder-column-6{width:100% !important;}.fusion-builder-column-6 > .fusion-column-wrapper {margin-right : 1.92%;margin-left : 1.92%;}}<\/style><\/div><style type=\"text\/css\">.fusion-body .fusion-flex-container.fusion-builder-row-1{ padding-top : 0px;margin-top : 0px;padding-right : 0px;padding-bottom : 0px;margin-bottom : 0px;padding-left : 0px;}<\/style><\/div>\n","protected":false},"excerpt":{"rendered":"","protected":false},"author":1,"featured_media":0,"parent":0,"menu_order":0,"comment_status":"closed","ping_status":"closed","template":"","meta":{"footnotes":""},"class_list":["post-7322","page","type-page","status-publish","hentry"],"_links":{"self":[{"href":"https:\/\/www.feriadeteatro.com\/feria2022\/wp-json\/wp\/v2\/pages\/7322","targetHints":{"allow":["GET"]}}],"collection":[{"href":"https:\/\/www.feriadeteatro.com\/feria2022\/wp-json\/wp\/v2\/pages"}],"about":[{"href":"https:\/\/www.feriadeteatro.com\/feria2022\/wp-json\/wp\/v2\/types\/page"}],"author":[{"embeddable":true,"href":"https:\/\/www.feriadeteatro.com\/feria2022\/wp-json\/wp\/v2\/users\/1"}],"replies":[{"embeddable":true,"href":"https:\/\/www.feriadeteatro.com\/feria2022\/wp-json\/wp\/v2\/comments?post=7322"}],"version-history":[{"count":5,"href":"https:\/\/www.feriadeteatro.com\/feria2022\/wp-json\/wp\/v2\/pages\/7322\/revisions"}],"predecessor-version":[{"id":7738,"href":"https:\/\/www.feriadeteatro.com\/feria2022\/wp-json\/wp\/v2\/pages\/7322\/revisions\/7738"}],"wp:attachment":[{"href":"https:\/\/www.feriadeteatro.com\/feria2022\/wp-json\/wp\/v2\/media?parent=7322"}],"curies":[{"name":"wp","href":"https:\/\/api.w.org\/{rel}","templated":true}]}}