{"id":7330,"date":"2022-07-18T13:50:44","date_gmt":"2022-07-18T13:50:44","guid":{"rendered":"https:\/\/www.feriadeteatro.com\/feria2022\/?page_id=7330"},"modified":"2022-08-16T17:52:27","modified_gmt":"2022-08-16T17:52:27","slug":"gata-por-liebre-una-de-cal","status":"publish","type":"page","link":"https:\/\/www.feriadeteatro.com\/feria2022\/gata-por-liebre-una-de-cal\/","title":{"rendered":"GATA POR LIEBRE \u00b7 Una de cal"},"content":{"rendered":"<div class=\"fusion-fullwidth fullwidth-box fusion-builder-row-1 fusion-flex-container nonhundred-percent-fullwidth non-hundred-percent-height-scrolling\" style=\"background-color: rgba(255,255,255,0);background-position: center center;background-repeat: no-repeat;border-width: 0px 0px 0px 0px;border-color:#eae9e9;border-style:solid;\" ><div class=\"fusion-builder-row fusion-row fusion-flex-align-items-flex-start\" style=\"max-width:1216.8px;margin-left: calc(-4% \/ 2 );margin-right: calc(-4% \/ 2 );\"><div class=\"fusion-layout-column fusion_builder_column fusion-builder-column-0 fusion_builder_column_1_1 1_1 fusion-flex-column\"><div class=\"fusion-column-wrapper fusion-flex-justify-content-flex-start fusion-content-layout-column\" style=\"background-position:left top;background-repeat:no-repeat;-webkit-background-size:cover;-moz-background-size:cover;-o-background-size:cover;background-size:cover;padding: 0px 0px 0px 0px;\"><div class=\"fusion-text fusion-text-1\" style=\"transform:translate3d(0,0,0);\"><h2 style=\"text-align: center;\">GATA POR LIEBRE<\/h2>\n<\/div><div class=\"fusion-text fusion-text-2\" style=\"transform:translate3d(0,0,0);\"><h3 style=\"text-align: center;\"><strong>Una de cal<\/strong><\/h3>\n<\/div><div class=\"fusion-separator fusion-full-width-sep\" style=\"align-self: center;margin-left: auto;margin-right: auto;margin-top:15px;margin-bottom:15px;width:100%;\"><div class=\"fusion-separator-border sep-single sep-solid\" style=\"border-color:#e0dede;border-top-width:1px;\"><\/div><\/div><\/div><\/div><style type=\"text\/css\">.fusion-body .fusion-builder-column-0{width:100% !important;margin-top : 0px;margin-bottom : 0px;}.fusion-builder-column-0 > .fusion-column-wrapper {padding-top : 0px !important;padding-right : 0px !important;margin-right : 1.92%;padding-bottom : 0px !important;padding-left : 0px !important;margin-left : 1.92%;}@media only screen and (max-width:1024px) {.fusion-body .fusion-builder-column-0{width:100% !important;}.fusion-builder-column-0 > .fusion-column-wrapper {margin-right : 1.92%;margin-left : 1.92%;}}@media only screen and (max-width:640px) {.fusion-body .fusion-builder-column-0{width:100% !important;}.fusion-builder-column-0 > .fusion-column-wrapper {margin-right : 1.92%;margin-left : 1.92%;}}<\/style><div class=\"fusion-layout-column fusion_builder_column fusion-builder-column-1 fusion_builder_column_1_2 1_2 fusion-flex-column\"><div class=\"fusion-column-wrapper fusion-flex-justify-content-flex-start fusion-content-layout-column\" style=\"background-position:left top;background-repeat:no-repeat;-webkit-background-size:cover;-moz-background-size:cover;-o-background-size:cover;background-size:cover;background-color:#eaeaea;padding: 30px 30px 30px 30px;\"><div class=\"fusion-text fusion-text-3\" style=\"transform:translate3d(0,0,0);\"><p><strong>D\u00eda:<\/strong> Mi\u00e9rcoles 24<br \/>\n<strong>Lugar:<\/strong> <a href=\"https:\/\/goo.gl\/maps\/D3NMx7vqyhqNpvWZ9\" target=\"_blank\" rel=\"noopener\">Sala Tierra<\/a><br \/>\n<strong>Hora:<\/strong> 12:30h \/ 17:30h<\/p>\n<h4>DATOS DE CONTACTO:<\/h4>\n<p><strong>Persona de contacto:<\/strong> Laura Cocho Parada<br \/>\n<strong>Tel\u00e9fono:<\/strong> <a href=\"tel:+34619924579\">+34 619 92 45 79<\/a><br \/>\n<strong>Direcci\u00f3n postal:<\/strong> C\/ Joaqu\u00edn Velasco Mart\u00edn 126, bj\u00baB (47014) Valladolid<br \/>\n<strong>Email:<\/strong> <a href=\"mailto:laucopar@gmail.com\">laucopar@gmail.com<\/a><br \/>\n<strong>P\u00e1gina web:<\/strong> <a href=\"https:\/\/gataporliebre.webnode.es\/\" target=\"_blank\" rel=\"noopener\">gataporliebre.webnode.es\/<\/a><\/p>\n<\/div><\/div><\/div><style type=\"text\/css\">.fusion-body .fusion-builder-column-1{width:50% !important;margin-top : 0px;margin-bottom : 0px;}.fusion-builder-column-1 > .fusion-column-wrapper {padding-top : 30px !important;padding-right : 30 !important;margin-right : 3.84%;padding-bottom : 30 !important;padding-left : 30 !important;margin-left : 3.84%;}@media only screen and (max-width:1024px) {.fusion-body .fusion-builder-column-1{width:100% !important;}.fusion-builder-column-1 > .fusion-column-wrapper {margin-right : 1.92%;margin-left : 1.92%;}}@media only screen and (max-width:640px) {.fusion-body .fusion-builder-column-1{width:100% !important;}.fusion-builder-column-1 > .fusion-column-wrapper {margin-right : 1.92%;margin-left : 1.92%;}}<\/style><div class=\"fusion-layout-column fusion_builder_column fusion-builder-column-2 fusion_builder_column_1_2 1_2 fusion-flex-column\"><div class=\"fusion-column-wrapper fusion-flex-justify-content-flex-start fusion-content-layout-column\" style=\"background-position:left top;background-repeat:no-repeat;-webkit-background-size:cover;-moz-background-size:cover;-o-background-size:cover;background-size:cover;background-color:#ffffff;padding: 0px 0px 0px 0px;\"><div ><span class=\" fusion-imageframe imageframe-dropshadow imageframe-1 hover-type-zoomin\" style=\"-webkit-box-shadow: 4px 4px 8px rgba(0,0,0,0.3);box-shadow: 4px 4px 8px rgba(0,0,0,0.3);\"><img decoding=\"async\" width=\"400\" height=\"267\" title=\"GATAPORLIEBRE\" src=\"https:\/\/www.feriadeteatro.com\/feria2022\/wp-content\/uploads\/2022\/07\/GATAPORLIEBRE-400x267.jpg\" class=\"img-responsive wp-image-7331\" srcset=\"https:\/\/www.feriadeteatro.com\/feria2022\/wp-content\/uploads\/2022\/07\/GATAPORLIEBRE-200x133.jpg 200w, https:\/\/www.feriadeteatro.com\/feria2022\/wp-content\/uploads\/2022\/07\/GATAPORLIEBRE-400x267.jpg 400w, https:\/\/www.feriadeteatro.com\/feria2022\/wp-content\/uploads\/2022\/07\/GATAPORLIEBRE-600x400.jpg 600w, https:\/\/www.feriadeteatro.com\/feria2022\/wp-content\/uploads\/2022\/07\/GATAPORLIEBRE-800x534.jpg 800w, https:\/\/www.feriadeteatro.com\/feria2022\/wp-content\/uploads\/2022\/07\/GATAPORLIEBRE.jpg 1000w\" sizes=\"(max-width: 1024px) 100vw, (max-width: 640px) 100vw, 600px\" \/><\/span><\/div><\/div><\/div><style type=\"text\/css\">.fusion-body .fusion-builder-column-2{width:50% !important;margin-top : 0px;margin-bottom : 0px;}.fusion-builder-column-2 > .fusion-column-wrapper {padding-top : 0px !important;padding-right : 0px !important;margin-right : 3.84%;padding-bottom : 0px !important;padding-left : 0px !important;margin-left : 3.84%;}@media only screen and (max-width:1024px) {.fusion-body .fusion-builder-column-2{width:100% !important;}.fusion-builder-column-2 > .fusion-column-wrapper {margin-right : 1.92%;margin-left : 1.92%;}}@media only screen and (max-width:640px) {.fusion-body .fusion-builder-column-2{width:100% !important;}.fusion-builder-column-2 > .fusion-column-wrapper {margin-right : 1.92%;margin-left : 1.92%;}}<\/style><div class=\"fusion-layout-column fusion_builder_column fusion-builder-column-3 fusion_builder_column_1_1 1_1 fusion-flex-column\"><div class=\"fusion-column-wrapper fusion-flex-justify-content-flex-start fusion-content-layout-column\" style=\"background-position:left top;background-repeat:no-repeat;-webkit-background-size:cover;-moz-background-size:cover;-o-background-size:cover;background-size:cover;background-color:#ffffff;padding: 30px 30px 30px 30px;\"><div class=\"fusion-text fusion-text-4\" style=\"transform:translate3d(0,0,0);\"><h4>SINOPSIS:<\/h4>\n<p style=\"text-align: justify;\">Una de cal es la madeja de hilos de nuestra historia que ofrecemos a nuestra manera para que cada persona tire del hilo que quiera, y descubra lo que necesite.<\/p>\n<p style=\"text-align: justify;\">Una de cal es un espect\u00e1culo que a\u00fana diferentes lenguajes para hablar de la historia reciente de Espa\u00f1a de una manera diferente. Una de cal para esperar la de arena. La compa\u00f1\u00eda Gata por Liebre a\u00fana en este espect\u00e1culo circo, teatro y danza para generar una experiencia esc\u00e9nica que deposite en el espectador el germen de la reflexi\u00f3n.<\/p>\n<p style=\"text-align: justify;\">Una de cal para tapar, limpiar, combustionar lo que cada uno necesite, aunque no lo crea.<\/p>\n<\/div><\/div><\/div><style type=\"text\/css\">.fusion-body .fusion-builder-column-3{width:100% !important;margin-top : 0px;margin-bottom : 0px;}.fusion-builder-column-3 > .fusion-column-wrapper {padding-top : 30px !important;padding-right : 30 !important;margin-right : 1.92%;padding-bottom : 30 !important;padding-left : 30 !important;margin-left : 1.92%;}@media only screen and (max-width:1024px) {.fusion-body .fusion-builder-column-3{width:100% !important;}.fusion-builder-column-3 > .fusion-column-wrapper {margin-right : 1.92%;margin-left : 1.92%;}}@media only screen and (max-width:640px) {.fusion-body .fusion-builder-column-3{width:100% !important;}.fusion-builder-column-3 > .fusion-column-wrapper {margin-right : 1.92%;margin-left : 1.92%;}}<\/style><div class=\"fusion-layout-column fusion_builder_column fusion-builder-column-4 fusion_builder_column_1_2 1_2 fusion-flex-column\"><div class=\"fusion-column-wrapper fusion-flex-justify-content-flex-start fusion-content-layout-column\" style=\"background-position:left top;background-repeat:no-repeat;-webkit-background-size:cover;-moz-background-size:cover;-o-background-size:cover;background-size:cover;padding: 30px 0px 0px 0px;\"><div class=\"fusion-video fusion-youtube\" style=\"max-width:370px;max-height:280px;\"><div class=\"video-shortcode\"><iframe title=\"YouTube video player\" src=\"https:\/\/www.youtube.com\/embed\/b5deikoPIqA?wmode=transparent&autoplay=0\" width=\"370\" height=\"280\" allowfullscreen allow=\"autoplay; fullscreen\"><\/iframe><\/div><\/div><\/div><\/div><style type=\"text\/css\">.fusion-body .fusion-builder-column-4{width:50% !important;margin-top : 0px;margin-bottom : 0px;}.fusion-builder-column-4 > .fusion-column-wrapper {padding-top : 30px !important;padding-right : 0px !important;margin-right : 3.84%;padding-bottom : 0px !important;padding-left : 0px !important;margin-left : 3.84%;}@media only screen and (max-width:1024px) {.fusion-body .fusion-builder-column-4{width:100% !important;}.fusion-builder-column-4 > .fusion-column-wrapper {margin-right : 1.92%;margin-left : 1.92%;}}@media only screen and (max-width:640px) {.fusion-body .fusion-builder-column-4{width:100% !important;}.fusion-builder-column-4 > .fusion-column-wrapper {margin-right : 1.92%;margin-left : 1.92%;}}<\/style><div class=\"fusion-layout-column fusion_builder_column fusion-builder-column-5 fusion_builder_column_1_2 1_2 fusion-flex-column\"><div class=\"fusion-column-wrapper fusion-flex-justify-content-flex-start fusion-content-layout-column\" style=\"background-position:left top;background-repeat:no-repeat;-webkit-background-size:cover;-moz-background-size:cover;-o-background-size:cover;background-size:cover;padding: 0px 0px 0px 0px;\"><div class=\"fusion-text fusion-text-5\" style=\"transform:translate3d(0,0,0);\"><h4>FICHA ART\u00cdSTICA:<\/h4>\n<p><strong>CREACI\u00d3N e INTERPRERTACI\u00d3N:<\/strong> Amaya Go\u00f1i y Laura Cocho<br \/>\n<strong>ACOMPA\u00d1AMIENTO ART\u00cdSTICO:<\/strong> Manuela Barrientos.<br \/>\n<strong>EDICI\u00d3N DE AUDIO Y PRODUCCI\u00d3N MUSICAL:<\/strong> Santiago Sierra<br \/>\n<strong>M\u00daSICA ORIGINAL:<\/strong><br \/>\n\u201cJota de la muerte\u201d: Laura Cocho, Santiago Sierra y El Tr\u00edo Caracol.<br \/>\n\u201cCaminos\u201d y \u201cFosas\u201d: El Tr\u00edo Caracol.<br \/>\n\u201cCopla\u201d: El Tr\u00edo Caracol y Santiago Sierra (Letra Amaya Go\u00f1i y Laura Cocho)<br \/>\n<strong>ESTRUCTURA A\u00c9REA:<\/strong> Raquel Marijuan y CIRCONSTRUCTIONS.<br \/>\n<strong>DISTRIBUCI\u00d3N y COORDINACI\u00d3N T\u00c9CNICA:<\/strong> Rodrigo G\u00f3mez (justAproducciones)<\/p>\n<\/div><\/div><\/div><style type=\"text\/css\">.fusion-body .fusion-builder-column-5{width:50% !important;margin-top : 0px;margin-bottom : 0px;}.fusion-builder-column-5 > .fusion-column-wrapper {padding-top : 0px !important;padding-right : 0px !important;margin-right : 3.84%;padding-bottom : 0px !important;padding-left : 0px !important;margin-left : 3.84%;}@media only screen and (max-width:1024px) {.fusion-body .fusion-builder-column-5{width:100% !important;}.fusion-builder-column-5 > .fusion-column-wrapper {margin-right : 1.92%;margin-left : 1.92%;}}@media only screen and (max-width:640px) {.fusion-body .fusion-builder-column-5{width:100% !important;}.fusion-builder-column-5 > .fusion-column-wrapper {margin-right : 1.92%;margin-left : 1.92%;}}<\/style><div class=\"fusion-layout-column fusion_builder_column fusion-builder-column-6 fusion_builder_column_1_1 1_1 fusion-flex-column\"><div class=\"fusion-column-wrapper fusion-flex-justify-content-flex-start fusion-content-layout-column\" style=\"background-position:left top;background-repeat:no-repeat;-webkit-background-size:cover;-moz-background-size:cover;-o-background-size:cover;background-size:cover;padding: 0px 0px 0px 0px;\"><div class=\"fusion-text fusion-text-6\" style=\"transform:translate3d(0,0,0);\"><h5><a href=\"https:\/\/www.feriadeteatro.es\/feria2022\/cuadrante-programacion-2022.htm\">[volver al cuadrante de programaci\u00f3n]<\/a><\/h5>\n<\/div><\/div><\/div><style type=\"text\/css\">.fusion-body .fusion-builder-column-6{width:100% !important;margin-top : 0px;margin-bottom : 0px;}.fusion-builder-column-6 > .fusion-column-wrapper {padding-top : 0px !important;padding-right : 0px !important;margin-right : 1.92%;padding-bottom : 0px !important;padding-left : 0px !important;margin-left : 1.92%;}@media only screen and (max-width:1024px) {.fusion-body .fusion-builder-column-6{width:100% !important;}.fusion-builder-column-6 > .fusion-column-wrapper {margin-right : 1.92%;margin-left : 1.92%;}}@media only screen and (max-width:640px) {.fusion-body .fusion-builder-column-6{width:100% !important;}.fusion-builder-column-6 > .fusion-column-wrapper {margin-right : 1.92%;margin-left : 1.92%;}}<\/style><\/div><style type=\"text\/css\">.fusion-body .fusion-flex-container.fusion-builder-row-1{ padding-top : 0px;margin-top : 0px;padding-right : 0px;padding-bottom : 0px;margin-bottom : 0px;padding-left : 0px;}<\/style><\/div>\n","protected":false},"excerpt":{"rendered":"","protected":false},"author":1,"featured_media":0,"parent":0,"menu_order":0,"comment_status":"closed","ping_status":"closed","template":"","meta":{"footnotes":""},"class_list":["post-7330","page","type-page","status-publish","hentry"],"_links":{"self":[{"href":"https:\/\/www.feriadeteatro.com\/feria2022\/wp-json\/wp\/v2\/pages\/7330","targetHints":{"allow":["GET"]}}],"collection":[{"href":"https:\/\/www.feriadeteatro.com\/feria2022\/wp-json\/wp\/v2\/pages"}],"about":[{"href":"https:\/\/www.feriadeteatro.com\/feria2022\/wp-json\/wp\/v2\/types\/page"}],"author":[{"embeddable":true,"href":"https:\/\/www.feriadeteatro.com\/feria2022\/wp-json\/wp\/v2\/users\/1"}],"replies":[{"embeddable":true,"href":"https:\/\/www.feriadeteatro.com\/feria2022\/wp-json\/wp\/v2\/comments?post=7330"}],"version-history":[{"count":6,"href":"https:\/\/www.feriadeteatro.com\/feria2022\/wp-json\/wp\/v2\/pages\/7330\/revisions"}],"predecessor-version":[{"id":7751,"href":"https:\/\/www.feriadeteatro.com\/feria2022\/wp-json\/wp\/v2\/pages\/7330\/revisions\/7751"}],"wp:attachment":[{"href":"https:\/\/www.feriadeteatro.com\/feria2022\/wp-json\/wp\/v2\/media?parent=7330"}],"curies":[{"name":"wp","href":"https:\/\/api.w.org\/{rel}","templated":true}]}}