{"id":7360,"date":"2022-07-18T14:00:23","date_gmt":"2022-07-18T14:00:23","guid":{"rendered":"https:\/\/www.feriadeteatro.com\/feria2022\/?page_id=7360"},"modified":"2022-08-16T18:44:06","modified_gmt":"2022-08-16T18:44:06","slug":"generacionartes-el-guardian-de-las-palabras","status":"publish","type":"page","link":"https:\/\/www.feriadeteatro.com\/feria2022\/generacionartes-el-guardian-de-las-palabras\/","title":{"rendered":"GENERACI\u00d3NARTES \u00b7 El guardi\u00e1n de las palabras"},"content":{"rendered":"<div class=\"fusion-fullwidth fullwidth-box fusion-builder-row-1 fusion-flex-container nonhundred-percent-fullwidth non-hundred-percent-height-scrolling\" style=\"background-color: rgba(255,255,255,0);background-position: center center;background-repeat: no-repeat;border-width: 0px 0px 0px 0px;border-color:#eae9e9;border-style:solid;\" ><div class=\"fusion-builder-row fusion-row fusion-flex-align-items-flex-start\" style=\"max-width:1216.8px;margin-left: calc(-4% \/ 2 );margin-right: calc(-4% \/ 2 );\"><div class=\"fusion-layout-column fusion_builder_column fusion-builder-column-0 fusion_builder_column_1_1 1_1 fusion-flex-column\"><div class=\"fusion-column-wrapper fusion-flex-justify-content-flex-start fusion-content-layout-column\" style=\"background-position:left top;background-repeat:no-repeat;-webkit-background-size:cover;-moz-background-size:cover;-o-background-size:cover;background-size:cover;padding: 0px 0px 0px 0px;\"><div class=\"fusion-text fusion-text-1\" style=\"transform:translate3d(0,0,0);\"><h2 style=\"text-align: center;\">generacionARTes<\/h2>\n<\/div><div class=\"fusion-text fusion-text-2\" style=\"transform:translate3d(0,0,0);\"><h3 style=\"text-align: center;\">El guardi\u00e1n de las palabras<\/h3>\n<\/div><div class=\"fusion-separator fusion-full-width-sep\" style=\"align-self: center;margin-left: auto;margin-right: auto;margin-top:15px;margin-bottom:15px;width:100%;\"><div class=\"fusion-separator-border sep-single sep-solid\" style=\"border-color:#e0dede;border-top-width:1px;\"><\/div><\/div><\/div><\/div><style type=\"text\/css\">.fusion-body .fusion-builder-column-0{width:100% !important;margin-top : 0px;margin-bottom : 0px;}.fusion-builder-column-0 > .fusion-column-wrapper {padding-top : 0px !important;padding-right : 0px !important;margin-right : 1.92%;padding-bottom : 0px !important;padding-left : 0px !important;margin-left : 1.92%;}@media only screen and (max-width:1024px) {.fusion-body .fusion-builder-column-0{width:100% !important;}.fusion-builder-column-0 > .fusion-column-wrapper {margin-right : 1.92%;margin-left : 1.92%;}}@media only screen and (max-width:640px) {.fusion-body .fusion-builder-column-0{width:100% !important;}.fusion-builder-column-0 > .fusion-column-wrapper {margin-right : 1.92%;margin-left : 1.92%;}}<\/style><div class=\"fusion-layout-column fusion_builder_column fusion-builder-column-1 fusion_builder_column_1_2 1_2 fusion-flex-column\"><div class=\"fusion-column-wrapper fusion-flex-justify-content-flex-start fusion-content-layout-column\" style=\"background-position:left top;background-repeat:no-repeat;-webkit-background-size:cover;-moz-background-size:cover;-o-background-size:cover;background-size:cover;background-color:#eaeaea;padding: 30px 30px 30px 30px;\"><div class=\"fusion-text fusion-text-3\" style=\"transform:translate3d(0,0,0);\"><p><strong>D\u00eda:<\/strong> Jueves 25<br \/>\n<strong>Lugar:<\/strong> <a href=\"https:\/\/goo.gl\/maps\/ac1ScxCYZGopGKn9A\" target=\"_blank\" rel=\"noopener\">Itinerante: Salida Plaza de San Salvador<\/a><br \/>\n<strong>Hora:<\/strong> 13:00h<\/p>\n<h4>DATOS DE CONTACTO:<\/h4>\n<p><strong>Persona de contacto:<\/strong> Susana Rubio<br \/>\n<strong>Direcci\u00f3n postal:<\/strong> Triguero 4, buz\u00f3n 114, 28816 Camarma de Esteruelas (Madrid)<br \/>\n<strong>Email:<\/strong> <a href=\"mailto:susana@nuevosplanes.com\">susana@nuevosplanes.com<\/a><br \/>\n<strong>P\u00e1gina web:<\/strong> <a href=\"https:\/\/www.generacionartes.com\/\" target=\"_blank\" rel=\"noopener\">www.generacionartes.com<\/a><\/p>\n<\/div><\/div><\/div><style type=\"text\/css\">.fusion-body .fusion-builder-column-1{width:50% !important;margin-top : 0px;margin-bottom : 0px;}.fusion-builder-column-1 > .fusion-column-wrapper {padding-top : 30px !important;padding-right : 30 !important;margin-right : 3.84%;padding-bottom : 30 !important;padding-left : 30 !important;margin-left : 3.84%;}@media only screen and (max-width:1024px) {.fusion-body .fusion-builder-column-1{width:100% !important;}.fusion-builder-column-1 > .fusion-column-wrapper {margin-right : 1.92%;margin-left : 1.92%;}}@media only screen and (max-width:640px) {.fusion-body .fusion-builder-column-1{width:100% !important;}.fusion-builder-column-1 > .fusion-column-wrapper {margin-right : 1.92%;margin-left : 1.92%;}}<\/style><div class=\"fusion-layout-column fusion_builder_column fusion-builder-column-2 fusion_builder_column_1_2 1_2 fusion-flex-column\"><div class=\"fusion-column-wrapper fusion-flex-justify-content-flex-start fusion-content-layout-column\" style=\"background-position:left top;background-repeat:no-repeat;-webkit-background-size:cover;-moz-background-size:cover;-o-background-size:cover;background-size:cover;background-color:#ffffff;padding: 0px 0px 0px 0px;\"><div ><span class=\" fusion-imageframe imageframe-dropshadow imageframe-1 hover-type-zoomin\" style=\"-webkit-box-shadow: 4px 4px 8px rgba(0,0,0,0.3);box-shadow: 4px 4px 8px rgba(0,0,0,0.3);\"><img decoding=\"async\" width=\"400\" height=\"267\" title=\"GENERACIONARTES\" src=\"https:\/\/www.feriadeteatro.com\/feria2022\/wp-content\/uploads\/2022\/07\/GENERACIONARTES-400x267.jpg\" class=\"img-responsive wp-image-7332\" srcset=\"https:\/\/www.feriadeteatro.com\/feria2022\/wp-content\/uploads\/2022\/07\/GENERACIONARTES-200x133.jpg 200w, https:\/\/www.feriadeteatro.com\/feria2022\/wp-content\/uploads\/2022\/07\/GENERACIONARTES-400x267.jpg 400w, https:\/\/www.feriadeteatro.com\/feria2022\/wp-content\/uploads\/2022\/07\/GENERACIONARTES-600x400.jpg 600w, https:\/\/www.feriadeteatro.com\/feria2022\/wp-content\/uploads\/2022\/07\/GENERACIONARTES-800x534.jpg 800w, https:\/\/www.feriadeteatro.com\/feria2022\/wp-content\/uploads\/2022\/07\/GENERACIONARTES.jpg 1000w\" sizes=\"(max-width: 1024px) 100vw, (max-width: 640px) 100vw, 600px\" \/><\/span><\/div><\/div><\/div><style type=\"text\/css\">.fusion-body .fusion-builder-column-2{width:50% !important;margin-top : 0px;margin-bottom : 0px;}.fusion-builder-column-2 > .fusion-column-wrapper {padding-top : 0px !important;padding-right : 0px !important;margin-right : 3.84%;padding-bottom : 0px !important;padding-left : 0px !important;margin-left : 3.84%;}@media only screen and (max-width:1024px) {.fusion-body .fusion-builder-column-2{width:100% !important;}.fusion-builder-column-2 > .fusion-column-wrapper {margin-right : 1.92%;margin-left : 1.92%;}}@media only screen and (max-width:640px) {.fusion-body .fusion-builder-column-2{width:100% !important;}.fusion-builder-column-2 > .fusion-column-wrapper {margin-right : 1.92%;margin-left : 1.92%;}}<\/style><div class=\"fusion-layout-column fusion_builder_column fusion-builder-column-3 fusion_builder_column_1_1 1_1 fusion-flex-column\"><div class=\"fusion-column-wrapper fusion-flex-justify-content-flex-start fusion-content-layout-column\" style=\"background-position:left top;background-repeat:no-repeat;-webkit-background-size:cover;-moz-background-size:cover;-o-background-size:cover;background-size:cover;background-color:#ffffff;padding: 30px 30px 30px 30px;\"><div class=\"fusion-text fusion-text-4\" style=\"transform:translate3d(0,0,0);\"><h4>SINOPSIS:<\/h4>\n<p style=\"text-align: justify;\">El Guardi\u00e1n de las Palabras es un espect\u00e1culo de car\u00e1cter cultural y literario inspirado en la \u00e9poca de las Tres Culturas que pretende acercar al p\u00fablico la literatura popular y oral heredada de estas antiguas tradiciones. El Guardi\u00e1n custodia las llaves de las cuatro puertas que encierran leyendas, historias y cuentos populares. El p\u00fablico con la participaci\u00f3n de los artistas e int\u00e9rpretes deber\u00e1n conseguir que se abran las puertas de la literatura.<\/p>\n<\/div><\/div><\/div><style type=\"text\/css\">.fusion-body .fusion-builder-column-3{width:100% !important;margin-top : 0px;margin-bottom : 0px;}.fusion-builder-column-3 > .fusion-column-wrapper {padding-top : 30px !important;padding-right : 30 !important;margin-right : 1.92%;padding-bottom : 30 !important;padding-left : 30 !important;margin-left : 1.92%;}@media only screen and (max-width:1024px) {.fusion-body .fusion-builder-column-3{width:100% !important;}.fusion-builder-column-3 > .fusion-column-wrapper {margin-right : 1.92%;margin-left : 1.92%;}}@media only screen and (max-width:640px) {.fusion-body .fusion-builder-column-3{width:100% !important;}.fusion-builder-column-3 > .fusion-column-wrapper {margin-right : 1.92%;margin-left : 1.92%;}}<\/style><div class=\"fusion-layout-column fusion_builder_column fusion-builder-column-4 fusion_builder_column_1_2 1_2 fusion-flex-column\"><div class=\"fusion-column-wrapper fusion-flex-justify-content-flex-start fusion-content-layout-column\" style=\"background-position:left top;background-repeat:no-repeat;-webkit-background-size:cover;-moz-background-size:cover;-o-background-size:cover;background-size:cover;padding: 30px 0px 0px 0px;\"><div class=\"fusion-video fusion-youtube\" style=\"max-width:370px;max-height:280px;align-self:center; width:100%\"><div class=\"video-shortcode\"><iframe title=\"YouTube video player\" src=\"https:\/\/www.youtube.com\/embed\/OmoeVYxYVkA?wmode=transparent&autoplay=0\" width=\"370\" height=\"280\" allowfullscreen allow=\"autoplay; fullscreen\"><\/iframe><\/div><\/div><\/div><\/div><style type=\"text\/css\">.fusion-body .fusion-builder-column-4{width:50% !important;margin-top : 0px;margin-bottom : 0px;}.fusion-builder-column-4 > .fusion-column-wrapper {padding-top : 30px !important;padding-right : 0px !important;margin-right : 3.84%;padding-bottom : 0px !important;padding-left : 0px !important;margin-left : 3.84%;}@media only screen and (max-width:1024px) {.fusion-body .fusion-builder-column-4{width:100% !important;}.fusion-builder-column-4 > .fusion-column-wrapper {margin-right : 1.92%;margin-left : 1.92%;}}@media only screen and (max-width:640px) {.fusion-body .fusion-builder-column-4{width:100% !important;}.fusion-builder-column-4 > .fusion-column-wrapper {margin-right : 1.92%;margin-left : 1.92%;}}<\/style><div class=\"fusion-layout-column fusion_builder_column fusion-builder-column-5 fusion_builder_column_1_2 1_2 fusion-flex-column\"><div class=\"fusion-column-wrapper fusion-flex-justify-content-flex-start fusion-content-layout-column\" style=\"background-position:left top;background-repeat:no-repeat;-webkit-background-size:cover;-moz-background-size:cover;-o-background-size:cover;background-size:cover;padding: 0px 0px 0px 0px;\"><div class=\"fusion-text fusion-text-5\" style=\"transform:translate3d(0,0,0);\"><h4>FICHA ART\u00cdSTICA:<\/h4>\n<p><strong>Direcci\u00f3n:<\/strong> Rodrigo Puertas<br \/>\n<strong>Dramaturgia:<\/strong> Antonio Travieso<br \/>\n<strong>Reparto:<\/strong> Ana Isabel Rodr\u00edguez, Ad\u00e1n Coronado, Carlos Mendoza de Hevia, Rodrigo Puertas, Bego\u00f1a Mart\u00edn y Bego\u00f1a Cano<br \/>\n<strong>Escenograf\u00eda:<\/strong> Carlos Faura y PERIACTO ESC\u00c9NICA<br \/>\n<strong>M\u00fasica:<\/strong> Paco Periago<br \/>\n<strong>Vestuario:<\/strong> generacionARTes y Sol Curiel<br \/>\n<strong>Voces en OFF:<\/strong> Ram\u00f3n Langa y Ana Isabel Rodr\u00edguez<br \/>\n<strong>Sonido e Iluminaci\u00f3n:<\/strong> Rub\u00e9n Garc\u00eda<br \/>\n<strong>Dise\u00f1o y cartel:<\/strong> Mauricio Sanguino<br \/>\n<strong>Fotograf\u00eda:<\/strong> Israel Zapata<br \/>\n<strong>Producci\u00f3n:<\/strong> Comunidad de Madrid y generaci\u00f3nARTes<br \/>\n<strong>Distribuci\u00f3n:<\/strong> Susana Rubio \u2013 Nuevos Planes \u2013 Azucena Gonz\u00e1lez generacionARTes<\/p>\n<\/div><\/div><\/div><style type=\"text\/css\">.fusion-body .fusion-builder-column-5{width:50% !important;margin-top : 0px;margin-bottom : 0px;}.fusion-builder-column-5 > .fusion-column-wrapper {padding-top : 0px !important;padding-right : 0px !important;margin-right : 3.84%;padding-bottom : 0px !important;padding-left : 0px !important;margin-left : 3.84%;}@media only screen and (max-width:1024px) {.fusion-body .fusion-builder-column-5{width:100% !important;}.fusion-builder-column-5 > .fusion-column-wrapper {margin-right : 1.92%;margin-left : 1.92%;}}@media only screen and (max-width:640px) {.fusion-body .fusion-builder-column-5{width:100% !important;}.fusion-builder-column-5 > .fusion-column-wrapper {margin-right : 1.92%;margin-left : 1.92%;}}<\/style><div class=\"fusion-layout-column fusion_builder_column fusion-builder-column-6 fusion_builder_column_1_1 1_1 fusion-flex-column\"><div class=\"fusion-column-wrapper fusion-flex-justify-content-flex-start fusion-content-layout-column\" style=\"background-position:left top;background-repeat:no-repeat;-webkit-background-size:cover;-moz-background-size:cover;-o-background-size:cover;background-size:cover;padding: 0px 0px 0px 0px;\"><div class=\"fusion-text fusion-text-6\" style=\"transform:translate3d(0,0,0);\"><h5><a href=\"https:\/\/www.feriadeteatro.es\/feria2022\/cuadrante-programacion-2022.htm\">[volver al cuadrante de programaci\u00f3n]<\/a><\/h5>\n<\/div><\/div><\/div><style type=\"text\/css\">.fusion-body .fusion-builder-column-6{width:100% !important;margin-top : 0px;margin-bottom : 0px;}.fusion-builder-column-6 > .fusion-column-wrapper {padding-top : 0px !important;padding-right : 0px !important;margin-right : 1.92%;padding-bottom : 0px !important;padding-left : 0px !important;margin-left : 1.92%;}@media only screen and (max-width:1024px) {.fusion-body .fusion-builder-column-6{width:100% !important;}.fusion-builder-column-6 > .fusion-column-wrapper {margin-right : 1.92%;margin-left : 1.92%;}}@media only screen and (max-width:640px) {.fusion-body .fusion-builder-column-6{width:100% !important;}.fusion-builder-column-6 > .fusion-column-wrapper {margin-right : 1.92%;margin-left : 1.92%;}}<\/style><\/div><style type=\"text\/css\">.fusion-body .fusion-flex-container.fusion-builder-row-1{ padding-top : 0px;margin-top : 0px;padding-right : 0px;padding-bottom : 0px;margin-bottom : 0px;padding-left : 0px;}<\/style><\/div>\n","protected":false},"excerpt":{"rendered":"","protected":false},"author":1,"featured_media":0,"parent":0,"menu_order":0,"comment_status":"closed","ping_status":"closed","template":"","meta":{"footnotes":""},"class_list":["post-7360","page","type-page","status-publish","hentry"],"_links":{"self":[{"href":"https:\/\/www.feriadeteatro.com\/feria2022\/wp-json\/wp\/v2\/pages\/7360","targetHints":{"allow":["GET"]}}],"collection":[{"href":"https:\/\/www.feriadeteatro.com\/feria2022\/wp-json\/wp\/v2\/pages"}],"about":[{"href":"https:\/\/www.feriadeteatro.com\/feria2022\/wp-json\/wp\/v2\/types\/page"}],"author":[{"embeddable":true,"href":"https:\/\/www.feriadeteatro.com\/feria2022\/wp-json\/wp\/v2\/users\/1"}],"replies":[{"embeddable":true,"href":"https:\/\/www.feriadeteatro.com\/feria2022\/wp-json\/wp\/v2\/comments?post=7360"}],"version-history":[{"count":17,"href":"https:\/\/www.feriadeteatro.com\/feria2022\/wp-json\/wp\/v2\/pages\/7360\/revisions"}],"predecessor-version":[{"id":7757,"href":"https:\/\/www.feriadeteatro.com\/feria2022\/wp-json\/wp\/v2\/pages\/7360\/revisions\/7757"}],"wp:attachment":[{"href":"https:\/\/www.feriadeteatro.com\/feria2022\/wp-json\/wp\/v2\/media?parent=7360"}],"curies":[{"name":"wp","href":"https:\/\/api.w.org\/{rel}","templated":true}]}}