{"id":7665,"date":"2022-08-16T11:34:21","date_gmt":"2022-08-16T11:34:21","guid":{"rendered":"https:\/\/www.feriadeteatro.com\/feria2022\/?page_id=7665"},"modified":"2022-08-17T07:46:57","modified_gmt":"2022-08-17T07:46:57","slug":"divierteatro-2022","status":"publish","type":"page","link":"https:\/\/www.feriadeteatro.com\/feria2022\/divierteatro-2022\/","title":{"rendered":"Divierteatro"},"content":{"rendered":"<p><div class=\"fusion-fullwidth fullwidth-box fusion-builder-row-1 fusion-flex-container nonhundred-percent-fullwidth non-hundred-percent-height-scrolling\" style=\"background-color: rgba(255,255,255,0);background-position: center center;background-repeat: no-repeat;border-width: 0px 0px 0px 0px;border-color:#eae9e9;border-style:solid;\" ><div class=\"fusion-builder-row fusion-row fusion-flex-align-items-flex-start\" style=\"max-width:1216.8px;margin-left: calc(-4% \/ 2 );margin-right: calc(-4% \/ 2 );\"><div class=\"fusion-layout-column fusion_builder_column fusion-builder-column-0 fusion_builder_column_1_1 1_1 fusion-flex-column\"><div class=\"fusion-column-wrapper fusion-flex-justify-content-flex-start fusion-content-layout-column\" style=\"background-position:left top;background-repeat:no-repeat;-webkit-background-size:cover;-moz-background-size:cover;-o-background-size:cover;background-size:cover;padding: 0px 0px 0px 0px;\"><div class=\"fusion-text fusion-text-1\" style=\"transform:translate3d(0,0,0);\"><h2 style=\"text-align: center;\">DIVIERTEATRO<\/h2>\n<\/div><div class=\"fusion-text fusion-text-2\" style=\"transform:translate3d(0,0,0);\"><h3 style=\"text-align: center;\">La esencia de la Feria de Teatro<\/h3>\n<\/div><div class=\"fusion-separator fusion-full-width-sep\" style=\"align-self: center;margin-left: auto;margin-right: auto;margin-top:15px;margin-bottom:15px;width:100%;\"><div class=\"fusion-separator-border sep-single sep-solid\" style=\"border-color:#e0dede;border-top-width:1px;\"><\/div><\/div><\/div><\/div><style type=\"text\/css\">.fusion-body .fusion-builder-column-0{width:100% !important;margin-top : 0px;margin-bottom : 0px;}.fusion-builder-column-0 > .fusion-column-wrapper {padding-top : 0px !important;padding-right : 0px !important;margin-right : 1.92%;padding-bottom : 0px !important;padding-left : 0px !important;margin-left : 1.92%;}@media only screen and (max-width:1024px) {.fusion-body .fusion-builder-column-0{width:100% !important;}.fusion-builder-column-0 > .fusion-column-wrapper {margin-right : 1.92%;margin-left : 1.92%;}}@media only screen and (max-width:640px) {.fusion-body .fusion-builder-column-0{width:100% !important;}.fusion-builder-column-0 > .fusion-column-wrapper {margin-right : 1.92%;margin-left : 1.92%;}}<\/style><div class=\"fusion-layout-column fusion_builder_column fusion-builder-column-1 fusion_builder_column_2_3 2_3 fusion-flex-column\"><div class=\"fusion-column-wrapper fusion-flex-justify-content-flex-start fusion-content-layout-column\" style=\"background-position:left top;background-repeat:no-repeat;-webkit-background-size:cover;-moz-background-size:cover;-o-background-size:cover;background-size:cover;background-color:#eaeaea;padding: 30px 30px 30px 30px;\"><div class=\"fusion-text fusion-text-3\" style=\"transform:translate3d(0,0,0);\"><p>D\u00edas 24, 25, 26 y 27 de agosto<br \/>\n<strong>Horario:<\/strong> de 10:00 a 13:00 h.<\/p>\n<p>Acceso gratuito SOLO para menores, de 3 a 14 a\u00f1os, hasta completar aforos.<\/p>\n<p><a href=\"https:\/\/goo.gl\/maps\/PHXR2Y4nHu7yJyGL6\" target=\"_blank\" rel=\"noopener\">Plaza del Buen Alcalde<\/a><\/p>\n<p>Asociaci\u00f3n Cultural C\u00cdVITAS A.T.<br \/>\nE-mail: civitas@civitasanimacion.com<br \/>\nC\/ La Florida, 22.<br \/>\n37500 Ciudad Rodrigo. Salamanca<br \/>\nTfno.: <a href=\"tel:923482222\">923 482 222<\/a><\/p>\n<\/div><\/div><\/div><style type=\"text\/css\">.fusion-body .fusion-builder-column-1{width:66.666666666667% !important;margin-top : 0px;margin-bottom : 0px;}.fusion-builder-column-1 > .fusion-column-wrapper {padding-top : 30px !important;padding-right : 30 !important;margin-right : 2.88%;padding-bottom : 30 !important;padding-left : 30 !important;margin-left : 2.88%;}@media only screen and (max-width:1024px) {.fusion-body .fusion-builder-column-1{width:100% !important;}.fusion-builder-column-1 > .fusion-column-wrapper {margin-right : 1.92%;margin-left : 1.92%;}}@media only screen and (max-width:640px) {.fusion-body .fusion-builder-column-1{width:100% !important;}.fusion-builder-column-1 > .fusion-column-wrapper {margin-right : 1.92%;margin-left : 1.92%;}}<\/style><div class=\"fusion-layout-column fusion_builder_column fusion-builder-column-2 fusion_builder_column_1_3 1_3 fusion-flex-column\"><div class=\"fusion-column-wrapper fusion-flex-justify-content-flex-start fusion-content-layout-column\" style=\"background-position:left top;background-repeat:no-repeat;-webkit-background-size:cover;-moz-background-size:cover;-o-background-size:cover;background-size:cover;background-color:#ffffff;padding: 0px 0px 0px 0px;\"><div ><span class=\" fusion-imageframe imageframe-none imageframe-1 hover-type-zoomin\"><img decoding=\"async\" width=\"500\" height=\"863\" title=\"divierteatro25\" src=\"https:\/\/www.feriadeteatro.com\/feria2022\/wp-content\/uploads\/2022\/08\/divierteatro25.jpg\" class=\"img-responsive wp-image-7672\" srcset=\"https:\/\/www.feriadeteatro.com\/feria2022\/wp-content\/uploads\/2022\/08\/divierteatro25-200x345.jpg 200w, https:\/\/www.feriadeteatro.com\/feria2022\/wp-content\/uploads\/2022\/08\/divierteatro25-400x690.jpg 400w, https:\/\/www.feriadeteatro.com\/feria2022\/wp-content\/uploads\/2022\/08\/divierteatro25.jpg 500w\" sizes=\"(max-width: 1024px) 100vw, (max-width: 640px) 100vw, 400px\" \/><\/span><\/div><\/div><\/div><style type=\"text\/css\">.fusion-body .fusion-builder-column-2{width:33.333333333333% !important;margin-top : 0px;margin-bottom : 0px;}.fusion-builder-column-2 > .fusion-column-wrapper {padding-top : 0px !important;padding-right : 0px !important;margin-right : 5.76%;padding-bottom : 0px !important;padding-left : 0px !important;margin-left : 5.76%;}@media only screen and (max-width:1024px) {.fusion-body .fusion-builder-column-2{width:100% !important;}.fusion-builder-column-2 > .fusion-column-wrapper {margin-right : 1.92%;margin-left : 1.92%;}}@media only screen and (max-width:640px) {.fusion-body .fusion-builder-column-2{width:100% !important;}.fusion-builder-column-2 > .fusion-column-wrapper {margin-right : 1.92%;margin-left : 1.92%;}}<\/style><div class=\"fusion-layout-column fusion_builder_column fusion-builder-column-3 fusion_builder_column_1_2 1_2 fusion-flex-column\"><div class=\"fusion-column-wrapper fusion-flex-justify-content-flex-start fusion-content-layout-column\" style=\"background-position:left top;background-repeat:no-repeat;-webkit-background-size:cover;-moz-background-size:cover;-o-background-size:cover;background-size:cover;background-color:#ffffff;padding: 0px 0px 0px 0px;\"><div ><span class=\" fusion-imageframe imageframe-dropshadow imageframe-2 hover-type-zoomin\" style=\"-webkit-box-shadow: 4px 4px 8px rgba(0,0,0,0.3);box-shadow: 4px 4px 8px rgba(0,0,0,0.3);\"><img decoding=\"async\" width=\"741\" height=\"459\" title=\"divierteatro-fotoplaza\" src=\"https:\/\/www.feriadeteatro.com\/feria2022\/wp-content\/uploads\/2022\/08\/divierteatro-fotoplaza.jpg\" class=\"img-responsive wp-image-7677\" srcset=\"https:\/\/www.feriadeteatro.com\/feria2022\/wp-content\/uploads\/2022\/08\/divierteatro-fotoplaza-200x124.jpg 200w, https:\/\/www.feriadeteatro.com\/feria2022\/wp-content\/uploads\/2022\/08\/divierteatro-fotoplaza-400x248.jpg 400w, https:\/\/www.feriadeteatro.com\/feria2022\/wp-content\/uploads\/2022\/08\/divierteatro-fotoplaza-600x372.jpg 600w, https:\/\/www.feriadeteatro.com\/feria2022\/wp-content\/uploads\/2022\/08\/divierteatro-fotoplaza.jpg 741w\" sizes=\"(max-width: 1024px) 100vw, (max-width: 640px) 100vw, 600px\" \/><\/span><\/div><\/div><\/div><style type=\"text\/css\">.fusion-body .fusion-builder-column-3{width:50% !important;margin-top : 0px;margin-bottom : 0px;}.fusion-builder-column-3 > .fusion-column-wrapper {padding-top : 0px !important;padding-right : 0px !important;margin-right : 3.84%;padding-bottom : 0px !important;padding-left : 0px !important;margin-left : 3.84%;}@media only screen and (max-width:1024px) {.fusion-body .fusion-builder-column-3{width:100% !important;}.fusion-builder-column-3 > .fusion-column-wrapper {margin-right : 1.92%;margin-left : 1.92%;}}@media only screen and (max-width:640px) {.fusion-body .fusion-builder-column-3{width:100% !important;}.fusion-builder-column-3 > .fusion-column-wrapper {margin-right : 1.92%;margin-left : 1.92%;}}<\/style><div class=\"fusion-layout-column fusion_builder_column fusion-builder-column-4 fusion_builder_column_1_2 1_2 fusion-flex-column\"><div class=\"fusion-column-wrapper fusion-flex-justify-content-flex-start fusion-content-layout-column\" style=\"background-position:left top;background-repeat:no-repeat;-webkit-background-size:cover;-moz-background-size:cover;-o-background-size:cover;background-size:cover;background-color:#ffffff;padding: 0px 0px 0px 0px;\"><div class=\"fusion-separator fusion-full-width-sep\" style=\"align-self: center;margin-left: auto;margin-right: auto;margin-top:20px;margin-bottom:20px;width:100%;\"><\/div><div class=\"fusion-text fusion-text-4\" style=\"transform:translate3d(0,0,0);\"><p style=\"text-align: justify;\">Divierteatro se ha convertido en una de las se\u00f1as de identidad de la Feria de Teatro de Castilla y Le\u00f3n, en la esencia de la Feria de Teatro de Ciudad Rodrigo. En las puertas de la 25\u00aa edici\u00f3n vemos que la semilla del teatro sembrada en las ni\u00f1as, ni\u00f1os y j\u00f3venes en la semana de la Feria est\u00e1 fructificando.<br \/>\nEn esta 25\u00aa edici\u00f3n, la tem\u00e1tica del Divierteatro est\u00e1 dedicada precisamente a celebrar este aniversario tan particular. El lema ser\u00e1 \u201cLa fiesta del teatro\u201d, por lo que podemos entender todas las actividades como una gran celebraci\u00f3n de cumplea\u00f1os en la que, junto con las nuevas experiencias, se recuperar\u00e1n algunas de las actividades emblem\u00e1ticas de este programa a lo largo de su historia.<\/p>\n<\/div><\/div><\/div><style type=\"text\/css\">.fusion-body .fusion-builder-column-4{width:50% !important;margin-top : 0px;margin-bottom : 0px;}.fusion-builder-column-4 > .fusion-column-wrapper {padding-top : 0px !important;padding-right : 0px !important;margin-right : 3.84%;padding-bottom : 0px !important;padding-left : 0px !important;margin-left : 3.84%;}@media only screen and (max-width:1024px) {.fusion-body .fusion-builder-column-4{width:100% !important;}.fusion-builder-column-4 > .fusion-column-wrapper {margin-right : 1.92%;margin-left : 1.92%;}}@media only screen and (max-width:640px) {.fusion-body .fusion-builder-column-4{width:100% !important;}.fusion-builder-column-4 > .fusion-column-wrapper {margin-right : 1.92%;margin-left : 1.92%;}}<\/style><div class=\"fusion-layout-column fusion_builder_column fusion-builder-column-5 fusion_builder_column_1_1 1_1 fusion-flex-column\"><div class=\"fusion-column-wrapper fusion-flex-justify-content-flex-start fusion-content-layout-column\" style=\"background-position:left top;background-repeat:no-repeat;-webkit-background-size:cover;-moz-background-size:cover;-o-background-size:cover;background-size:cover;background-color:#ffffff;padding: 30px 30px 30px 30px;\"><div class=\"fusion-text fusion-text-5\" style=\"transform:translate3d(0,0,0);\"><p style=\"text-align: justify;\"><span style=\"color: #ed6d70;\">El Divierteatro se desarrollar\u00e1 los d\u00edas 24, 25, 26 y 27 de agosto de 10:00 a 13:00 h., en la Plaza del Buen Alcalde para ni\u00f1as y ni\u00f1os a partir de 6 a\u00f1os, y en la Plaza del Conde, para los m\u00e1s peque\u00f1os, de 3 a 6 a\u00f1os, en el espacio denominado Palabreando. <\/span><br \/>\n<span style=\"color: #ed6d70;\">Toda la programaci\u00f3n se articula alrededor de distintos centros de inter\u00e9s ligados a actividades participativas, como talleres formativos, pl\u00e1sticos y creativos, los espacios para el juego y la expresi\u00f3n, y los momentos de funci\u00f3n esc\u00e9nica, estableci\u00e9ndose as\u00ed el di\u00e1logo entre el hecho teatral y el p\u00fablico. Los espacios est\u00e1n sectorizados, los ni\u00f1os y ni\u00f1as podr\u00e1n participar en todos ellos por un tiempo m\u00e1ximo de 75 a 90 minutos, para facilitar que un mayor n\u00famero de menores pueda asistir.\u00a0<\/span><\/p>\n<p style=\"text-align: justify;\">Este a\u00f1o todas las din\u00e1micas de formaci\u00f3n y participaci\u00f3n del Divierteatro se promueven bajo el paraguas del eslogan \u201cSomos Teatro\u201d, pues despu\u00e9s de m\u00e1s de dos d\u00e9cadas son ya varias las generaciones mirobrigenses que han crecido con el Divierteatro, con la Feria de Teatro presente cada a\u00f1o en sus vidas.<br \/>\nLas actividades l\u00fadico-educativas del Divierteatro est\u00e1n coordinadas por Civitas y son desarrolladas por setenta j\u00f3venes de Ciudad Rodrigo y su entorno que colaboran en su preparaci\u00f3n y ejecuci\u00f3n, asumiendo diferentes tareas como mediadores y dinamizadores culturales. Su trabajo lo completa un conjunto de compa\u00f1\u00edas de artes esc\u00e9nicas que son invitadas a participar en el Divierteatro, como son \u00f3scar Escalante, Nuevo Fielato, Pilar Borrego (Katua Teatro), Francis J. Quir\u00f3s Producciones, PlastikOn\u00edrica, Tr\u00e9cola Produci\u00f3ns y Denis Rafter.<\/p>\n<\/div><div class=\"fusion-separator\" style=\"align-self: center;margin-left: auto;margin-right: auto;width:100%;max-width:95%;\"><div class=\"fusion-separator-border sep-single sep-solid\" style=\"border-color:#ed6d70;border-top-width:1px;\"><\/div><\/div><\/div><\/div><style type=\"text\/css\">.fusion-body .fusion-builder-column-5{width:100% !important;margin-top : 0px;margin-bottom : 0px;}.fusion-builder-column-5 > .fusion-column-wrapper {padding-top : 30px !important;padding-right : 30 !important;margin-right : 1.92%;padding-bottom : 30 !important;padding-left : 30 !important;margin-left : 1.92%;}@media only screen and (max-width:1024px) {.fusion-body .fusion-builder-column-5{width:100% !important;}.fusion-builder-column-5 > .fusion-column-wrapper {margin-right : 1.92%;margin-left : 1.92%;}}@media only screen and (max-width:640px) {.fusion-body .fusion-builder-column-5{width:100% !important;}.fusion-builder-column-5 > .fusion-column-wrapper {margin-right : 1.92%;margin-left : 1.92%;}}<\/style><\/div><style type=\"text\/css\">.fusion-body .fusion-flex-container.fusion-builder-row-1{ padding-top : 0px;margin-top : 0px;padding-right : 0px;padding-bottom : 0px;margin-bottom : 0px;padding-left : 0px;}<\/style><\/div><div class=\"fusion-fullwidth fullwidth-box fusion-builder-row-2 fusion-flex-container nonhundred-percent-fullwidth non-hundred-percent-height-scrolling\" style=\"background-color: rgba(255,255,255,0);background-position: center center;background-repeat: no-repeat;border-width: 0px 0px 0px 0px;border-color:#eae9e9;border-style:solid;\" ><div class=\"fusion-builder-row fusion-row fusion-flex-align-items-flex-start\" style=\"max-width:1216.8px;margin-left: calc(-4% \/ 2 );margin-right: calc(-4% \/ 2 );\"><div class=\"fusion-layout-column fusion_builder_column fusion-builder-column-6 fusion_builder_column_1_1 1_1 fusion-flex-column\"><div class=\"fusion-column-wrapper fusion-flex-justify-content-flex-start fusion-content-layout-column\" style=\"background-position:left top;background-repeat:no-repeat;-webkit-background-size:cover;-moz-background-size:cover;-o-background-size:cover;background-size:cover;padding: 0px 0px 0px 0px;\"><div class=\"fusion-text fusion-text-6\" style=\"transform:translate3d(0,0,0);\"><h3 style=\"text-align: center;\">DENIS RAFTER<\/h3>\n<h4 style=\"text-align: center;\">\u201cEl cuento de Elio y Elo\u00edsa\u201d<\/h4>\n<\/div><div class=\"fusion-separator\" style=\"align-self: center;margin-left: auto;margin-right: auto;margin-top:10px;margin-bottom:10px;width:100%;max-width:95%;\"><\/div><\/div><\/div><style type=\"text\/css\">.fusion-body .fusion-builder-column-6{width:100% !important;margin-top : 0px;margin-bottom : 0px;}.fusion-builder-column-6 > .fusion-column-wrapper {padding-top : 0px !important;padding-right : 0px !important;margin-right : 1.92%;padding-bottom : 0px !important;padding-left : 0px !important;margin-left : 1.92%;}@media only screen and (max-width:1024px) {.fusion-body .fusion-builder-column-6{width:100% !important;order : 0;}.fusion-builder-column-6 > .fusion-column-wrapper {margin-right : 1.92%;margin-left : 1.92%;}}@media only screen and (max-width:640px) {.fusion-body .fusion-builder-column-6{width:100% !important;order : 0;}.fusion-builder-column-6 > .fusion-column-wrapper {margin-right : 1.92%;margin-left : 1.92%;}}<\/style><div class=\"fusion-layout-column fusion_builder_column fusion-builder-column-7 fusion_builder_column_1_4 1_4 fusion-flex-column\"><div class=\"fusion-column-wrapper fusion-flex-justify-content-flex-start fusion-content-layout-column\" style=\"background-position:left top;background-repeat:no-repeat;-webkit-background-size:cover;-moz-background-size:cover;-o-background-size:cover;background-size:cover;padding: 0px 0px 0px 0px;\"><div ><span class=\" fusion-imageframe imageframe-none imageframe-3 hover-type-none\"><img decoding=\"async\" width=\"276\" height=\"271\" title=\"denis-rafter\" src=\"https:\/\/www.feriadeteatro.com\/feria2022\/wp-content\/uploads\/2022\/08\/denis-rafter.jpg\" class=\"img-responsive wp-image-7711\" srcset=\"https:\/\/www.feriadeteatro.com\/feria2022\/wp-content\/uploads\/2022\/08\/denis-rafter-200x196.jpg 200w, https:\/\/www.feriadeteatro.com\/feria2022\/wp-content\/uploads\/2022\/08\/denis-rafter.jpg 276w\" sizes=\"(max-width: 1024px) 100vw, (max-width: 640px) 100vw, 276px\" \/><\/span><\/div><\/div><\/div><style type=\"text\/css\">.fusion-body .fusion-builder-column-7{width:25% !important;margin-top : 0px;margin-bottom : 0px;}.fusion-builder-column-7 > .fusion-column-wrapper {padding-top : 0px !important;padding-right : 0px !important;margin-right : 7.68%;padding-bottom : 0px !important;padding-left : 0px !important;margin-left : 7.68%;}@media only screen and (max-width:1024px) {.fusion-body .fusion-builder-column-7{width:100% !important;order : 0;}.fusion-builder-column-7 > .fusion-column-wrapper {margin-right : 1.92%;margin-left : 1.92%;}}@media only screen and (max-width:640px) {.fusion-body .fusion-builder-column-7{width:100% !important;order : 0;}.fusion-builder-column-7 > .fusion-column-wrapper {margin-right : 1.92%;margin-left : 1.92%;}}<\/style><div class=\"fusion-layout-column fusion_builder_column fusion-builder-column-8 fusion_builder_column_2_3 2_3 fusion-flex-column\"><div class=\"fusion-column-wrapper fusion-flex-justify-content-flex-start fusion-content-layout-column\" style=\"background-position:left top;background-repeat:no-repeat;-webkit-background-size:cover;-moz-background-size:cover;-o-background-size:cover;background-size:cover;background-color:#eaeaea;padding: 30px 30px 30px 30px;\"><div class=\"fusion-text fusion-text-7\" style=\"transform:translate3d(0,0,0);\"><p>Mi\u00e9rcoles 24, jueves 25 y viernes 26 de agosto<br \/>\n<a href=\"https:\/\/goo.gl\/maps\/8wrc3mjuvwHcMo8h8\" target=\"_blank\" rel=\"noopener\">Palacio de Montarco<\/a><br \/>\nPases a las 11:30 h. y a las 12:30 h. P\u00fablico familiar.<\/p>\n<p>Entrada libre hasta completar el aforo.<\/p>\n<p>Contacto: Denis Rafter<br \/>\n<a href=\"http:\/\/denisrafter.com\/\" target=\"_blank\" rel=\"noopener\">www.denisrafter.com<\/a><br \/>\nTfno.: <a href=\"tel:0034699908129\">0034 699 908 129<\/a><br \/>\nE.mail: <a href=\"mailto:denisrafter@hotmail.com\">denisrafter@hotmail.com<\/a><\/p>\n<\/div><\/div><\/div><style type=\"text\/css\">.fusion-body .fusion-builder-column-8{width:66.666666666667% !important;margin-top : 0px;margin-bottom : 0px;}.fusion-builder-column-8 > .fusion-column-wrapper {padding-top : 30px !important;padding-right : 30 !important;margin-right : 2.88%;padding-bottom : 30 !important;padding-left : 30 !important;margin-left : 2.88%;}@media only screen and (max-width:1024px) {.fusion-body .fusion-builder-column-8{width:100% !important;}.fusion-builder-column-8 > .fusion-column-wrapper {margin-right : 1.92%;margin-left : 1.92%;}}@media only screen and (max-width:640px) {.fusion-body .fusion-builder-column-8{width:100% !important;}.fusion-builder-column-8 > .fusion-column-wrapper {margin-right : 1.92%;margin-left : 1.92%;}}<\/style><div class=\"fusion-layout-column fusion_builder_column fusion-builder-column-9 fusion_builder_column_1_1 1_1 fusion-flex-column\"><div class=\"fusion-column-wrapper fusion-flex-justify-content-flex-start fusion-content-layout-column\" style=\"background-position:left top;background-repeat:no-repeat;-webkit-background-size:cover;-moz-background-size:cover;-o-background-size:cover;background-size:cover;padding: 0px 0px 0px 0px;\"><div class=\"fusion-separator\" style=\"align-self: center;margin-left: auto;margin-right: auto;margin-top:10px;margin-bottom:10px;width:100%;max-width:95%;\"><\/div><div class=\"fusion-text fusion-text-8\" style=\"transform:translate3d(0,0,0);\"><p style=\"text-align: justify;\">La historia de un ni\u00f1o llamado Elio y su amiga Elo\u00edsa. Una amistad entre dos ni\u00f1os que van creciendo juntos como dos olivos verdes. Contado por su viejo amigo Tom\u00e1s quien supo despertar en ellos la curiosidad y el amor por el lenguaje, por la historia de las palabras.<br \/>\nCon este espect\u00e1culo se hace una homenaje a Elio Antonio de Nebrija en el a\u00f1o de conmemoraci\u00f3n del V Centenario de su fallecimiento, figura fundamental en la lengua y literatura castellana.<\/p>\n<\/div><div class=\"fusion-separator\" style=\"align-self: center;margin-left: auto;margin-right: auto;width:100%;max-width:95%;\"><div class=\"fusion-separator-border sep-single sep-solid\" style=\"border-color:#ed6d70;border-top-width:1px;\"><\/div><\/div><\/div><\/div><style type=\"text\/css\">.fusion-body .fusion-builder-column-9{width:100% !important;margin-top : 0px;margin-bottom : 0px;}.fusion-builder-column-9 > .fusion-column-wrapper {padding-top : 0px !important;padding-right : 0px !important;margin-right : 1.92%;padding-bottom : 0px !important;padding-left : 0px !important;margin-left : 1.92%;}@media only screen and (max-width:1024px) {.fusion-body .fusion-builder-column-9{width:100% !important;order : 0;}.fusion-builder-column-9 > .fusion-column-wrapper {margin-right : 1.92%;margin-left : 1.92%;}}@media only screen and (max-width:640px) {.fusion-body .fusion-builder-column-9{width:100% !important;order : 0;}.fusion-builder-column-9 > .fusion-column-wrapper {margin-right : 1.92%;margin-left : 1.92%;}}<\/style><\/div><style type=\"text\/css\">.fusion-body .fusion-flex-container.fusion-builder-row-2{ padding-top : 0px;margin-top : 0px;padding-right : 0px;padding-bottom : 0px;margin-bottom : 0px;padding-left : 0px;}<\/style><\/div><div class=\"fusion-fullwidth fullwidth-box fusion-builder-row-3 fusion-flex-container nonhundred-percent-fullwidth non-hundred-percent-height-scrolling\" style=\"background-color: rgba(255,255,255,0);background-position: center center;background-repeat: no-repeat;border-width: 0px 0px 0px 0px;border-color:#eae9e9;border-style:solid;\" ><div class=\"fusion-builder-row fusion-row fusion-flex-align-items-flex-start\" style=\"max-width:1216.8px;margin-left: calc(-4% \/ 2 );margin-right: calc(-4% \/ 2 );\"><div class=\"fusion-layout-column fusion_builder_column fusion-builder-column-10 fusion_builder_column_1_1 1_1 fusion-flex-column\"><div class=\"fusion-column-wrapper fusion-flex-justify-content-flex-start fusion-content-layout-column\" style=\"background-position:left top;background-repeat:no-repeat;-webkit-background-size:cover;-moz-background-size:cover;-o-background-size:cover;background-size:cover;padding: 0px 0px 0px 0px;\"><div class=\"fusion-separator\" style=\"align-self: center;margin-left: auto;margin-right: auto;margin-top:10px;margin-bottom:10px;width:100%;max-width:95%;\"><\/div><div class=\"fusion-text fusion-text-9\" style=\"transform:translate3d(0,0,0);\"><h3 style=\"text-align: center;\">TR\u00c9COLA PRODUCI\u00d3NS<\/h3>\n<h4 style=\"text-align: center;\">\u201cKinekito de Xirapaus\u201d (Galicia)<\/h4>\n<\/div><div class=\"fusion-separator\" style=\"align-self: center;margin-left: auto;margin-right: auto;margin-top:10px;margin-bottom:10px;width:100%;max-width:95%;\"><\/div><\/div><\/div><style type=\"text\/css\">.fusion-body .fusion-builder-column-10{width:100% !important;margin-top : 0px;margin-bottom : 0px;}.fusion-builder-column-10 > .fusion-column-wrapper {padding-top : 0px !important;padding-right : 0px !important;margin-right : 1.92%;padding-bottom : 0px !important;padding-left : 0px !important;margin-left : 1.92%;}@media only screen and (max-width:1024px) {.fusion-body .fusion-builder-column-10{width:100% !important;order : 0;}.fusion-builder-column-10 > .fusion-column-wrapper {margin-right : 1.92%;margin-left : 1.92%;}}@media only screen and (max-width:640px) {.fusion-body .fusion-builder-column-10{width:100% !important;order : 0;}.fusion-builder-column-10 > .fusion-column-wrapper {margin-right : 1.92%;margin-left : 1.92%;}}<\/style><div class=\"fusion-layout-column fusion_builder_column fusion-builder-column-11 fusion_builder_column_1_4 1_4 fusion-flex-column\"><div class=\"fusion-column-wrapper fusion-flex-justify-content-flex-start fusion-content-layout-column\" style=\"background-position:left top;background-repeat:no-repeat;-webkit-background-size:cover;-moz-background-size:cover;-o-background-size:cover;background-size:cover;padding: 0px 0px 0px 0px;\"><div ><span class=\" fusion-imageframe imageframe-none imageframe-4 hover-type-none\"><img decoding=\"async\" width=\"276\" height=\"271\" title=\"trecola\" src=\"https:\/\/www.feriadeteatro.com\/feria2022\/wp-content\/uploads\/2022\/08\/trecola.jpg\" class=\"img-responsive wp-image-7710\" srcset=\"https:\/\/www.feriadeteatro.com\/feria2022\/wp-content\/uploads\/2022\/08\/trecola-200x196.jpg 200w, https:\/\/www.feriadeteatro.com\/feria2022\/wp-content\/uploads\/2022\/08\/trecola.jpg 276w\" sizes=\"(max-width: 1024px) 100vw, (max-width: 640px) 100vw, 276px\" \/><\/span><\/div><\/div><\/div><style type=\"text\/css\">.fusion-body .fusion-builder-column-11{width:25% !important;margin-top : 0px;margin-bottom : 0px;}.fusion-builder-column-11 > .fusion-column-wrapper {padding-top : 0px !important;padding-right : 0px !important;margin-right : 7.68%;padding-bottom : 0px !important;padding-left : 0px !important;margin-left : 7.68%;}@media only screen and (max-width:1024px) {.fusion-body .fusion-builder-column-11{width:100% !important;order : 0;}.fusion-builder-column-11 > .fusion-column-wrapper {margin-right : 1.92%;margin-left : 1.92%;}}@media only screen and (max-width:640px) {.fusion-body .fusion-builder-column-11{width:100% !important;order : 0;}.fusion-builder-column-11 > .fusion-column-wrapper {margin-right : 1.92%;margin-left : 1.92%;}}<\/style><div class=\"fusion-layout-column fusion_builder_column fusion-builder-column-12 fusion_builder_column_2_3 2_3 fusion-flex-column\"><div class=\"fusion-column-wrapper fusion-flex-justify-content-flex-start fusion-content-layout-column\" style=\"background-position:left top;background-repeat:no-repeat;-webkit-background-size:cover;-moz-background-size:cover;-o-background-size:cover;background-size:cover;background-color:#eaeaea;padding: 30px 30px 30px 30px;\"><div class=\"fusion-separator fusion-full-width-sep\" style=\"align-self: center;margin-left: auto;margin-right: auto;margin-top:20px;margin-bottom:20px;width:100%;\"><\/div><div class=\"fusion-text fusion-text-10\" style=\"transform:translate3d(0,0,0);\"><p><a href=\"https:\/\/marionetastrecola.com\/\" target=\"_blank\" rel=\"noopener\">www.marionetastrecola.com<\/a><br \/>\nTfno.: <a href=\"tel:657704929\">657 70 49 29<\/a><br \/>\nE.mail: <a href=\"mailto:trecolaproducions@gmail.com\">trecolaproducions@gmail.com<\/a><\/p>\n<\/div><\/div><\/div><style type=\"text\/css\">.fusion-body .fusion-builder-column-12{width:66.666666666667% !important;margin-top : 0px;margin-bottom : 0px;}.fusion-builder-column-12 > .fusion-column-wrapper {padding-top : 30px !important;padding-right : 30 !important;margin-right : 2.88%;padding-bottom : 30 !important;padding-left : 30 !important;margin-left : 2.88%;}@media only screen and (max-width:1024px) {.fusion-body .fusion-builder-column-12{width:100% !important;}.fusion-builder-column-12 > .fusion-column-wrapper {margin-right : 1.92%;margin-left : 1.92%;}}@media only screen and (max-width:640px) {.fusion-body .fusion-builder-column-12{width:100% !important;}.fusion-builder-column-12 > .fusion-column-wrapper {margin-right : 1.92%;margin-left : 1.92%;}}<\/style><div class=\"fusion-layout-column fusion_builder_column fusion-builder-column-13 fusion_builder_column_1_1 1_1 fusion-flex-column\"><div class=\"fusion-column-wrapper fusion-flex-justify-content-flex-start fusion-content-layout-column\" style=\"background-position:left top;background-repeat:no-repeat;-webkit-background-size:cover;-moz-background-size:cover;-o-background-size:cover;background-size:cover;padding: 0px 0px 0px 0px;\"><div class=\"fusion-separator\" style=\"align-self: center;margin-left: auto;margin-right: auto;margin-top:10px;margin-bottom:10px;width:100%;max-width:95%;\"><\/div><div class=\"fusion-text fusion-text-11\" style=\"transform:translate3d(0,0,0);\"><p style=\"text-align: justify;\">Xirapaus es un nuevo hilo de creaci\u00f3n de Tr\u00e9cola que nace a finales del a\u00f1o 2020 con el prop\u00f3sito de dar a conocer y reivindicar el universo de los aut\u00f3matas. Mediante la visita guiada teatralizada de estas nueve piezas \u00fanicas, creadas artesanalmente, se acercar\u00e1 a los ni\u00f1os y ni\u00f1as al mundo de los automatismos, con el objetivo de que disfruten de la escena e historia que sus creadores narran mientras mueven cada elemento de la serie que conforma.<\/p>\n<p>KINEKITO es una combinaci\u00f3n de juego, arte y t\u00e9cnica. Podremos encontrar: personajes musicales que a partir de mecanismos crean ritmos y sonidos, historias y cuentos que nacen del movimiento de una manivela, efectos especiales utilizados tradicionalmente en la escena teatral, y un teatrillo de gui\u00f1ol automatizado en homenaje al tradicional t\u00edtere de cachiporra.<\/p>\n<\/div><div class=\"fusion-separator\" style=\"align-self: center;margin-left: auto;margin-right: auto;width:100%;max-width:95%;\"><div class=\"fusion-separator-border sep-single sep-solid\" style=\"border-color:#ed6d70;border-top-width:1px;\"><\/div><\/div><\/div><\/div><style type=\"text\/css\">.fusion-body .fusion-builder-column-13{width:100% !important;margin-top : 0px;margin-bottom : 0px;}.fusion-builder-column-13 > .fusion-column-wrapper {padding-top : 0px !important;padding-right : 0px !important;margin-right : 1.92%;padding-bottom : 0px !important;padding-left : 0px !important;margin-left : 1.92%;}@media only screen and (max-width:1024px) {.fusion-body .fusion-builder-column-13{width:100% !important;order : 0;}.fusion-builder-column-13 > .fusion-column-wrapper {margin-right : 1.92%;margin-left : 1.92%;}}@media only screen and (max-width:640px) {.fusion-body .fusion-builder-column-13{width:100% !important;order : 0;}.fusion-builder-column-13 > .fusion-column-wrapper {margin-right : 1.92%;margin-left : 1.92%;}}<\/style><\/div><style type=\"text\/css\">.fusion-body .fusion-flex-container.fusion-builder-row-3{ padding-top : 0px;margin-top : 0px;padding-right : 0px;padding-bottom : 0px;margin-bottom : 0px;padding-left : 0px;}<\/style><\/div><div class=\"fusion-fullwidth fullwidth-box fusion-builder-row-4 fusion-flex-container nonhundred-percent-fullwidth non-hundred-percent-height-scrolling\" style=\"background-color: rgba(255,255,255,0);background-position: center center;background-repeat: no-repeat;border-width: 0px 0px 0px 0px;border-color:#eae9e9;border-style:solid;\" ><div class=\"fusion-builder-row fusion-row fusion-flex-align-items-flex-start\" style=\"max-width:1216.8px;margin-left: calc(-4% \/ 2 );margin-right: calc(-4% \/ 2 );\"><div class=\"fusion-layout-column fusion_builder_column fusion-builder-column-14 fusion_builder_column_1_1 1_1 fusion-flex-column\"><div class=\"fusion-column-wrapper fusion-flex-justify-content-flex-start fusion-content-layout-column\" style=\"background-position:left top;background-repeat:no-repeat;-webkit-background-size:cover;-moz-background-size:cover;-o-background-size:cover;background-size:cover;padding: 0px 0px 0px 0px;\"><div class=\"fusion-separator\" style=\"align-self: center;margin-left: auto;margin-right: auto;margin-top:10px;margin-bottom:10px;width:100%;max-width:95%;\"><\/div><div class=\"fusion-text fusion-text-12\" style=\"transform:translate3d(0,0,0);\"><h3 style=\"text-align: center;\">PILAR BORREGO<\/h3>\n<h4 style=\"text-align: center;\">\u201c25 bichos y otras historias\u201d (Castilla y Le\u00f3n)<\/h4>\n<\/div><div class=\"fusion-separator\" style=\"align-self: center;margin-left: auto;margin-right: auto;margin-top:10px;margin-bottom:10px;width:100%;max-width:95%;\"><\/div><\/div><\/div><style type=\"text\/css\">.fusion-body .fusion-builder-column-14{width:100% !important;margin-top : 0px;margin-bottom : 0px;}.fusion-builder-column-14 > .fusion-column-wrapper {padding-top : 0px !important;padding-right : 0px !important;margin-right : 1.92%;padding-bottom : 0px !important;padding-left : 0px !important;margin-left : 1.92%;}@media only screen and (max-width:1024px) {.fusion-body .fusion-builder-column-14{width:100% !important;order : 0;}.fusion-builder-column-14 > .fusion-column-wrapper {margin-right : 1.92%;margin-left : 1.92%;}}@media only screen and (max-width:640px) {.fusion-body .fusion-builder-column-14{width:100% !important;order : 0;}.fusion-builder-column-14 > .fusion-column-wrapper {margin-right : 1.92%;margin-left : 1.92%;}}<\/style><div class=\"fusion-layout-column fusion_builder_column fusion-builder-column-15 fusion_builder_column_1_4 1_4 fusion-flex-column\"><div class=\"fusion-column-wrapper fusion-flex-justify-content-flex-start fusion-content-layout-column\" style=\"background-position:left top;background-repeat:no-repeat;-webkit-background-size:cover;-moz-background-size:cover;-o-background-size:cover;background-size:cover;padding: 0px 0px 0px 0px;\"><div ><span class=\" fusion-imageframe imageframe-none imageframe-5 hover-type-none\"><img decoding=\"async\" width=\"276\" height=\"271\" title=\"pilarborrego\" src=\"https:\/\/www.feriadeteatro.com\/feria2022\/wp-content\/uploads\/2022\/08\/pilarborrego.jpg\" class=\"img-responsive wp-image-7709\" srcset=\"https:\/\/www.feriadeteatro.com\/feria2022\/wp-content\/uploads\/2022\/08\/pilarborrego-200x196.jpg 200w, https:\/\/www.feriadeteatro.com\/feria2022\/wp-content\/uploads\/2022\/08\/pilarborrego.jpg 276w\" sizes=\"(max-width: 1024px) 100vw, (max-width: 640px) 100vw, 276px\" \/><\/span><\/div><\/div><\/div><style type=\"text\/css\">.fusion-body .fusion-builder-column-15{width:25% !important;margin-top : 0px;margin-bottom : 0px;}.fusion-builder-column-15 > .fusion-column-wrapper {padding-top : 0px !important;padding-right : 0px !important;margin-right : 7.68%;padding-bottom : 0px !important;padding-left : 0px !important;margin-left : 7.68%;}@media only screen and (max-width:1024px) {.fusion-body .fusion-builder-column-15{width:100% !important;order : 0;}.fusion-builder-column-15 > .fusion-column-wrapper {margin-right : 1.92%;margin-left : 1.92%;}}@media only screen and (max-width:640px) {.fusion-body .fusion-builder-column-15{width:100% !important;order : 0;}.fusion-builder-column-15 > .fusion-column-wrapper {margin-right : 1.92%;margin-left : 1.92%;}}<\/style><div class=\"fusion-layout-column fusion_builder_column fusion-builder-column-16 fusion_builder_column_2_3 2_3 fusion-flex-column\"><div class=\"fusion-column-wrapper fusion-flex-justify-content-flex-start fusion-content-layout-column\" style=\"background-position:left top;background-repeat:no-repeat;-webkit-background-size:cover;-moz-background-size:cover;-o-background-size:cover;background-size:cover;background-color:#eaeaea;padding: 30px 30px 30px 30px;\"><div class=\"fusion-separator fusion-full-width-sep\" style=\"align-self: center;margin-left: auto;margin-right: auto;margin-top:20px;margin-bottom:20px;width:100%;\"><\/div><div class=\"fusion-text fusion-text-13\" style=\"transform:translate3d(0,0,0);\"><p><a href=\"http:\/\/katuateatro.com\/\" target=\"_blank\" rel=\"noopener\">www.katuateatro.com<\/a><br \/>\nTfno.: <a href=\"tel:661339580\">661 33 95 80<\/a><br \/>\nE.mail: <a href=\"mailto:teatrokatua@gmail.com\">teatrokatua@gmail.com<\/a><\/p>\n<\/div><\/div><\/div><style type=\"text\/css\">.fusion-body .fusion-builder-column-16{width:66.666666666667% !important;margin-top : 0px;margin-bottom : 0px;}.fusion-builder-column-16 > .fusion-column-wrapper {padding-top : 30px !important;padding-right : 30 !important;margin-right : 2.88%;padding-bottom : 30 !important;padding-left : 30 !important;margin-left : 2.88%;}@media only screen and (max-width:1024px) {.fusion-body .fusion-builder-column-16{width:100% !important;}.fusion-builder-column-16 > .fusion-column-wrapper {margin-right : 1.92%;margin-left : 1.92%;}}@media only screen and (max-width:640px) {.fusion-body .fusion-builder-column-16{width:100% !important;}.fusion-builder-column-16 > .fusion-column-wrapper {margin-right : 1.92%;margin-left : 1.92%;}}<\/style><div class=\"fusion-layout-column fusion_builder_column fusion-builder-column-17 fusion_builder_column_1_1 1_1 fusion-flex-column\"><div class=\"fusion-column-wrapper fusion-flex-justify-content-flex-start fusion-content-layout-column\" style=\"background-position:left top;background-repeat:no-repeat;-webkit-background-size:cover;-moz-background-size:cover;-o-background-size:cover;background-size:cover;padding: 0px 0px 0px 0px;\"><div class=\"fusion-separator\" style=\"align-self: center;margin-left: auto;margin-right: auto;margin-top:10px;margin-bottom:10px;width:100%;max-width:95%;\"><\/div><div class=\"fusion-text fusion-text-14\" style=\"transform:translate3d(0,0,0);\"><p style=\"text-align: justify;\">Pilar es actriz y narradora de cuentos. y mirobrigense, como explica al inicio de sus sesiones de cuentos. Es una compa\u00f1\u00eda habitual en el Divierteatro, asumiendo las sesiones de cuentos en el espacio Palabreando, con propuestas siempre sorprendentes, tiernas, curiosas, con la palabra y los objetos como protagonistas para hacer volar la imaginaci\u00f3n de los ni\u00f1os y ni\u00f1as m\u00e1s peque\u00f1as.<\/p>\n<\/div><div class=\"fusion-separator\" style=\"align-self: center;margin-left: auto;margin-right: auto;width:100%;max-width:95%;\"><div class=\"fusion-separator-border sep-single sep-solid\" style=\"border-color:#ed6d70;border-top-width:1px;\"><\/div><\/div><\/div><\/div><style type=\"text\/css\">.fusion-body .fusion-builder-column-17{width:100% !important;margin-top : 0px;margin-bottom : 0px;}.fusion-builder-column-17 > .fusion-column-wrapper {padding-top : 0px !important;padding-right : 0px !important;margin-right : 1.92%;padding-bottom : 0px !important;padding-left : 0px !important;margin-left : 1.92%;}@media only screen and (max-width:1024px) {.fusion-body .fusion-builder-column-17{width:100% !important;order : 0;}.fusion-builder-column-17 > .fusion-column-wrapper {margin-right : 1.92%;margin-left : 1.92%;}}@media only screen and (max-width:640px) {.fusion-body .fusion-builder-column-17{width:100% !important;order : 0;}.fusion-builder-column-17 > .fusion-column-wrapper {margin-right : 1.92%;margin-left : 1.92%;}}<\/style><\/div><style type=\"text\/css\">.fusion-body .fusion-flex-container.fusion-builder-row-4{ padding-top : 0px;margin-top : 0px;padding-right : 0px;padding-bottom : 0px;margin-bottom : 0px;padding-left : 0px;}<\/style><\/div><div class=\"fusion-fullwidth fullwidth-box fusion-builder-row-5 fusion-flex-container nonhundred-percent-fullwidth non-hundred-percent-height-scrolling\" style=\"background-color: rgba(255,255,255,0);background-position: center center;background-repeat: no-repeat;border-width: 0px 0px 0px 0px;border-color:#eae9e9;border-style:solid;\" ><div class=\"fusion-builder-row fusion-row fusion-flex-align-items-flex-start\" style=\"max-width:1216.8px;margin-left: calc(-4% \/ 2 );margin-right: calc(-4% \/ 2 );\"><div class=\"fusion-layout-column fusion_builder_column fusion-builder-column-18 fusion_builder_column_1_1 1_1 fusion-flex-column\"><div class=\"fusion-column-wrapper fusion-flex-justify-content-flex-start fusion-content-layout-column\" style=\"background-position:left top;background-repeat:no-repeat;-webkit-background-size:cover;-moz-background-size:cover;-o-background-size:cover;background-size:cover;padding: 0px 0px 0px 0px;\"><div class=\"fusion-separator\" style=\"align-self: center;margin-left: auto;margin-right: auto;margin-top:10px;margin-bottom:10px;width:100%;max-width:95%;\"><\/div><div class=\"fusion-text fusion-text-15\" style=\"transform:translate3d(0,0,0);\"><h3 style=\"text-align: center;\">NUEVO FIELATO<\/h3>\n<h4 style=\"text-align: center;\">\u201cCirco\u201d (Castilla y Le\u00f3n)<\/h4>\n<\/div><div class=\"fusion-separator\" style=\"align-self: center;margin-left: auto;margin-right: auto;margin-top:10px;margin-bottom:10px;width:100%;max-width:95%;\"><\/div><\/div><\/div><style type=\"text\/css\">.fusion-body .fusion-builder-column-18{width:100% !important;margin-top : 0px;margin-bottom : 0px;}.fusion-builder-column-18 > .fusion-column-wrapper {padding-top : 0px !important;padding-right : 0px !important;margin-right : 1.92%;padding-bottom : 0px !important;padding-left : 0px !important;margin-left : 1.92%;}@media only screen and (max-width:1024px) {.fusion-body .fusion-builder-column-18{width:100% !important;order : 0;}.fusion-builder-column-18 > .fusion-column-wrapper {margin-right : 1.92%;margin-left : 1.92%;}}@media only screen and (max-width:640px) {.fusion-body .fusion-builder-column-18{width:100% !important;order : 0;}.fusion-builder-column-18 > .fusion-column-wrapper {margin-right : 1.92%;margin-left : 1.92%;}}<\/style><div class=\"fusion-layout-column fusion_builder_column fusion-builder-column-19 fusion_builder_column_1_4 1_4 fusion-flex-column\"><div class=\"fusion-column-wrapper fusion-flex-justify-content-flex-start fusion-content-layout-column\" style=\"background-position:left top;background-repeat:no-repeat;-webkit-background-size:cover;-moz-background-size:cover;-o-background-size:cover;background-size:cover;padding: 0px 0px 0px 0px;\"><div ><span class=\" fusion-imageframe imageframe-none imageframe-6 hover-type-none\"><img decoding=\"async\" width=\"276\" height=\"271\" title=\"nuevofielato\" src=\"https:\/\/www.feriadeteatro.com\/feria2022\/wp-content\/uploads\/2022\/08\/nuevofielato.jpg\" class=\"img-responsive wp-image-7708\" srcset=\"https:\/\/www.feriadeteatro.com\/feria2022\/wp-content\/uploads\/2022\/08\/nuevofielato-200x196.jpg 200w, https:\/\/www.feriadeteatro.com\/feria2022\/wp-content\/uploads\/2022\/08\/nuevofielato.jpg 276w\" sizes=\"(max-width: 1024px) 100vw, (max-width: 640px) 100vw, 276px\" \/><\/span><\/div><\/div><\/div><style type=\"text\/css\">.fusion-body .fusion-builder-column-19{width:25% !important;margin-top : 0px;margin-bottom : 0px;}.fusion-builder-column-19 > .fusion-column-wrapper {padding-top : 0px !important;padding-right : 0px !important;margin-right : 7.68%;padding-bottom : 0px !important;padding-left : 0px !important;margin-left : 7.68%;}@media only screen and (max-width:1024px) {.fusion-body .fusion-builder-column-19{width:100% !important;order : 0;}.fusion-builder-column-19 > .fusion-column-wrapper {margin-right : 1.92%;margin-left : 1.92%;}}@media only screen and (max-width:640px) {.fusion-body .fusion-builder-column-19{width:100% !important;order : 0;}.fusion-builder-column-19 > .fusion-column-wrapper {margin-right : 1.92%;margin-left : 1.92%;}}<\/style><div class=\"fusion-layout-column fusion_builder_column fusion-builder-column-20 fusion_builder_column_2_3 2_3 fusion-flex-column\"><div class=\"fusion-column-wrapper fusion-flex-justify-content-flex-start fusion-content-layout-column\" style=\"background-position:left top;background-repeat:no-repeat;-webkit-background-size:cover;-moz-background-size:cover;-o-background-size:cover;background-size:cover;background-color:#eaeaea;padding: 30px 30px 30px 30px;\"><div class=\"fusion-separator fusion-full-width-sep\" style=\"align-self: center;margin-left: auto;margin-right: auto;margin-top:20px;margin-bottom:20px;width:100%;\"><\/div><div class=\"fusion-text fusion-text-16\" style=\"transform:translate3d(0,0,0);\"><p><a href=\"https:\/\/www.nuevofielato.com\/\" target=\"_blank\" rel=\"noopener\">www.nuevofielato.com<\/a><br \/>\nTfno.: <a href=\"tel:645895447\">645 89 54 47<\/a><br \/>\nE.mail: <a href=\"mailto:hola@nuevofielato.com\">hola@nuevofielato.com<\/a><\/p>\n<\/div><\/div><\/div><style type=\"text\/css\">.fusion-body .fusion-builder-column-20{width:66.666666666667% !important;margin-top : 0px;margin-bottom : 0px;}.fusion-builder-column-20 > .fusion-column-wrapper {padding-top : 30px !important;padding-right : 30 !important;margin-right : 2.88%;padding-bottom : 30 !important;padding-left : 30 !important;margin-left : 2.88%;}@media only screen and (max-width:1024px) {.fusion-body .fusion-builder-column-20{width:100% !important;}.fusion-builder-column-20 > .fusion-column-wrapper {margin-right : 1.92%;margin-left : 1.92%;}}@media only screen and (max-width:640px) {.fusion-body .fusion-builder-column-20{width:100% !important;}.fusion-builder-column-20 > .fusion-column-wrapper {margin-right : 1.92%;margin-left : 1.92%;}}<\/style><div class=\"fusion-layout-column fusion_builder_column fusion-builder-column-21 fusion_builder_column_1_1 1_1 fusion-flex-column\"><div class=\"fusion-column-wrapper fusion-flex-justify-content-flex-start fusion-content-layout-column\" style=\"background-position:left top;background-repeat:no-repeat;-webkit-background-size:cover;-moz-background-size:cover;-o-background-size:cover;background-size:cover;padding: 0px 0px 0px 0px;\"><div class=\"fusion-separator\" style=\"align-self: center;margin-left: auto;margin-right: auto;margin-top:10px;margin-bottom:10px;width:100%;max-width:95%;\"><\/div><div class=\"fusion-text fusion-text-17\" style=\"transform:translate3d(0,0,0);\"><p style=\"text-align: justify;\">La compa\u00f1\u00eda y escuela de circo vallisoletana Nuevo Fielato presentar\u00e1 una serie de n\u00fameros circenses a\u00e9reos y desarrollar\u00e1 talleres de circo.<br \/>\nNuevo Fielato es la escuela de circo m\u00e1s grande de Castilla y Le\u00f3n, desde la que trasladan su pasi\u00f3n por el circo y las artes esc\u00e9nicas. Volar, alcanzar el equilibrio, jugar, conocer nuestro cuerpo, trabajar en equipo\u2026 son experiencias extraordinarias que nos trae Nuevo Fielato.<\/p>\n<\/div><div class=\"fusion-separator\" style=\"align-self: center;margin-left: auto;margin-right: auto;width:100%;max-width:95%;\"><div class=\"fusion-separator-border sep-single sep-solid\" style=\"border-color:#ed6d70;border-top-width:1px;\"><\/div><\/div><\/div><\/div><style type=\"text\/css\">.fusion-body .fusion-builder-column-21{width:100% !important;margin-top : 0px;margin-bottom : 0px;}.fusion-builder-column-21 > .fusion-column-wrapper {padding-top : 0px !important;padding-right : 0px !important;margin-right : 1.92%;padding-bottom : 0px !important;padding-left : 0px !important;margin-left : 1.92%;}@media only screen and (max-width:1024px) {.fusion-body .fusion-builder-column-21{width:100% !important;order : 0;}.fusion-builder-column-21 > .fusion-column-wrapper {margin-right : 1.92%;margin-left : 1.92%;}}@media only screen and (max-width:640px) {.fusion-body .fusion-builder-column-21{width:100% !important;order : 0;}.fusion-builder-column-21 > .fusion-column-wrapper {margin-right : 1.92%;margin-left : 1.92%;}}<\/style><\/div><style type=\"text\/css\">.fusion-body .fusion-flex-container.fusion-builder-row-5{ padding-top : 0px;margin-top : 0px;padding-right : 0px;padding-bottom : 0px;margin-bottom : 0px;padding-left : 0px;}<\/style><\/div><div class=\"fusion-fullwidth fullwidth-box fusion-builder-row-6 fusion-flex-container nonhundred-percent-fullwidth non-hundred-percent-height-scrolling\" style=\"background-color: rgba(255,255,255,0);background-position: center center;background-repeat: no-repeat;border-width: 0px 0px 0px 0px;border-color:#eae9e9;border-style:solid;\" ><div class=\"fusion-builder-row fusion-row fusion-flex-align-items-flex-start\" style=\"max-width:1216.8px;margin-left: calc(-4% \/ 2 );margin-right: calc(-4% \/ 2 );\"><div class=\"fusion-layout-column fusion_builder_column fusion-builder-column-22 fusion_builder_column_1_1 1_1 fusion-flex-column\"><div class=\"fusion-column-wrapper fusion-flex-justify-content-flex-start fusion-content-layout-column\" style=\"background-position:left top;background-repeat:no-repeat;-webkit-background-size:cover;-moz-background-size:cover;-o-background-size:cover;background-size:cover;padding: 0px 0px 0px 0px;\"><div class=\"fusion-separator\" style=\"align-self: center;margin-left: auto;margin-right: auto;margin-top:10px;margin-bottom:10px;width:100%;max-width:95%;\"><\/div><div class=\"fusion-text fusion-text-18\" style=\"transform:translate3d(0,0,0);\"><h3 style=\"text-align: center;\">\u00d3SCAR ESCALANTE<\/h3>\n<h4 style=\"text-align: center;\">\u201cImagina\u201d (Castilla y Le\u00f3n)<\/h4>\n<\/div><div class=\"fusion-separator\" style=\"align-self: center;margin-left: auto;margin-right: auto;margin-top:10px;margin-bottom:10px;width:100%;max-width:95%;\"><\/div><\/div><\/div><style type=\"text\/css\">.fusion-body .fusion-builder-column-22{width:100% !important;margin-top : 0px;margin-bottom : 0px;}.fusion-builder-column-22 > .fusion-column-wrapper {padding-top : 0px !important;padding-right : 0px !important;margin-right : 1.92%;padding-bottom : 0px !important;padding-left : 0px !important;margin-left : 1.92%;}@media only screen and (max-width:1024px) {.fusion-body .fusion-builder-column-22{width:100% !important;order : 0;}.fusion-builder-column-22 > .fusion-column-wrapper {margin-right : 1.92%;margin-left : 1.92%;}}@media only screen and (max-width:640px) {.fusion-body .fusion-builder-column-22{width:100% !important;order : 0;}.fusion-builder-column-22 > .fusion-column-wrapper {margin-right : 1.92%;margin-left : 1.92%;}}<\/style><div class=\"fusion-layout-column fusion_builder_column fusion-builder-column-23 fusion_builder_column_1_4 1_4 fusion-flex-column\"><div class=\"fusion-column-wrapper fusion-flex-justify-content-flex-start fusion-content-layout-column\" style=\"background-position:left top;background-repeat:no-repeat;-webkit-background-size:cover;-moz-background-size:cover;-o-background-size:cover;background-size:cover;padding: 0px 0px 0px 0px;\"><div ><span class=\" fusion-imageframe imageframe-none imageframe-7 hover-type-none\"><img decoding=\"async\" width=\"276\" height=\"271\" title=\"oscarescalante\" src=\"https:\/\/www.feriadeteatro.com\/feria2022\/wp-content\/uploads\/2022\/08\/oscarescalante.jpg\" class=\"img-responsive wp-image-7707\" srcset=\"https:\/\/www.feriadeteatro.com\/feria2022\/wp-content\/uploads\/2022\/08\/oscarescalante-200x196.jpg 200w, https:\/\/www.feriadeteatro.com\/feria2022\/wp-content\/uploads\/2022\/08\/oscarescalante.jpg 276w\" sizes=\"(max-width: 1024px) 100vw, (max-width: 640px) 100vw, 276px\" \/><\/span><\/div><\/div><\/div><style type=\"text\/css\">.fusion-body .fusion-builder-column-23{width:25% !important;margin-top : 0px;margin-bottom : 0px;}.fusion-builder-column-23 > .fusion-column-wrapper {padding-top : 0px !important;padding-right : 0px !important;margin-right : 7.68%;padding-bottom : 0px !important;padding-left : 0px !important;margin-left : 7.68%;}@media only screen and (max-width:1024px) {.fusion-body .fusion-builder-column-23{width:100% !important;order : 0;}.fusion-builder-column-23 > .fusion-column-wrapper {margin-right : 1.92%;margin-left : 1.92%;}}@media only screen and (max-width:640px) {.fusion-body .fusion-builder-column-23{width:100% !important;order : 0;}.fusion-builder-column-23 > .fusion-column-wrapper {margin-right : 1.92%;margin-left : 1.92%;}}<\/style><div class=\"fusion-layout-column fusion_builder_column fusion-builder-column-24 fusion_builder_column_2_3 2_3 fusion-flex-column\"><div class=\"fusion-column-wrapper fusion-flex-justify-content-flex-start fusion-content-layout-column\" style=\"background-position:left top;background-repeat:no-repeat;-webkit-background-size:cover;-moz-background-size:cover;-o-background-size:cover;background-size:cover;background-color:#eaeaea;padding: 30px 30px 30px 30px;\"><div class=\"fusion-separator fusion-full-width-sep\" style=\"align-self: center;margin-left: auto;margin-right: auto;margin-top:20px;margin-bottom:20px;width:100%;\"><\/div><div class=\"fusion-text fusion-text-19\" style=\"transform:translate3d(0,0,0);\"><p><a href=\"https:\/\/www.oscarescalante.com\/\" target=\"_blank\" rel=\"noopener\">www.oscarescalante.com<\/a><br \/>\nTfno.: <a href=\"tel:633131375\">633 13 13 75<\/a><br \/>\nE.mail: <a href=\"mailto:oscarescalantemagia@gmail.com\">oscarescalantemagia@gmail.com<\/a><\/p>\n<\/div><\/div><\/div><style type=\"text\/css\">.fusion-body .fusion-builder-column-24{width:66.666666666667% !important;margin-top : 0px;margin-bottom : 0px;}.fusion-builder-column-24 > .fusion-column-wrapper {padding-top : 30px !important;padding-right : 30 !important;margin-right : 2.88%;padding-bottom : 30 !important;padding-left : 30 !important;margin-left : 2.88%;}@media only screen and (max-width:1024px) {.fusion-body .fusion-builder-column-24{width:100% !important;}.fusion-builder-column-24 > .fusion-column-wrapper {margin-right : 1.92%;margin-left : 1.92%;}}@media only screen and (max-width:640px) {.fusion-body .fusion-builder-column-24{width:100% !important;}.fusion-builder-column-24 > .fusion-column-wrapper {margin-right : 1.92%;margin-left : 1.92%;}}<\/style><div class=\"fusion-layout-column fusion_builder_column fusion-builder-column-25 fusion_builder_column_1_1 1_1 fusion-flex-column\"><div class=\"fusion-column-wrapper fusion-flex-justify-content-flex-start fusion-content-layout-column\" style=\"background-position:left top;background-repeat:no-repeat;-webkit-background-size:cover;-moz-background-size:cover;-o-background-size:cover;background-size:cover;padding: 0px 0px 0px 0px;\"><div class=\"fusion-separator\" style=\"align-self: center;margin-left: auto;margin-right: auto;margin-top:10px;margin-bottom:10px;width:100%;max-width:95%;\"><\/div><div class=\"fusion-text fusion-text-20\" style=\"transform:translate3d(0,0,0);\"><p style=\"text-align: justify;\">El nuevo espect\u00e1culo del internacional \u00f3scar Escalante es una creaci\u00f3n llena de mimo y cuidado para los m\u00e1s peque\u00f1os. Como su propio nombre indica, Imagina es un desaf\u00edo para los reyes de la casa, para llevar su imaginaci\u00f3n a l\u00edmites insospechados partiendo de una pregunta sorprendente: \u00bfC\u00f3mo naci\u00f3 la magia? Es uno de los ilusionistas m\u00e1s completos del panorama nacional, con una trayectoria de m\u00e1s de 30 a\u00f1os y 8 premios en distintas especialidades, siendo el \u00faltimo de ellos el I Premio de Magia de Calle Profesional 2021.<\/p>\n<\/div><div class=\"fusion-separator\" style=\"align-self: center;margin-left: auto;margin-right: auto;width:100%;max-width:95%;\"><div class=\"fusion-separator-border sep-single sep-solid\" style=\"border-color:#ed6d70;border-top-width:1px;\"><\/div><\/div><\/div><\/div><style type=\"text\/css\">.fusion-body .fusion-builder-column-25{width:100% !important;margin-top : 0px;margin-bottom : 0px;}.fusion-builder-column-25 > .fusion-column-wrapper {padding-top : 0px !important;padding-right : 0px !important;margin-right : 1.92%;padding-bottom : 0px !important;padding-left : 0px !important;margin-left : 1.92%;}@media only screen and (max-width:1024px) {.fusion-body .fusion-builder-column-25{width:100% !important;order : 0;}.fusion-builder-column-25 > .fusion-column-wrapper {margin-right : 1.92%;margin-left : 1.92%;}}@media only screen and (max-width:640px) {.fusion-body .fusion-builder-column-25{width:100% !important;order : 0;}.fusion-builder-column-25 > .fusion-column-wrapper {margin-right : 1.92%;margin-left : 1.92%;}}<\/style><\/div><style type=\"text\/css\">.fusion-body .fusion-flex-container.fusion-builder-row-6{ padding-top : 0px;margin-top : 0px;padding-right : 0px;padding-bottom : 0px;margin-bottom : 0px;padding-left : 0px;}<\/style><\/div><div class=\"fusion-fullwidth fullwidth-box fusion-builder-row-7 fusion-flex-container nonhundred-percent-fullwidth non-hundred-percent-height-scrolling\" style=\"background-color: rgba(255,255,255,0);background-position: center center;background-repeat: no-repeat;border-width: 0px 0px 0px 0px;border-color:#eae9e9;border-style:solid;\" ><div class=\"fusion-builder-row fusion-row fusion-flex-align-items-flex-start\" style=\"max-width:1216.8px;margin-left: calc(-4% \/ 2 );margin-right: calc(-4% \/ 2 );\"><div class=\"fusion-layout-column fusion_builder_column fusion-builder-column-26 fusion_builder_column_1_1 1_1 fusion-flex-column\"><div class=\"fusion-column-wrapper fusion-flex-justify-content-flex-start fusion-content-layout-column\" style=\"background-position:left top;background-repeat:no-repeat;-webkit-background-size:cover;-moz-background-size:cover;-o-background-size:cover;background-size:cover;padding: 0px 0px 0px 0px;\"><div class=\"fusion-separator\" style=\"align-self: center;margin-left: auto;margin-right: auto;margin-top:10px;margin-bottom:10px;width:100%;max-width:95%;\"><\/div><div class=\"fusion-text fusion-text-21\" style=\"transform:translate3d(0,0,0);\"><h3 style=\"text-align: center;\">WETUMTUM (Portugal)<\/h3>\n<\/div><div class=\"fusion-separator\" style=\"align-self: center;margin-left: auto;margin-right: auto;margin-top:10px;margin-bottom:10px;width:100%;max-width:95%;\"><\/div><\/div><\/div><style type=\"text\/css\">.fusion-body .fusion-builder-column-26{width:100% !important;margin-top : 0px;margin-bottom : 0px;}.fusion-builder-column-26 > .fusion-column-wrapper {padding-top : 0px !important;padding-right : 0px !important;margin-right : 1.92%;padding-bottom : 0px !important;padding-left : 0px !important;margin-left : 1.92%;}@media only screen and (max-width:1024px) {.fusion-body .fusion-builder-column-26{width:100% !important;order : 0;}.fusion-builder-column-26 > .fusion-column-wrapper {margin-right : 1.92%;margin-left : 1.92%;}}@media only screen and (max-width:640px) {.fusion-body .fusion-builder-column-26{width:100% !important;order : 0;}.fusion-builder-column-26 > .fusion-column-wrapper {margin-right : 1.92%;margin-left : 1.92%;}}<\/style><div class=\"fusion-layout-column fusion_builder_column fusion-builder-column-27 fusion_builder_column_1_4 1_4 fusion-flex-column\"><div class=\"fusion-column-wrapper fusion-flex-justify-content-flex-start fusion-content-layout-column\" style=\"background-position:left top;background-repeat:no-repeat;-webkit-background-size:cover;-moz-background-size:cover;-o-background-size:cover;background-size:cover;padding: 0px 0px 0px 0px;\"><div ><span class=\" fusion-imageframe imageframe-none imageframe-8 hover-type-none\"><img decoding=\"async\" width=\"276\" height=\"271\" title=\"wetumtum\" src=\"https:\/\/www.feriadeteatro.com\/feria2022\/wp-content\/uploads\/2022\/08\/wetumtum.jpg\" class=\"img-responsive wp-image-7706\" srcset=\"https:\/\/www.feriadeteatro.com\/feria2022\/wp-content\/uploads\/2022\/08\/wetumtum-200x196.jpg 200w, https:\/\/www.feriadeteatro.com\/feria2022\/wp-content\/uploads\/2022\/08\/wetumtum.jpg 276w\" sizes=\"(max-width: 1024px) 100vw, (max-width: 640px) 100vw, 276px\" \/><\/span><\/div><\/div><\/div><style type=\"text\/css\">.fusion-body .fusion-builder-column-27{width:25% !important;margin-top : 0px;margin-bottom : 0px;}.fusion-builder-column-27 > .fusion-column-wrapper {padding-top : 0px !important;padding-right : 0px !important;margin-right : 7.68%;padding-bottom : 0px !important;padding-left : 0px !important;margin-left : 7.68%;}@media only screen and (max-width:1024px) {.fusion-body .fusion-builder-column-27{width:100% !important;order : 0;}.fusion-builder-column-27 > .fusion-column-wrapper {margin-right : 1.92%;margin-left : 1.92%;}}@media only screen and (max-width:640px) {.fusion-body .fusion-builder-column-27{width:100% !important;order : 0;}.fusion-builder-column-27 > .fusion-column-wrapper {margin-right : 1.92%;margin-left : 1.92%;}}<\/style><div class=\"fusion-layout-column fusion_builder_column fusion-builder-column-28 fusion_builder_column_2_3 2_3 fusion-flex-column\"><div class=\"fusion-column-wrapper fusion-flex-justify-content-flex-start fusion-content-layout-column\" style=\"background-position:left top;background-repeat:no-repeat;-webkit-background-size:cover;-moz-background-size:cover;-o-background-size:cover;background-size:cover;background-color:#eaeaea;padding: 30px 30px 30px 30px;\"><div class=\"fusion-separator fusion-full-width-sep\" style=\"align-self: center;margin-left: auto;margin-right: auto;margin-top:20px;margin-bottom:20px;width:100%;\"><\/div><div class=\"fusion-text fusion-text-22\" style=\"transform:translate3d(0,0,0);\"><p><a href=\"https:\/\/wetumtum.pt\/\" target=\"_blank\" rel=\"noopener\">www.wetumtum.pt<\/a><br \/>\nTfno.: <a href=\"tel:698147660\">698 14 76 60<\/a><br \/>\nE.mail: <a href=\"mailto:kandenguearts@gmail.com\">kandenguearts@gmail.com<\/a><\/p>\n<\/div><\/div><\/div><style type=\"text\/css\">.fusion-body .fusion-builder-column-28{width:66.666666666667% !important;margin-top : 0px;margin-bottom : 0px;}.fusion-builder-column-28 > .fusion-column-wrapper {padding-top : 30px !important;padding-right : 30 !important;margin-right : 2.88%;padding-bottom : 30 !important;padding-left : 30 !important;margin-left : 2.88%;}@media only screen and (max-width:1024px) {.fusion-body .fusion-builder-column-28{width:100% !important;}.fusion-builder-column-28 > .fusion-column-wrapper {margin-right : 1.92%;margin-left : 1.92%;}}@media only screen and (max-width:640px) {.fusion-body .fusion-builder-column-28{width:100% !important;}.fusion-builder-column-28 > .fusion-column-wrapper {margin-right : 1.92%;margin-left : 1.92%;}}<\/style><div class=\"fusion-layout-column fusion_builder_column fusion-builder-column-29 fusion_builder_column_1_1 1_1 fusion-flex-column\"><div class=\"fusion-column-wrapper fusion-flex-justify-content-flex-start fusion-content-layout-column\" style=\"background-position:left top;background-repeat:no-repeat;-webkit-background-size:cover;-moz-background-size:cover;-o-background-size:cover;background-size:cover;padding: 0px 0px 0px 0px;\"><div class=\"fusion-separator\" style=\"align-self: center;margin-left: auto;margin-right: auto;margin-top:10px;margin-bottom:10px;width:100%;max-width:95%;\"><\/div><div class=\"fusion-text fusion-text-23\" style=\"transform:translate3d(0,0,0);\"><p style=\"text-align: justify;\">WETUMTUM es un colectivo profesional con m\u00e1s de 15 a\u00f1os que realizar\u00e1 workshops en el Divierteatro con su propio lenguaje universal. De este modo, se da vida al proyecto Crassh entre tubos y cubos, mucha energ\u00eda, diversi\u00f3n e inclusi\u00f3n.<\/p>\n<\/div><div class=\"fusion-separator\" style=\"align-self: center;margin-left: auto;margin-right: auto;width:100%;max-width:95%;\"><div class=\"fusion-separator-border sep-single sep-solid\" style=\"border-color:#ed6d70;border-top-width:1px;\"><\/div><\/div><\/div><\/div><style type=\"text\/css\">.fusion-body .fusion-builder-column-29{width:100% !important;margin-top : 0px;margin-bottom : 0px;}.fusion-builder-column-29 > .fusion-column-wrapper {padding-top : 0px !important;padding-right : 0px !important;margin-right : 1.92%;padding-bottom : 0px !important;padding-left : 0px !important;margin-left : 1.92%;}@media only screen and (max-width:1024px) {.fusion-body .fusion-builder-column-29{width:100% !important;order : 0;}.fusion-builder-column-29 > .fusion-column-wrapper {margin-right : 1.92%;margin-left : 1.92%;}}@media only screen and (max-width:640px) {.fusion-body .fusion-builder-column-29{width:100% !important;order : 0;}.fusion-builder-column-29 > .fusion-column-wrapper {margin-right : 1.92%;margin-left : 1.92%;}}<\/style><\/div><style type=\"text\/css\">.fusion-body .fusion-flex-container.fusion-builder-row-7{ padding-top : 0px;margin-top : 0px;padding-right : 0px;padding-bottom : 0px;margin-bottom : 0px;padding-left : 0px;}<\/style><\/div><div class=\"fusion-fullwidth fullwidth-box fusion-builder-row-8 fusion-flex-container nonhundred-percent-fullwidth non-hundred-percent-height-scrolling\" style=\"background-color: rgba(255,255,255,0);background-position: center center;background-repeat: no-repeat;border-width: 0px 0px 0px 0px;border-color:#eae9e9;border-style:solid;\" ><div class=\"fusion-builder-row fusion-row fusion-flex-align-items-flex-start\" style=\"max-width:1216.8px;margin-left: calc(-4% \/ 2 );margin-right: calc(-4% \/ 2 );\"><div class=\"fusion-layout-column fusion_builder_column fusion-builder-column-30 fusion_builder_column_1_1 1_1 fusion-flex-column\"><div class=\"fusion-column-wrapper fusion-flex-justify-content-flex-start fusion-content-layout-column\" style=\"background-position:left top;background-repeat:no-repeat;-webkit-background-size:cover;-moz-background-size:cover;-o-background-size:cover;background-size:cover;padding: 0px 0px 0px 0px;\"><div class=\"fusion-separator\" style=\"align-self: center;margin-left: auto;margin-right: auto;margin-top:10px;margin-bottom:10px;width:100%;max-width:95%;\"><\/div><div class=\"fusion-text fusion-text-24\" style=\"transform:translate3d(0,0,0);\"><h3 style=\"text-align: center;\">FRANCIS J. QUIR\u00d3S PRODUCCIONES<\/h3>\n<h4 style=\"text-align: center;\">\u201cCucko\u201d (Extremadura)<\/h4>\n<\/div><div class=\"fusion-separator\" style=\"align-self: center;margin-left: auto;margin-right: auto;margin-top:10px;margin-bottom:10px;width:100%;max-width:95%;\"><\/div><\/div><\/div><style type=\"text\/css\">.fusion-body .fusion-builder-column-30{width:100% !important;margin-top : 0px;margin-bottom : 0px;}.fusion-builder-column-30 > .fusion-column-wrapper {padding-top : 0px !important;padding-right : 0px !important;margin-right : 1.92%;padding-bottom : 0px !important;padding-left : 0px !important;margin-left : 1.92%;}@media only screen and (max-width:1024px) {.fusion-body .fusion-builder-column-30{width:100% !important;order : 0;}.fusion-builder-column-30 > .fusion-column-wrapper {margin-right : 1.92%;margin-left : 1.92%;}}@media only screen and (max-width:640px) {.fusion-body .fusion-builder-column-30{width:100% !important;order : 0;}.fusion-builder-column-30 > .fusion-column-wrapper {margin-right : 1.92%;margin-left : 1.92%;}}<\/style><div class=\"fusion-layout-column fusion_builder_column fusion-builder-column-31 fusion_builder_column_1_4 1_4 fusion-flex-column\"><div class=\"fusion-column-wrapper fusion-flex-justify-content-flex-start fusion-content-layout-column\" style=\"background-position:left top;background-repeat:no-repeat;-webkit-background-size:cover;-moz-background-size:cover;-o-background-size:cover;background-size:cover;padding: 0px 0px 0px 0px;\"><div ><span class=\" fusion-imageframe imageframe-none imageframe-9 hover-type-none\"><img decoding=\"async\" width=\"276\" height=\"271\" title=\"grancisquiros\" src=\"https:\/\/www.feriadeteatro.com\/feria2022\/wp-content\/uploads\/2022\/08\/grancisquiros.jpg\" class=\"img-responsive wp-image-7705\" srcset=\"https:\/\/www.feriadeteatro.com\/feria2022\/wp-content\/uploads\/2022\/08\/grancisquiros-200x196.jpg 200w, https:\/\/www.feriadeteatro.com\/feria2022\/wp-content\/uploads\/2022\/08\/grancisquiros.jpg 276w\" sizes=\"(max-width: 1024px) 100vw, (max-width: 640px) 100vw, 276px\" \/><\/span><\/div><\/div><\/div><style type=\"text\/css\">.fusion-body .fusion-builder-column-31{width:25% !important;margin-top : 0px;margin-bottom : 0px;}.fusion-builder-column-31 > .fusion-column-wrapper {padding-top : 0px !important;padding-right : 0px !important;margin-right : 7.68%;padding-bottom : 0px !important;padding-left : 0px !important;margin-left : 7.68%;}@media only screen and (max-width:1024px) {.fusion-body .fusion-builder-column-31{width:100% !important;order : 0;}.fusion-builder-column-31 > .fusion-column-wrapper {margin-right : 1.92%;margin-left : 1.92%;}}@media only screen and (max-width:640px) {.fusion-body .fusion-builder-column-31{width:100% !important;order : 0;}.fusion-builder-column-31 > .fusion-column-wrapper {margin-right : 1.92%;margin-left : 1.92%;}}<\/style><div class=\"fusion-layout-column fusion_builder_column fusion-builder-column-32 fusion_builder_column_2_3 2_3 fusion-flex-column\"><div class=\"fusion-column-wrapper fusion-flex-justify-content-flex-start fusion-content-layout-column\" style=\"background-position:left top;background-repeat:no-repeat;-webkit-background-size:cover;-moz-background-size:cover;-o-background-size:cover;background-size:cover;background-color:#eaeaea;padding: 30px 30px 30px 30px;\"><div class=\"fusion-separator fusion-full-width-sep\" style=\"align-self: center;margin-left: auto;margin-right: auto;margin-top:20px;margin-bottom:20px;width:100%;\"><\/div><div class=\"fusion-text fusion-text-25\" style=\"transform:translate3d(0,0,0);\"><p><a href=\"http:\/\/francisjquiros.com\/\" target=\"_blank\" rel=\"noopener\">www.francisjquiros.com<\/a><br \/>\nTfno.: <a href=\"tel:665326156\">665 32 61 56<\/a><br \/>\nE.mail: <a href=\"mailto:francisjquirosproducciones@gmail.com\">francisjquirosproducciones@gmail.com<\/a><br \/>\nTfno.: <a href=\"tel:657752813\">657 75 28 13<\/a><br \/>\nE.mail: <a href=\"mailto:marta@proyectocultura.com\">marta@proyectocultura.com<\/a><\/p>\n<\/div><\/div><\/div><style type=\"text\/css\">.fusion-body .fusion-builder-column-32{width:66.666666666667% !important;margin-top : 0px;margin-bottom : 0px;}.fusion-builder-column-32 > .fusion-column-wrapper {padding-top : 30px !important;padding-right : 30 !important;margin-right : 2.88%;padding-bottom : 30 !important;padding-left : 30 !important;margin-left : 2.88%;}@media only screen and (max-width:1024px) {.fusion-body .fusion-builder-column-32{width:100% !important;}.fusion-builder-column-32 > .fusion-column-wrapper {margin-right : 1.92%;margin-left : 1.92%;}}@media only screen and (max-width:640px) {.fusion-body .fusion-builder-column-32{width:100% !important;}.fusion-builder-column-32 > .fusion-column-wrapper {margin-right : 1.92%;margin-left : 1.92%;}}<\/style><div class=\"fusion-layout-column fusion_builder_column fusion-builder-column-33 fusion_builder_column_1_1 1_1 fusion-flex-column\"><div class=\"fusion-column-wrapper fusion-flex-justify-content-flex-start fusion-content-layout-column\" style=\"background-position:left top;background-repeat:no-repeat;-webkit-background-size:cover;-moz-background-size:cover;-o-background-size:cover;background-size:cover;padding: 0px 0px 0px 0px;\"><div class=\"fusion-separator\" style=\"align-self: center;margin-left: auto;margin-right: auto;margin-top:10px;margin-bottom:10px;width:100%;max-width:95%;\"><\/div><div class=\"fusion-text fusion-text-26\" style=\"transform:translate3d(0,0,0);\"><p style=\"text-align: justify;\">Francis J. Quir\u00f3s apuesta por el g\u00e9nero del clown contempor\u00e1neo, el teatro gestual y el lenguaje esc\u00e9nico universal.<br \/>\nEn esta ocasi\u00f3n, presenta un personaje concebido para todos los p\u00fablicos, como Cucko. Es divertido, juguet\u00f3n y algo curioso. Nuestro protagonista es avispado y torpe al mismo tiempo, gamberro pero cari\u00f1oso, valiente y asustadizo\u2026 Cucko puedse ser t\u00fa, o incluso tu perro.<br \/>\nFrancis J. Quir\u00f3s fue Ganador del programa Got Talent Espa\u00f1a con este personaje entra\u00f1able y juguet\u00f3n.<\/p>\n<\/div><div class=\"fusion-separator\" style=\"align-self: center;margin-left: auto;margin-right: auto;width:100%;max-width:95%;\"><div class=\"fusion-separator-border sep-single sep-solid\" style=\"border-color:#ed6d70;border-top-width:1px;\"><\/div><\/div><\/div><\/div><style type=\"text\/css\">.fusion-body .fusion-builder-column-33{width:100% !important;margin-top : 0px;margin-bottom : 0px;}.fusion-builder-column-33 > .fusion-column-wrapper {padding-top : 0px !important;padding-right : 0px !important;margin-right : 1.92%;padding-bottom : 0px !important;padding-left : 0px !important;margin-left : 1.92%;}@media only screen and (max-width:1024px) {.fusion-body .fusion-builder-column-33{width:100% !important;order : 0;}.fusion-builder-column-33 > .fusion-column-wrapper {margin-right : 1.92%;margin-left : 1.92%;}}@media only screen and (max-width:640px) {.fusion-body .fusion-builder-column-33{width:100% !important;order : 0;}.fusion-builder-column-33 > .fusion-column-wrapper {margin-right : 1.92%;margin-left : 1.92%;}}<\/style><\/div><style type=\"text\/css\">.fusion-body .fusion-flex-container.fusion-builder-row-8{ padding-top : 0px;margin-top : 0px;padding-right : 0px;padding-bottom : 0px;margin-bottom : 0px;padding-left : 0px;}<\/style><\/div><div class=\"fusion-fullwidth fullwidth-box fusion-builder-row-9 fusion-flex-container nonhundred-percent-fullwidth non-hundred-percent-height-scrolling\" style=\"background-color: rgba(255,255,255,0);background-position: center center;background-repeat: no-repeat;border-width: 0px 0px 0px 0px;border-color:#eae9e9;border-style:solid;\" ><div class=\"fusion-builder-row fusion-row fusion-flex-align-items-flex-start\" style=\"max-width:1216.8px;margin-left: calc(-4% \/ 2 );margin-right: calc(-4% \/ 2 );\"><div class=\"fusion-layout-column fusion_builder_column fusion-builder-column-34 fusion_builder_column_1_1 1_1 fusion-flex-column\"><div class=\"fusion-column-wrapper fusion-flex-justify-content-flex-start fusion-content-layout-column\" style=\"background-position:left top;background-repeat:no-repeat;-webkit-background-size:cover;-moz-background-size:cover;-o-background-size:cover;background-size:cover;padding: 0px 0px 0px 0px;\"><div class=\"fusion-text fusion-text-27\" style=\"transform:translate3d(0,0,0);\"><h5><a href=\"https:\/\/www.feriadeteatro.es\/feria2022\/complementarias2022.htm\">[volver al cuadrante de programaci\u00f3n]<\/a><\/h5>\n<\/div><\/div><\/div><style type=\"text\/css\">.fusion-body .fusion-builder-column-34{width:100% !important;margin-top : 0px;margin-bottom : 0px;}.fusion-builder-column-34 > .fusion-column-wrapper {padding-top : 0px !important;padding-right : 0px !important;margin-right : 1.92%;padding-bottom : 0px !important;padding-left : 0px !important;margin-left : 1.92%;}@media only screen and (max-width:1024px) {.fusion-body .fusion-builder-column-34{width:100% !important;}.fusion-builder-column-34 > .fusion-column-wrapper {margin-right : 1.92%;margin-left : 1.92%;}}@media only screen and (max-width:640px) {.fusion-body .fusion-builder-column-34{width:100% !important;}.fusion-builder-column-34 > .fusion-column-wrapper {margin-right : 1.92%;margin-left : 1.92%;}}<\/style><\/div><style type=\"text\/css\">.fusion-body .fusion-flex-container.fusion-builder-row-9{ padding-top : 0px;margin-top : 0px;padding-right : 0px;padding-bottom : 0px;margin-bottom : 0px;padding-left : 0px;}<\/style><\/div><\/p>\n","protected":false},"excerpt":{"rendered":"","protected":false},"author":1,"featured_media":0,"parent":0,"menu_order":0,"comment_status":"closed","ping_status":"closed","template":"","meta":{"footnotes":""},"class_list":["post-7665","page","type-page","status-publish","hentry"],"_links":{"self":[{"href":"https:\/\/www.feriadeteatro.com\/feria2022\/wp-json\/wp\/v2\/pages\/7665","targetHints":{"allow":["GET"]}}],"collection":[{"href":"https:\/\/www.feriadeteatro.com\/feria2022\/wp-json\/wp\/v2\/pages"}],"about":[{"href":"https:\/\/www.feriadeteatro.com\/feria2022\/wp-json\/wp\/v2\/types\/page"}],"author":[{"embeddable":true,"href":"https:\/\/www.feriadeteatro.com\/feria2022\/wp-json\/wp\/v2\/users\/1"}],"replies":[{"embeddable":true,"href":"https:\/\/www.feriadeteatro.com\/feria2022\/wp-json\/wp\/v2\/comments?post=7665"}],"version-history":[{"count":20,"href":"https:\/\/www.feriadeteatro.com\/feria2022\/wp-json\/wp\/v2\/pages\/7665\/revisions"}],"predecessor-version":[{"id":7787,"href":"https:\/\/www.feriadeteatro.com\/feria2022\/wp-json\/wp\/v2\/pages\/7665\/revisions\/7787"}],"wp:attachment":[{"href":"https:\/\/www.feriadeteatro.com\/feria2022\/wp-json\/wp\/v2\/media?parent=7665"}],"curies":[{"name":"wp","href":"https:\/\/api.w.org\/{rel}","templated":true}]}}