{"id":95,"date":"2017-08-04T11:08:58","date_gmt":"2017-08-04T11:08:58","guid":{"rendered":"http:\/\/feriadeteatro.es\/webmovil\/?page_id=95"},"modified":"2022-07-27T12:04:48","modified_gmt":"2022-07-27T12:04:48","slug":"profesionales-medios-de-comunicacion","status":"publish","type":"page","link":"https:\/\/www.feriadeteatro.com\/feria2022\/profesionales-medios-de-comunicacion\/","title":{"rendered":"Profesionales: MEDIOS DE COMUNICACI\u00d3N"},"content":{"rendered":"<p><div class=\"fusion-fullwidth fullwidth-box fusion-builder-row-1 fusion-flex-container nonhundred-percent-fullwidth non-hundred-percent-height-scrolling\" style=\"background-color: rgba(255,255,255,0);background-position: center center;background-repeat: no-repeat;border-width: 0px 0px 0px 0px;border-color:#eae9e9;border-style:solid;\" ><div class=\"fusion-builder-row fusion-row fusion-flex-align-items-flex-start\" style=\"max-width:1216.8px;margin-left: calc(-4% \/ 2 );margin-right: calc(-4% \/ 2 );\"><div class=\"fusion-layout-column fusion_builder_column fusion-builder-column-0 fusion_builder_column_1_1 1_1 fusion-flex-column\"><div class=\"fusion-column-wrapper fusion-flex-justify-content-flex-start fusion-content-layout-column\" style=\"background-position:left top;background-repeat:no-repeat;-webkit-background-size:cover;-moz-background-size:cover;-o-background-size:cover;background-size:cover;padding: 0px 0px 0px 0px;\"><div class=\"fusion-separator fusion-full-width-sep\" style=\"align-self: center;margin-left: auto;margin-right: auto;margin-top:20px;margin-bottom:20px;width:100%;\"><\/div><\/div><\/div><style type=\"text\/css\">.fusion-body .fusion-builder-column-0{width:100% !important;margin-top : 0px;margin-bottom : 0px;}.fusion-builder-column-0 > .fusion-column-wrapper {padding-top : 0px !important;padding-right : 0px !important;margin-right : 1.92%;padding-bottom : 0px !important;padding-left : 0px !important;margin-left : 1.92%;}@media only screen and (max-width:1024px) {.fusion-body .fusion-builder-column-0{width:100% !important;}.fusion-builder-column-0 > .fusion-column-wrapper {margin-right : 1.92%;margin-left : 1.92%;}}@media only screen and (max-width:640px) {.fusion-body .fusion-builder-column-0{width:100% !important;}.fusion-builder-column-0 > .fusion-column-wrapper {margin-right : 1.92%;margin-left : 1.92%;}}<\/style><\/div><style type=\"text\/css\">.fusion-body .fusion-flex-container.fusion-builder-row-1{ padding-top : 0px;margin-top : 0px;padding-right : 0px;padding-bottom : 0px;margin-bottom : 0px;padding-left : 0px;}<\/style><\/div><div class=\"fusion-fullwidth fullwidth-box fusion-builder-row-2 fusion-flex-container nonhundred-percent-fullwidth non-hundred-percent-height-scrolling\" style=\"background-color: rgba(255,255,255,0);background-position: center center;background-repeat: no-repeat;border-width: 0px 0px 0px 0px;border-color:#eae9e9;border-style:solid;\" ><div class=\"fusion-builder-row fusion-row fusion-flex-align-items-flex-start\" style=\"max-width:1216.8px;margin-left: calc(-4% \/ 2 );margin-right: calc(-4% \/ 2 );\"><div class=\"fusion-layout-column fusion_builder_column fusion-builder-column-1 fusion_builder_column_1_1 1_1 fusion-flex-column\"><div class=\"fusion-column-wrapper fusion-flex-justify-content-flex-start fusion-content-layout-column\" style=\"background-position:left top;background-repeat:no-repeat;-webkit-background-size:cover;-moz-background-size:cover;-o-background-size:cover;background-size:cover;padding: 0px 0px 0px 0px;\"><div class=\"fusion-text fusion-text-1\" style=\"transform:translate3d(0,0,0);\"><h3 style=\"text-align: center;\"><img decoding=\"async\" class=\"alignnone size-full wp-image-3686\" src=\"https:\/\/www.feriadeteatro.com\/feria2022\/wp-content\/uploads\/2019\/12\/plazocarrado.gif\" alt=\"\" width=\"192\" height=\"193\" \/><br \/>\n<span style=\"color: #d26d6f;\"><strong>PLAZO CERRADO &#8211;\u00a0 INSCRIPCI\u00d3N DE PROFESIONALES 2022<br \/>\ndel 20 de Junio al 27 de Julio a las 14h.<\/strong><\/span><\/h3>\n<p style=\"text-align: center;\">Para cualquier duda, puede ponerse en contacto con la oficina de la Feria a trav\u00e9s del correo <a href=\"mailto:civitas@feriadeteatro.com\" target=\"_blank\" rel=\"noopener\">civitas@feriadeteatro.com<\/a><\/p>\n<hr \/>\n<div>\n<table style=\"width: 100%; border-collapse: collapse;\">\n<tbody>\n<tr>\n<td style=\"width: 26.9435%; text-align: center;\"><a href=\"https:\/\/www.feriadeteatro.com\/feria2022\/avanceprogramacion25feria\/\" target=\"_blank\" rel=\"noopener\"><img decoding=\"async\" class=\"alignright wp-image-7112 size-full\" src=\"https:\/\/www.feriadeteatro.com\/feria2022\/wp-content\/uploads\/2022\/06\/botonAvancedeprogr.jpg\" alt=\"\" width=\"187\" height=\"85\" \/><\/a><\/td>\n<td style=\"width: 2.4735%; text-align: center;\"><\/td>\n<td style=\"width: 30.477%; text-align: center;\"><\/td>\n<td style=\"width: 2.4735%; text-align: center;\"><\/td>\n<td style=\"width: 37.6325%; text-align: center;\"><a href=\"https:\/\/www.feriadeteatro.es\/feria2022\/aplicacion\/privado_acreditados.asp\" target=\"_blank\" rel=\"noopener\"><img decoding=\"async\" class=\"alignleft wp-image-7111 size-full\" src=\"https:\/\/www.feriadeteatro.com\/feria2022\/wp-content\/uploads\/2022\/06\/botonAccesoamipanel.jpg\" alt=\"\" width=\"187\" height=\"85\" \/><\/a><\/td>\n<\/tr>\n<\/tbody>\n<\/table>\n<\/div>\n<h3 style=\"text-align: center;\">SOLICITUD DE INSCRIPCI\u00d3N COMO PROFESIONAL<br \/>\nCiudad Rodrigo, 2022<\/h3>\n<p style=\"text-align: justify;\">\u00a0 \u00a0 \u00a0Desde la organizaci\u00f3n est\u00e1 prevista la invitaci\u00f3n de una \u00fanica persona por entidad, de profesionalidad acreditada y con preferencia para los\/las programadores\/as de salas, circuitos, ferias y festivales, as\u00ed como profesionales de la distribuci\u00f3n con una cartera de al menos 5 compa\u00f1\u00edas diferentes y que sean coherentes con las l\u00edneas de programaci\u00f3n de la Feria.<br \/>\nEsta solicitud, por tanto, no es garant\u00eda de acreditaci\u00f3n en la Feria, la organizaci\u00f3n confirmar\u00e1 inicialmente la recepci\u00f3n de la solicitud y, en su caso, la aceptaci\u00f3n como invitado\/a y los detalles de la invitaci\u00f3n.<br \/>\nEn caso de que la demanda de solicitudes de inscripci\u00f3n supere las plazas disponibles para acreditados\/as profesionales, desde la organizaci\u00f3n se priorizar\u00e1 el perfil profesional solicitante en consonancia con los objetivos y l\u00ednea de programaci\u00f3n de la Feria, el orden de solicitud de inscripci\u00f3n y la permanencia de todos los d\u00edas en la Feria.<\/p>\n<div><span style=\"text-decoration: underline;\"><strong>Algunas cosas a tener en cuenta:<\/strong><\/span><\/div>\n<div>\n<p><span style=\"text-decoration: underline;\">La Feria acredita a:<\/span><\/p>\n<ul>\n<li><span style=\"text-decoration: underline;\">Programadores\/as culturales, t\u00e9cnicos\/as y\/o personas responsables de programaci\u00f3n esc\u00e9nica de administraciones p\u00fablicas<\/span> (Ayuntamientos, Diputaciones, Juntas, etc..) y espacios privados; as\u00ed como personas responsables de programaci\u00f3n de Ferias, Festivales.<\/li>\n<li><span style=\"text-decoration: underline;\">Empresas de distribuci\u00f3n y producci\u00f3n<\/span> que representen <strong>al menos 5 compa\u00f1\u00edas profesionales diferentes<\/strong>, con una agenda de distribuci\u00f3n coherente con las l\u00edneas de programaci\u00f3n de la Feria y una presencia activa en el sector en el \u00faltimo a\u00f1o.<\/li>\n<li><span style=\"text-decoration: underline;\">Personas representantes de \u00a0Asociaciones Profesionales<\/span> en el \u00e1mbito de las Artes Esc\u00e9nicas.<\/li>\n<li><span style=\"text-decoration: underline;\">Medios de comunicaci\u00f3n<\/span>.<\/li>\n<li><span style=\"text-decoration: underline;\">Compa\u00f1\u00edas de Castilla y Le\u00f3n.<\/span> (Consultar condiciones de participaci\u00f3n)<\/li>\n<\/ul>\n<p><span style=\"text-decoration: underline;\">Para que la solicitud de participaci\u00f3n sea confirmada, el inscrito\/a deber\u00e1 adjuntar a esta ficha:<\/span><\/p>\n<ul>\n<li><strong>Programadores\/as<\/strong>: Un dossier con la programaci\u00f3n que realiza y de la que es responsable, si en la solicitud se ha inscrito como Programador\/a o Feria\/ Festival. La organizaci\u00f3n se reserva el derecho de solicitar informaci\u00f3n adicional.<\/li>\n<li><strong>Empresas de distribuci\u00f3n y producci\u00f3n:<\/strong> Certificado de estar dado de alta como empresa de distribuci\u00f3n o producci\u00f3n esc\u00e9nica y un dossier (o enlace a la web) con las compa\u00f1\u00edas que representa. Las compa\u00f1\u00edas que representa, a juicio de la organizaci\u00f3n, deber\u00e1n tener coherencia con la l\u00ednea de programaci\u00f3n de la Feria para que la solicitud de acreditaci\u00f3n sea aceptada.<\/li>\n<li><strong>Medios de comunicaci\u00f3n:<\/strong> documentaci\u00f3n que acredite la pertenencia al medio de comunicaci\u00f3n y la labor que se realiza en el mismo.<\/li>\n<li><strong>Compa\u00f1\u00edas:<\/strong> la Feria solo acredita a un representante de cada compa\u00f1\u00eda seleccionada o invitada a actividades profesionales, con la finalidad de realizar sus labores de promoci\u00f3n comercial; as\u00ed como a un representante de compa\u00f1\u00edas residentes en Castilla y Le\u00f3n.<\/li>\n<\/ul>\n<p>En todos los casos una fotograf\u00eda actual tipo carn\u00e9.<\/p>\n<\/div>\n<p><strong><span style=\"text-decoration: underline;\">CONDICIONES DE PARTICIPACI\u00d3N:<\/span><\/strong><\/p>\n<div>\n<ul>\n<li style=\"text-align: justify;\">La Organizaci\u00f3n de la Feria <strong>se har\u00e1 cargo de los gastos de alojamiento y desayuno de una persona por entidad<\/strong> a la que se le haya confirmado su participaci\u00f3n.<br \/>\nEl <span style=\"text-decoration: underline;\">alojamiento es en habitaci\u00f3n doble, compartido con otro\/a profesional inscrito\/a<\/span>. Si desea habitaci\u00f3n para uso individual o para compartir con una persona no inscrita en la Feria deber\u00e1 reflejarlo en la solicitud de participaci\u00f3n y abonar la diferencia correspondiente en el n\u00famero de cuenta <strong>ES15 2103 2221 9700 3051 6821<\/strong> indicando el nombre de la persona inscrita. Para facilitar los tr\u00e1mites recomendamos remitir copia del ingreso a <a href=\"mailto:civitas@feriadeteatro.com\" target=\"_blank\" rel=\"noopener\">civitas@feriadeteatro.com<\/a>. Las cantidades a ingresar ser\u00e1n:.- Uso de habitaci\u00f3n individual: <strong>30 \u20ac\/noche<\/strong>.- Uso de habitaci\u00f3n con una persona no inscrita en la Feria: <strong>40 \u20ac\/noche<\/strong><\/li>\n<\/ul>\n<p>La organizaci\u00f3n asignar\u00e1 el alojamiento a las personas inscritas en funci\u00f3n de nuestras necesidades organizativas y disponibilidad de hoteles. La inscripci\u00f3n en la Feria implica la aceptaci\u00f3n de estas condiciones.<\/p>\n<ul>\n<li>En <span style=\"text-decoration: underline;\">caso de no poder asistir los d\u00edas que ha indicado<\/span> en la ficha de reserva, rogamos que <strong>se comuniquen los cambios a la organizaci\u00f3n al menos antes del 5 de agosto.<\/strong> En caso contrario, las noches reservadas en esa fecha y finalmente no utilizadas por la persona acreditada correr\u00e1n a cargo de la misma.<\/li>\n<li>Si la <span style=\"text-decoration: underline;\">reserva se anula<\/span>, o no se informa de la misma <span style=\"text-decoration: underline;\">a partir del d\u00eda 20 de Agosto<\/span>, la persona acreditada deber\u00e1 correr con todos los gastos de alojamiento que se ocasionen.<\/li>\n<li><span style=\"text-decoration: underline;\">La comida de los d\u00edas principales de la Feria (24 y 25) estar\u00e1 organizada en el complejo hotelero Conde Rodrigo II<\/span>. Si desean optar por este servicio, deber\u00e1n marcarlo en la inscripci\u00f3n. <strong>El precio de la comida ser\u00e1 de 7 \u20ac para el profesional acreditado\/a y de 14 \u20ac para las personas acompa\u00f1antes no inscritas.<\/strong> La Feria proporcionar\u00e1 el servicio de transporte. El <strong>abono correspondiente de la comida se realizar\u00e1 en el n\u00famero de cuenta ES15 2103 2221 9700 3051 6821<\/strong> indicando en el concepto los d\u00edas de comida y el nombre de la persona inscrita y acompa\u00f1ante si es el caso, y se deber\u00e1 remitir copia del ingreso a <a href=\"mailto:civitas@feriadeteatro.com\">civitas@feriadeteatro.com<\/a> . La organizaci\u00f3n no podr\u00e1 asegurar el servicio de comida para aquellas personas que no hayan realizado el abono, (y por tanto la reserva) con anterioridad al <span style=\"text-decoration: underline;\">5 de Agosto<\/span>.<\/li>\n<li>El acceso a los espect\u00e1culos con entrada ser\u00e1 facilitado a trav\u00e9s de la reserva de las mismas una vez confirmada la inscripci\u00f3n. En caso de asistir a la Feria con una persona no acreditada podr\u00e1 realizar en ese mismo momento la compra de entradas para el\/la acompa\u00f1ante.<\/li>\n<li>Es importante que tenga en cuenta la clave de acceso que le pedimos que genere a la hora de realizar la inscripci\u00f3n, ya que a trav\u00e9s de ella podr\u00e1 acceder a su panel donde ver\u00e1 reflejados aspectos importantes de su participaci\u00f3n en la feria como por ejemplo los datos de su alojamiento, la reserva de entradas, el listado de personas inscritas, etc\u2026<\/li>\n<li>Las plazas son limitadas. Se tendr\u00e1 en cuenta el orden de la confirmaci\u00f3n de participaci\u00f3n y siempre se priorizar\u00e1 a los\/las profesionales que permanezcan todos los d\u00edas y cuyo perfil de mercado se adec\u00fae mejor a las l\u00edneas de trabajo de la Feria.<\/li>\n<\/ul>\n<p><strong>La inscripci\u00f3n en la Feria implica la aceptaci\u00f3n de estas condiciones.<\/strong><\/p>\n<\/div>\n<div>\n<table style=\"width: 100%; border-collapse: collapse;\">\n<tbody>\n<tr>\n<td style=\"width: 26.9435%; text-align: center;\"><a href=\"https:\/\/www.feriadeteatro.com\/feria2022\/avanceprogramacion25feria\/\" target=\"_blank\" rel=\"noopener\"><img decoding=\"async\" class=\"alignright wp-image-7112 size-full\" src=\"https:\/\/www.feriadeteatro.com\/feria2022\/wp-content\/uploads\/2022\/06\/botonAvancedeprogr.jpg\" alt=\"\" width=\"187\" height=\"85\" \/><\/a><\/td>\n<td style=\"width: 2.4735%; text-align: center;\"><\/td>\n<td style=\"width: 30.477%; text-align: center;\"><\/td>\n<td style=\"width: 2.4735%; text-align: center;\"><\/td>\n<td style=\"width: 37.6325%; text-align: center;\"><a href=\"https:\/\/www.feriadeteatro.es\/feria2022\/aplicacion\/privado_acreditados.asp\" target=\"_blank\" rel=\"noopener\"><img decoding=\"async\" class=\"alignleft wp-image-7111 size-full\" src=\"https:\/\/www.feriadeteatro.com\/feria2022\/wp-content\/uploads\/2022\/06\/botonAccesoamipanel.jpg\" alt=\"\" width=\"187\" height=\"85\" \/><\/a><\/td>\n<\/tr>\n<\/tbody>\n<\/table>\n<\/div>\n<\/div><\/div><\/div><style type=\"text\/css\">.fusion-body .fusion-builder-column-1{width:100% !important;margin-top : 0px;margin-bottom : 0px;}.fusion-builder-column-1 > .fusion-column-wrapper {padding-top : 0px !important;padding-right : 0px !important;margin-right : 1.92%;padding-bottom : 0px !important;padding-left : 0px !important;margin-left : 1.92%;}@media only screen and (max-width:1024px) {.fusion-body .fusion-builder-column-1{width:100% !important;}.fusion-builder-column-1 > .fusion-column-wrapper {margin-right : 1.92%;margin-left : 1.92%;}}@media only screen and (max-width:640px) {.fusion-body .fusion-builder-column-1{width:100% !important;}.fusion-builder-column-1 > .fusion-column-wrapper {margin-right : 1.92%;margin-left : 1.92%;}}<\/style><\/div><style type=\"text\/css\">.fusion-body .fusion-flex-container.fusion-builder-row-2{ padding-top : 0px;margin-top : 0px;padding-right : 0px;padding-bottom : 0px;margin-bottom : 0px;padding-left : 0px;}<\/style><\/div><\/p>\n","protected":false},"excerpt":{"rendered":"","protected":false},"author":1,"featured_media":0,"parent":0,"menu_order":0,"comment_status":"closed","ping_status":"closed","template":"","meta":{"footnotes":""},"class_list":["post-95","page","type-page","status-publish","hentry"],"_links":{"self":[{"href":"https:\/\/www.feriadeteatro.com\/feria2022\/wp-json\/wp\/v2\/pages\/95","targetHints":{"allow":["GET"]}}],"collection":[{"href":"https:\/\/www.feriadeteatro.com\/feria2022\/wp-json\/wp\/v2\/pages"}],"about":[{"href":"https:\/\/www.feriadeteatro.com\/feria2022\/wp-json\/wp\/v2\/types\/page"}],"author":[{"embeddable":true,"href":"https:\/\/www.feriadeteatro.com\/feria2022\/wp-json\/wp\/v2\/users\/1"}],"replies":[{"embeddable":true,"href":"https:\/\/www.feriadeteatro.com\/feria2022\/wp-json\/wp\/v2\/comments?post=95"}],"version-history":[{"count":8,"href":"https:\/\/www.feriadeteatro.com\/feria2022\/wp-json\/wp\/v2\/pages\/95\/revisions"}],"predecessor-version":[{"id":7560,"href":"https:\/\/www.feriadeteatro.com\/feria2022\/wp-json\/wp\/v2\/pages\/95\/revisions\/7560"}],"wp:attachment":[{"href":"https:\/\/www.feriadeteatro.com\/feria2022\/wp-json\/wp\/v2\/media?parent=95"}],"curies":[{"name":"wp","href":"https:\/\/api.w.org\/{rel}","templated":true}]}}